{"id":21193,"date":"2024-07-02T08:28:02","date_gmt":"2024-07-02T08:28:02","guid":{"rendered":"http:\/\/cozinhadave.com\/?page_id=21193"},"modified":"2024-07-02T10:15:45","modified_gmt":"2024-07-02T10:15:45","slug":"recept","status":"publish","type":"page","link":"https:\/\/cozinhadave.com\/sv\/recept\/","title":{"rendered":"INT\u00c4KTER"},"content":{"rendered":"<div class=\"wp-block-uagb-advanced-heading uagb-block-ca604257\"><h2 class=\"uagb-heading-text\">KULINARISKA RECEPT<\/h2><p class=\"uagb-desc-text\">Kolla in v\u00e5ra matlagningsrecept<\/p><\/div>\n\n\n\n<div class=\"wp-block-uagb-container uagb-block-26a8be47 alignfull uagb-is-root-container\"><div class=\"uagb-container-inner-blocks-wrap\">\n<div class=\"wp-block-uagb-container uagb-block-71bdc037\"><\/div>\n\n\n\n<div class=\"wp-block-uagb-container uagb-block-46bd2a80\">\n<p class=\"wp-block-paragraph\">Inget snack om saken, bara riktig mat. Bl\u00e4ddra bland hundratals enkla recept med enkla ingredienser fr\u00e5n riktiga livsmedel. De kommer att tillfredsst\u00e4lla \u00e4ven de mest kr\u00e4sna!&nbsp;<\/p>\n\n\n\n<p class=\"wp-block-paragraph\">Den inneh\u00e5ller alla typer av recept, med fokus p\u00e5 det luso-brasilianska k\u00f6ket. Recepten \u00e4r rigor\u00f6st testade s\u00e5 att du alltid f\u00e5r ett idiots\u00e4kert resultat, med steg-f\u00f6r-steg-foton och videor s\u00e5 att du f\u00e5r allt st\u00f6d du beh\u00f6ver.<\/p>\n\n\n<div  class=\"wp-block-ultimate-post-advanced-search ultp-block-f6cd4a\"><div class=\"ultp-block-wrapper\"><div class=\"ultp-search-container ultp-search-frontend\"  data-ajax=\"1\" data-gosearch=\"1\" data-enablenewtab=\"\" data-blockid=\"f6cd4a\"\n                    data-image=\"1\"  data-author=\"\" data-date=\"\" data-excerpt=\"1\" data-excerptlimit=\"25\" data-allresult=\"1\" data-catenable=\"\"  data-postno=\"3\"  data-noresultext=\"N\u00e3o foram encontrados resultados\"  data-viewmoretext=\"View More Results\"  data-popupposition=\"right\" data-searchposttype=\"\"><div class=\"ultp-searchform-content ultp-searchform-input1\"><div class=\"ultp-search-inputwrap\"> <input type=\"text\" value=\"\" class=\"ultp-searchres-input\"  placeholder=\"S\u00f6k efter recept\"\/> <span class=\"ultp-search-clear\" data-blockid=\"f6cd4a\"><svg xmlns=\"http:\/\/www.w3.org\/2000\/svg\" fill=\"none\" viewbox=\"0 0 24 24\">\n  <path stroke=\"currentColor\" stroke-linecap=\"round\" stroke-width=\"1.5\" d=\"m6 6 6 6m0 0 6 6m-6-6 6-6m-6 6-6 6\"\/>\n<\/svg>\n<\/span> <\/div><div class=\"ultp-search-button\"><svg xmlns=\"http:\/\/www.w3.org\/2000\/svg\" fill=\"none\" viewbox=\"0 0 24 24\">\n  <path stroke=\"currentColor\" stroke-linecap=\"round\" stroke-linejoin=\"round\" stroke-width=\"1.5\" d=\"M11 19a8 8 0 1 0 0-16 8 8 0 0 0 0 16Zm10 2-4.35-4.35\"\/>\n<\/svg>\n<span class=\"ultp-search-button__text\"> S\u00f6k p\u00e5 <\/span><\/div><\/div><\/div><\/div><\/div><\/div>\n\n\n\n<div class=\"wp-block-uagb-container uagb-block-59e8365b\"><\/div>\n<\/div><\/div>\n\n\n\n<div class=\"wp-block-uagb-container uagb-block-bb890383 alignfull uagb-is-root-container\"><div class=\"uagb-container-inner-blocks-wrap\">\n<div class=\"wp-block-uagb-container uagb-block-07f24e17\"><\/div>\n\n\n\n<div class=\"wp-block-uagb-container uagb-block-894989ec\"><div  class=\"ultp-post-grid-block wp-block-ultimate-post-post-list-3 ultp-block-e931a7\"><div class=\"ultp-block-wrapper\" ><div class=\"ultp-loading\"><div class=\"ultp-loading-blocks\" style=\"width:100%;height:100%;\"><div style=\"left: 0;top: 0;animation-delay:0s;\"><\/div><div style=\"left: 21px;top: 0;animation-delay:0.125s;\"><\/div><div style=\"left: 42px;top: 0;animation-delay:0.25s;\"><\/div><div style=\"left: 0;top: 21px;animation-delay:0.875s;\"><\/div><div style=\"left: 42px;top: 21px;animation-delay:0.375s;\"><\/div><div style=\"left: 0;top: 42px;animation-delay:0.75s;\"><\/div><div style=\"left: 42px;top: 42px;animation-delay:0.625s;\"><\/div><div style=\"left: 21px;top: 42px;animation-delay:0.5s;\"><\/div><\/div><\/div><div class=\"ultp-heading-filter\"><div class=\"ultp-heading-filter-in\"><div class=\"ultp-filter-navigation\"><div class=\"ultp-filter-wrap\" data-taxtype=\"category\" data-blockid=\"e931a7\" data-blockname=\"ultimate-post_post-list-3\" data-postid=\"21193\"data-selfpostid=\"yes\"><ul  data-name=\"More\"><li class=\"filter-item\"><a class=\"filter-active\" data-taxonomy=\"\" href=\"#\">ALLA<\/a><\/li><li class=\"filter-item\"><a data-taxonomy=\"bebidas\" href=\"#\">DRYCKER<\/a><\/li><li class=\"filter-item\"><a data-taxonomy=\"pratos-principais\" href=\"#\">HUVUDR\u00c4TTER<\/a><\/li><li class=\"filter-item\"><a data-taxonomy=\"petiscos\" href=\"#\">SALTA MELLANM\u00c5L<\/a><\/li><li class=\"filter-item\"><a data-taxonomy=\"doces-sobremesas\" href=\"#\">DESSERTS<\/a><\/li><li class=\"filter-item\"><a data-taxonomy=\"acompanhamentos\" href=\"#\">BIFR\u00c5N OCH UPP<\/a><\/li><li class=\"filter-item\"><a data-taxonomy=\"sopas\" href=\"#\">SOPPOR<\/a><\/li><li class=\"filter-item\"><a data-taxonomy=\"saladas\" href=\"#\">SALLADER<\/a><\/li><li class=\"filter-item\"><a data-taxonomy=\"molhos-cremes\" href=\"#\">SOULS<\/a><\/li><li class=\"filter-item\"><a data-taxonomy=\"massas\" href=\"#\">DEGAR<\/a><\/li><li class=\"filter-item\"><a data-taxonomy=\"comidas-saudaveis\" href=\"#\">H\u00c4LSOSAM MAT<\/a><\/li><li class=\"filter-item\"><a data-taxonomy=\"low-carb\" href=\"#\">L\u00c5G KOLHYDRATHALT<\/a><\/li><\/ul><\/div><\/div><\/div><\/div><div class=\"ultp-block-items-wrap ultp-block-row ultp-block-column-1 ultp-block-content-middle ultp-layout1\"><div class=\"ultp-block-item ultp-block-media post-id-14730\"><div class=\"ultp-block-content-wrap\"><div class=\"ultp-block-image ultp-block-image-opacity\"><a href=\"https:\/\/cozinhadave.com\/sv\/tonfisk-makaroner-sallad\/\"><img decoding=\"async\"  alt=\"Pasta och tonfisksallad\"  src=\"https:\/\/cozinhadave.com\/wp-content\/uploads\/2023\/01\/052-Salada-de-massa-e-atum-600x600.webp\" \/><\/a><\/div><div class=\"ultp-block-content\"><div class=\"ultp-category-grid ultp-category-classic ultp-category-aboveTitle\"><div class=\"ultp-category-in\"><a class=\"ultp-cat-saladas\" href=\"https:\/\/cozinhadave.com\/sv\/kategori\/recept\/sallader\/\">SALLADER<\/a><\/div><\/div><h3 class=\"ultp-block-title\"><a href=\"https:\/\/cozinhadave.com\/sv\/tonfisk-makaroner-sallad\/\">Pastasallad med tonfisk<\/a><\/h3><div class=\"ultp-block-excerpt\"><p>Que tal aprender uma deliciosa receita de salada de macarr\u00e3o com atum? Esta \u00e9 uma \u00f3tima receita, pois alia sabor e sust\u00e2ncia, gra\u00e7as a sua combina\u00e7\u00e3o de ingredientes. Assim sendo, ela \u00e9 perfeita para servir naqueles dias mais quentes, seja&hellip;<\/p>\n<\/div><div class=\"ultp-block-readmore\"><a aria-label=\"Pastasallad med tonfisk\" href=\"https:\/\/cozinhadave.com\/sv\/tonfisk-makaroner-sallad\/\">L\u00e4r dig mer<svg xmlns=\"http:\/\/www.w3.org\/2000\/svg\" fill=\"none\" viewbox=\"0 0 24 24\">\n  <path stroke=\"currentColor\" stroke-linecap=\"round\" stroke-linejoin=\"round\" stroke-width=\"1.5\" d=\"m12 20.5 8.5-8.5m0 0L12 3.5m8.5 8.5h-17\"\/>\n<\/svg>\n<\/a><\/div><\/div><\/div><\/div><div class=\"ultp-block-item ultp-block-media post-id-14068\"><div class=\"ultp-block-content-wrap\"><div class=\"ultp-block-image ultp-block-image-opacity\"><a href=\"https:\/\/cozinhadave.com\/sv\/lagkolhydratpumpakram\/\"><img decoding=\"async\"  alt=\"l\u00e5gkolhydrat pumpa kr\u00e4m\"  src=\"https:\/\/cozinhadave.com\/wp-content\/uploads\/2022\/11\/creme-de-abobora-low-carb-600x600.jpg\" \/><\/a><\/div><div class=\"ultp-block-content\"><div class=\"ultp-category-grid ultp-category-classic ultp-category-aboveTitle\"><div class=\"ultp-category-in\"><a class=\"ultp-cat-sopas\" href=\"https:\/\/cozinhadave.com\/sv\/kategori\/recept\/soppor\/\">SOPPOR<\/a><a class=\"ultp-cat-low-carb\" href=\"https:\/\/cozinhadave.com\/sv\/kategori\/recept\/lagkalori\/\">L\u00c5G KOLHYDRATHALT<\/a><\/div><\/div><h3 class=\"ultp-block-title\"><a href=\"https:\/\/cozinhadave.com\/sv\/lagkolhydratpumpakram\/\">l\u00e5gkolhydrat pumpa kr\u00e4m<\/a><\/h3><div class=\"ultp-block-excerpt\"><p>Hoje vamos conferir uma incr\u00edvel receita de creme de ab\u00f3bora low carb. Esta \u00e9 uma refei\u00e7\u00e3o ideal para quem quer consumir algo leve, que tenha sabor e tamb\u00e9m v\u00e1rios nutrientes. Em dias mais frios, no p\u00f3s-treino, ou mesmo quando quiser&hellip;<\/p>\n<\/div><div class=\"ultp-block-readmore\"><a aria-label=\"l\u00e5gkolhydrat pumpa kr\u00e4m\" href=\"https:\/\/cozinhadave.com\/sv\/lagkolhydratpumpakram\/\">L\u00e4r dig mer<svg xmlns=\"http:\/\/www.w3.org\/2000\/svg\" fill=\"none\" viewbox=\"0 0 24 24\">\n  <path stroke=\"currentColor\" stroke-linecap=\"round\" stroke-linejoin=\"round\" stroke-width=\"1.5\" d=\"m12 20.5 8.5-8.5m0 0L12 3.5m8.5 8.5h-17\"\/>\n<\/svg>\n<\/a><\/div><\/div><\/div><\/div><div class=\"ultp-block-item ultp-block-media post-id-2439\"><div class=\"ultp-block-content-wrap\"><div class=\"ultp-block-image ultp-block-image-opacity\"><a href=\"https:\/\/cozinhadave.com\/sv\/traditionellt-brod\/\"><img decoding=\"async\"  alt=\"Traditionellt svampbr\u00f6d\"  src=\"https:\/\/cozinhadave.com\/wp-content\/uploads\/2020\/04\/P\u00e3o-de-l\u00f3-tradicional.jpg\" \/><\/a><\/div><div class=\"ultp-block-content\"><div class=\"ultp-category-grid ultp-category-classic ultp-category-aboveTitle\"><div class=\"ultp-category-in\"><a class=\"ultp-cat-doces-sobremesas\" href=\"https:\/\/cozinhadave.com\/sv\/kategori\/recept\/sota-desserter\/\">DESSERTS<\/a><\/div><\/div><h3 class=\"ultp-block-title\"><a href=\"https:\/\/cozinhadave.com\/sv\/traditionellt-brod\/\">Traditionellt svampbr\u00f6d<\/a><\/h3><div class=\"ultp-block-excerpt\"><p>Ol\u00e1 queridos amigos e amigas! Hoje vou preparar para voc\u00eas uma receita de p\u00e3o de l\u00f3 tradicional. Porque esta \u00e9 a base para fazer diversos bolos confeitados deliciosos, al\u00e9m disso o p\u00e3o de l\u00f3 tradicional \u00e9 muito f\u00e1cil e r\u00e1pido&hellip;<\/p>\n<\/div><div class=\"ultp-block-readmore\"><a aria-label=\"Traditionellt svampbr\u00f6d\" href=\"https:\/\/cozinhadave.com\/sv\/traditionellt-brod\/\">L\u00e4r dig mer<svg xmlns=\"http:\/\/www.w3.org\/2000\/svg\" fill=\"none\" viewbox=\"0 0 24 24\">\n  <path stroke=\"currentColor\" stroke-linecap=\"round\" stroke-linejoin=\"round\" stroke-width=\"1.5\" d=\"m12 20.5 8.5-8.5m0 0L12 3.5m8.5 8.5h-17\"\/>\n<\/svg>\n<\/a><\/div><\/div><\/div><\/div><div class=\"ultp-block-item ultp-block-media post-id-3924\"><div class=\"ultp-block-content-wrap\"><div class=\"ultp-block-image ultp-block-image-opacity\"><a href=\"https:\/\/cozinhadave.com\/sv\/hur-man-gor-julienne-gronsakssoppa\/\"><img decoding=\"async\"  alt=\"Hur man g\u00f6r Juliana gr\u00f6nsakssoppa\"  src=\"https:\/\/cozinhadave.com\/wp-content\/uploads\/2020\/10\/sopa-juliana-blog.jpg\" \/><\/a><\/div><div class=\"ultp-block-content\"><div class=\"ultp-category-grid ultp-category-classic ultp-category-aboveTitle\"><div class=\"ultp-category-in\"><a class=\"ultp-cat-comidas-saudaveis\" href=\"https:\/\/cozinhadave.com\/sv\/kategori\/recept\/halsosam-mat\/\">H\u00c4LSOSAM MAT<\/a><a class=\"ultp-cat-sopas\" href=\"https:\/\/cozinhadave.com\/sv\/kategori\/recept\/soppor\/\">SOPPOR<\/a><\/div><\/div><h3 class=\"ultp-block-title\"><a href=\"https:\/\/cozinhadave.com\/sv\/hur-man-gor-julienne-gronsakssoppa\/\">Hur man g\u00f6r Juliana gr\u00f6nsakssoppa<\/a><\/h3><div class=\"ultp-block-excerpt\"><p>O inverno \u00e9 um grande momento para saborear sopas quentes e saborosas. Esta sopa de verduras juliana \u00e9 f\u00e1cil de fazer e cheia de sabor. \u00c9 perfeita para um dia frio de inverno. Este artigo poder\u00e1 conter links afiliados,&nbsp; confira&hellip;<\/p>\n<\/div><div class=\"ultp-block-readmore\"><a aria-label=\"Hur man g\u00f6r Juliana gr\u00f6nsakssoppa\" href=\"https:\/\/cozinhadave.com\/sv\/hur-man-gor-julienne-gronsakssoppa\/\">L\u00e4r dig mer<svg xmlns=\"http:\/\/www.w3.org\/2000\/svg\" fill=\"none\" viewbox=\"0 0 24 24\">\n  <path stroke=\"currentColor\" stroke-linecap=\"round\" stroke-linejoin=\"round\" stroke-width=\"1.5\" d=\"m12 20.5 8.5-8.5m0 0L12 3.5m8.5 8.5h-17\"\/>\n<\/svg>\n<\/a><\/div><\/div><\/div><\/div><div class=\"ultp-block-item ultp-block-media post-id-14814\"><div class=\"ultp-block-content-wrap\"><div class=\"ultp-block-image ultp-block-image-opacity\"><a href=\"https:\/\/cozinhadave.com\/sv\/quinoasallad-med-rom\/\"><img decoding=\"async\"  alt=\"Quinoasallad med tonfisk\"  src=\"https:\/\/cozinhadave.com\/wp-content\/uploads\/2023\/01\/067-salada-de-quinoa-com-atum-600x600.webp\" \/><\/a><\/div><div class=\"ultp-block-content\"><div class=\"ultp-category-grid ultp-category-classic ultp-category-aboveTitle\"><div class=\"ultp-category-in\"><a class=\"ultp-cat-saladas\" href=\"https:\/\/cozinhadave.com\/sv\/kategori\/recept\/sallader\/\">SALLADER<\/a><\/div><\/div><h3 class=\"ultp-block-title\"><a href=\"https:\/\/cozinhadave.com\/sv\/quinoasallad-med-rom\/\">quinoasallad med tonfisk<\/a><\/h3><div class=\"ultp-block-excerpt\"><p>Procurando por um prato super ben\u00e9fico, nutritivo e delicioso? Ent\u00e3o \u00e9 hora de aprender a fazer essa incr\u00edvel salada de quinoa com atum. A partir de seus dois ingredientes principais, voc\u00ea tem um combo de leveza e sabor, que combina&hellip;<\/p>\n<\/div><div class=\"ultp-block-readmore\"><a aria-label=\"quinoasallad med tonfisk\" href=\"https:\/\/cozinhadave.com\/sv\/quinoasallad-med-rom\/\">L\u00e4r dig mer<svg xmlns=\"http:\/\/www.w3.org\/2000\/svg\" fill=\"none\" viewbox=\"0 0 24 24\">\n  <path stroke=\"currentColor\" stroke-linecap=\"round\" stroke-linejoin=\"round\" stroke-width=\"1.5\" d=\"m12 20.5 8.5-8.5m0 0L12 3.5m8.5 8.5h-17\"\/>\n<\/svg>\n<\/a><\/div><\/div><\/div><\/div><div class=\"ultp-block-item ultp-block-media post-id-3603\"><div class=\"ultp-block-content-wrap\"><div class=\"ultp-block-image ultp-block-image-opacity\"><a href=\"https:\/\/cozinhadave.com\/sv\/creme-of-the-him-recept\/\"><img decoding=\"async\"  alt=\"L\u00e4r dig hur du g\u00f6r Natas do C\u00e9u recept\"  src=\"https:\/\/cozinhadave.com\/wp-content\/uploads\/2020\/09\/Natas-do-ceu-blog.jpg\" \/><\/a><\/div><div class=\"ultp-block-content\"><div class=\"ultp-category-grid ultp-category-classic ultp-category-aboveTitle\"><div class=\"ultp-category-in\"><a class=\"ultp-cat-doces-sobremesas\" href=\"https:\/\/cozinhadave.com\/sv\/kategori\/recept\/sota-desserter\/\">DESSERTS<\/a><\/div><\/div><h3 class=\"ultp-block-title\"><a href=\"https:\/\/cozinhadave.com\/sv\/creme-of-the-him-recept\/\">L\u00e4r dig hur du g\u00f6r Natas do C\u00e9u recept<\/a><\/h3><div class=\"ultp-block-excerpt\"><p>Voc\u00ea gosta de uma sobremesa que se desfaz na boca? Eu adoro Hoje voc\u00ea vai conhecer a receita de natas do c\u00e9u, que \u00e9 uma sobremesa portuguesa maravilhosa. Venha dai conferir! Receita de natas do c\u00e9u Assim hoje decidi mostrar&hellip;<\/p>\n<\/div><div class=\"ultp-block-readmore\"><a aria-label=\"L\u00e4r dig hur du g\u00f6r Natas do C\u00e9u recept\" href=\"https:\/\/cozinhadave.com\/sv\/creme-of-the-him-recept\/\">L\u00e4r dig mer<svg xmlns=\"http:\/\/www.w3.org\/2000\/svg\" fill=\"none\" viewbox=\"0 0 24 24\">\n  <path stroke=\"currentColor\" stroke-linecap=\"round\" stroke-linejoin=\"round\" stroke-width=\"1.5\" d=\"m12 20.5 8.5-8.5m0 0L12 3.5m8.5 8.5h-17\"\/>\n<\/svg>\n<\/a><\/div><\/div><\/div><\/div><div class=\"ultp-block-item ultp-block-media post-id-14735\"><div class=\"ultp-block-content-wrap\"><div class=\"ultp-block-image ultp-block-image-opacity\"><a href=\"https:\/\/cozinhadave.com\/sv\/trefargad-sallad\/\"><img decoding=\"async\"  alt=\"tref\u00e4rgad sallad\"  src=\"https:\/\/cozinhadave.com\/wp-content\/uploads\/2023\/01\/053-salada-tricolor-600x600.webp\" \/><\/a><\/div><div class=\"ultp-block-content\"><div class=\"ultp-category-grid ultp-category-classic ultp-category-aboveTitle\"><div class=\"ultp-category-in\"><a class=\"ultp-cat-saladas\" href=\"https:\/\/cozinhadave.com\/sv\/kategori\/recept\/sallader\/\">SALLADER<\/a><\/div><\/div><h3 class=\"ultp-block-title\"><a href=\"https:\/\/cozinhadave.com\/sv\/trefargad-sallad\/\">Trikolorsallad<\/a><\/h3><div class=\"ultp-block-excerpt\"><p>O que voc\u00ea acha de aprender a fazer uma saborosa salada tricolor para enfeitar o seu prato? Al\u00e9m de muito saud\u00e1vel, esse prato \u00e9 super r\u00e1pido de fazer. E ele fica muito gostoso, podendo servir como acompanhamento para diversos pratos.&hellip;<\/p>\n<\/div><div class=\"ultp-block-readmore\"><a aria-label=\"Trikolorsallad\" href=\"https:\/\/cozinhadave.com\/sv\/trefargad-sallad\/\">L\u00e4r dig mer<svg xmlns=\"http:\/\/www.w3.org\/2000\/svg\" fill=\"none\" viewbox=\"0 0 24 24\">\n  <path stroke=\"currentColor\" stroke-linecap=\"round\" stroke-linejoin=\"round\" stroke-width=\"1.5\" d=\"m12 20.5 8.5-8.5m0 0L12 3.5m8.5 8.5h-17\"\/>\n<\/svg>\n<\/a><\/div><\/div><\/div><\/div><div class=\"ultp-block-item ultp-block-media post-id-4718\"><div class=\"ultp-block-content-wrap\"><div class=\"ultp-block-image ultp-block-image-opacity\"><a href=\"https:\/\/cozinhadave.com\/sv\/rod-fruktmousse\/\"><img decoding=\"async\"  alt=\"Low Carb r\u00f6d fruktmousse\"  src=\"https:\/\/cozinhadave.com\/wp-content\/uploads\/2020\/12\/mousse-de-frutas-vermelhas.jpg\" \/><\/a><\/div><div class=\"ultp-block-content\"><div class=\"ultp-category-grid ultp-category-classic ultp-category-aboveTitle\"><div class=\"ultp-category-in\"><a class=\"ultp-cat-comidas-saudaveis\" href=\"https:\/\/cozinhadave.com\/sv\/kategori\/recept\/halsosam-mat\/\">H\u00c4LSOSAM MAT<\/a><\/div><\/div><h3 class=\"ultp-block-title\"><a href=\"https:\/\/cozinhadave.com\/sv\/rod-fruktmousse\/\">Low Carb r\u00f6d fruktmousse<\/a><\/h3><div class=\"ultp-block-excerpt\"><p>A mousse de frutas vermelhas low carb \u00e9 um doce leve e refrescante ideal para qualquer ocasi\u00e3o! Este artigo poder\u00e1 conter links afiliados,&nbsp; confira a divulga\u00e7\u00e3o de afiliados e a pol\u00edtica de privacidade. Mousse de Frutas Vermelhas Low Carb Hoje&hellip;<\/p>\n<\/div><div class=\"ultp-block-readmore\"><a aria-label=\"Low Carb r\u00f6d fruktmousse\" href=\"https:\/\/cozinhadave.com\/sv\/rod-fruktmousse\/\">L\u00e4r dig mer<svg xmlns=\"http:\/\/www.w3.org\/2000\/svg\" fill=\"none\" viewbox=\"0 0 24 24\">\n  <path stroke=\"currentColor\" stroke-linecap=\"round\" stroke-linejoin=\"round\" stroke-width=\"1.5\" d=\"m12 20.5 8.5-8.5m0 0L12 3.5m8.5 8.5h-17\"\/>\n<\/svg>\n<\/a><\/div><\/div><\/div><\/div><div class=\"ultp-block-item ultp-block-media post-id-11679\"><div class=\"ultp-block-content-wrap\"><div class=\"ultp-block-image ultp-block-image-opacity\"><a href=\"https:\/\/cozinhadave.com\/sv\/rokt-kycklingsallad\/\"><img decoding=\"async\"  alt=\"r\u00f6kt kycklingsallad recept\"  src=\"https:\/\/cozinhadave.com\/wp-content\/uploads\/2022\/05\/Salada-de-frango-defumado-blog.webp\" \/><\/a><\/div><div class=\"ultp-block-content\"><div class=\"ultp-category-grid ultp-category-classic ultp-category-aboveTitle\"><div class=\"ultp-category-in\"><a class=\"ultp-cat-saladas\" href=\"https:\/\/cozinhadave.com\/sv\/kategori\/recept\/sallader\/\">SALLADER<\/a><\/div><\/div><h3 class=\"ultp-block-title\"><a href=\"https:\/\/cozinhadave.com\/sv\/rokt-kycklingsallad\/\">R\u00f6kt kycklingsallad<\/a><\/h3><div class=\"ultp-block-excerpt\"><p>Voc\u00ea adora salada de frango defumado? Eu sei que amo! \u00c9 a mistura perfeita de frango suculento e defumado com um molho cremoso. Mas e se eu lhe dissesse que voc\u00ea poderia fazer sua pr\u00f3pria salada de frango defumado em&hellip;<\/p>\n<\/div><div class=\"ultp-block-readmore\"><a aria-label=\"R\u00f6kt kycklingsallad\" href=\"https:\/\/cozinhadave.com\/sv\/rokt-kycklingsallad\/\">L\u00e4r dig mer<svg xmlns=\"http:\/\/www.w3.org\/2000\/svg\" fill=\"none\" viewbox=\"0 0 24 24\">\n  <path stroke=\"currentColor\" stroke-linecap=\"round\" stroke-linejoin=\"round\" stroke-width=\"1.5\" d=\"m12 20.5 8.5-8.5m0 0L12 3.5m8.5 8.5h-17\"\/>\n<\/svg>\n<\/a><\/div><\/div><\/div><\/div><div class=\"ultp-block-item ultp-block-media post-id-13103\"><div class=\"ultp-block-content-wrap\"><div class=\"ultp-block-image ultp-block-image-opacity\"><a href=\"https:\/\/cozinhadave.com\/sv\/kramig-kycklingsoppa-recept\/\"><img decoding=\"async\"  alt=\"kr\u00e4mig kycklingsoppa recept\"  src=\"https:\/\/cozinhadave.com\/wp-content\/uploads\/2022\/08\/receita-de-sopa-de-frango-cremosa-2-600x600.webp\" \/><\/a><\/div><div class=\"ultp-block-content\"><div class=\"ultp-category-grid ultp-category-classic ultp-category-aboveTitle\"><div class=\"ultp-category-in\"><a class=\"ultp-cat-sopas\" href=\"https:\/\/cozinhadave.com\/sv\/kategori\/recept\/soppor\/\">SOPPOR<\/a><\/div><\/div><h3 class=\"ultp-block-title\"><a href=\"https:\/\/cozinhadave.com\/sv\/kramig-kycklingsoppa-recept\/\">Recept p\u00e5 kr\u00e4mig kycklingsoppa<\/a><\/h3><div class=\"ultp-block-excerpt\"><p>Uma receita de sopa de frango cremosa \u00e9 ideal para quem est\u00e1 em dieta ou tem restri\u00e7\u00f5es com carne vermelha. Por isso hoje vamos te mostrar uma receita super pr\u00e1tica para voc\u00ea fazer. Ela \u00e9 f\u00e1cil at\u00e9 mesmo para quem&hellip;<\/p>\n<\/div><div class=\"ultp-block-readmore\"><a aria-label=\"Recept p\u00e5 kr\u00e4mig kycklingsoppa\" href=\"https:\/\/cozinhadave.com\/sv\/kramig-kycklingsoppa-recept\/\">L\u00e4r dig mer<svg xmlns=\"http:\/\/www.w3.org\/2000\/svg\" fill=\"none\" viewbox=\"0 0 24 24\">\n  <path stroke=\"currentColor\" stroke-linecap=\"round\" stroke-linejoin=\"round\" stroke-width=\"1.5\" d=\"m12 20.5 8.5-8.5m0 0L12 3.5m8.5 8.5h-17\"\/>\n<\/svg>\n<\/a><\/div><\/div><\/div><\/div><\/div><div class=\"ultp-loadmore\"><span class=\"ultp-loadmore-action\" tabindex=\"0\" role=\"button\" data-pages=\"21\" data-pagenum=\"1\"  data-expost=\"\" data-blockid=\"e931a7\" data-blockname=\"ultimate-post_post-list-3\" data-postid=\"21193\" data-selfpostid=\"yes\">Se mer om <span class=\"ultp-spin\"><svg xmlns=\"http:\/\/www.w3.org\/2000\/svg\" fill=\"none\" viewbox=\"0 0 24 24\">\n  <path stroke=\"currentColor\" stroke-linecap=\"round\" stroke-linejoin=\"round\" stroke-width=\"1.5\" d=\"M21 12a9 9 0 0 1-17 4.127M3 12a9 9 0 0 1 17-4.127M20 3v5h-5M4 21v-5h5\"\/>\n<\/svg>\n<\/span><\/span><\/div><\/div><div class=\"pagination-block-html\" aria-hidden=\"true\" style=\"display: none;\"><\/div><\/div><\/div>\n\n\n\n<div class=\"wp-block-uagb-container uagb-block-179d179f\"><\/div>\n<\/div><\/div>","protected":false},"excerpt":{"rendered":"<p>RECEITAS DE CULIN\u00c1RIA Confira as nossas receitas de culin\u00e1ria Sem rodeios; apenas comida verdadeira. Procure centenas de receitas f\u00e1ceis, utilizando ingredientes alimentares simples e reais. Ir\u00e3o agradar at\u00e9 aos mais exigentes dos comedores!&nbsp; Inclui op\u00e7\u00f5es de todo o tipos de receitas, sendo o foco na culin\u00e1ria luso-brasileira. Estas receitas s\u00e3o rigorosamente testadas, de modo a&hellip;&nbsp;<\/p>\n<div class=\"read-more-wrapper\"><a href=\"https:\/\/cozinhadave.com\/sv\/recept\/\" class=\"button button-secondary\" rel=\"bookmark\">L\u00e4s mer \"<span class=\"screen-reader-text\">INT\u00c4KTER<\/span><\/a><\/div>","protected":false},"author":10,"featured_media":0,"parent":0,"menu_order":0,"comment_status":"closed","ping_status":"closed","template":"","meta":{"_uag_custom_page_level_css":"","wprm-recipe-roundup-name":"","wprm-recipe-roundup-description":"","neve_meta_sidebar":"","neve_meta_container":"","neve_meta_enable_content_width":"","neve_meta_content_width":0,"neve_meta_title_alignment":"","neve_meta_author_avatar":"","neve_post_elements_order":"","neve_meta_disable_header":"","neve_meta_disable_footer":"","neve_meta_disable_title":"","neve_meta_reading_time":"","footnotes":""},"class_list":["post-21193","page","type-page","status-publish","hentry"],"uagb_featured_image_src":{"full":false,"thumbnail":false,"medium":false,"medium_large":false,"large":false,"1536x1536":false,"2048x2048":false,"trp-custom-language-flag":false,"ultp_layout_landscape_large":false,"ultp_layout_landscape":false,"ultp_layout_portrait":false,"ultp_layout_square":false,"wprm-metadata-1_1":false,"wprm-metadata-4_3":false,"wprm-metadata-16_9":false,"neve-blog":false},"uagb_author_info":{"display_name":"Paulo RIbeiro","author_link":"https:\/\/cozinhadave.com\/sv\/author\/paulomiguelribeirogmail-com\/"},"uagb_comment_info":0,"uagb_excerpt":"RECEITAS DE CULIN\u00c1RIA Confira as nossas receitas de culin\u00e1ria Sem rodeios; apenas comida verdadeira. Procure centenas de receitas f\u00e1ceis, utilizando ingredientes alimentares simples e reais. Ir\u00e3o agradar at\u00e9 aos mais exigentes dos comedores!&nbsp; Inclui op\u00e7\u00f5es de todo o tipos de receitas, sendo o foco na culin\u00e1ria luso-brasileira. Estas receitas s\u00e3o rigorosamente testadas, de modo a&hellip;&nbsp;Ler&hellip;","_links":{"self":[{"href":"https:\/\/cozinhadave.com\/sv\/wp-json\/wp\/v2\/pages\/21193","targetHints":{"allow":["GET"]}}],"collection":[{"href":"https:\/\/cozinhadave.com\/sv\/wp-json\/wp\/v2\/pages"}],"about":[{"href":"https:\/\/cozinhadave.com\/sv\/wp-json\/wp\/v2\/types\/page"}],"author":[{"embeddable":true,"href":"https:\/\/cozinhadave.com\/sv\/wp-json\/wp\/v2\/users\/10"}],"replies":[{"embeddable":true,"href":"https:\/\/cozinhadave.com\/sv\/wp-json\/wp\/v2\/comments?post=21193"}],"version-history":[{"count":0,"href":"https:\/\/cozinhadave.com\/sv\/wp-json\/wp\/v2\/pages\/21193\/revisions"}],"wp:attachment":[{"href":"https:\/\/cozinhadave.com\/sv\/wp-json\/wp\/v2\/media?parent=21193"}],"curies":[{"name":"wp","href":"https:\/\/api.w.org\/{rel}","templated":true}]}}