{"id":21097,"date":"2024-05-05T12:10:30","date_gmt":"2024-05-05T12:10:30","guid":{"rendered":"http:\/\/cozinhadave.com\/?page_id=21097"},"modified":"2024-05-05T12:32:23","modified_gmt":"2024-05-05T12:32:23","slug":"kuriosa","status":"publish","type":"page","link":"https:\/\/cozinhadave.com\/sv\/kuriosa\/","title":{"rendered":"CURIOSITIES"},"content":{"rendered":"<div class=\"wp-block-uagb-advanced-heading uagb-block-ca604257\"><h2 class=\"uagb-heading-text\">CURIOSITIES<\/h2><\/div>\n\n\n\n<div class=\"wp-block-uagb-container uagb-block-26a8be47 alignfull uagb-is-root-container\"><div class=\"uagb-container-inner-blocks-wrap\">\n<div class=\"wp-block-uagb-container uagb-block-71bdc037\"><\/div>\n\n\n\n<div class=\"wp-block-uagb-container uagb-block-46bd2a80\">\n<p class=\"wp-block-paragraph\">H\u00e4r hittar du en fascinerande samling av sp\u00e4nnande och \u00f6verraskande kuriosa med anknytning till gastronomins v\u00e4rld. <\/p>\n\n\n\n<p class=\"wp-block-paragraph\">Fr\u00e5n historiska fakta om ikoniska r\u00e4tter till mindre k\u00e4nda hemligheter om vanliga ingredienser - varje artikel \u00e4r en sp\u00e4nnande resa genom det kulinariska universumet. <\/p>\n\n\n\n<p class=\"wp-block-paragraph\">G\u00f6r dig redo att bli f\u00f6rtrollad och inspirerad av de kuriosa som avsl\u00f6jar backstage och egenheterna bakom de smaker vi \u00e4lskar. <\/p>\n\n\n\n<p class=\"wp-block-paragraph\">Utforska v\u00e5rt urval av artiklar och f\u00f6rdjupa dig i en v\u00e4rld av kulinariska uppt\u00e4ckter som kommer att v\u00e4cka din nyfikenhet och vidga dina vyer i k\u00f6ket.<\/p>\n\n\n<div  class=\"wp-block-ultimate-post-advanced-search ultp-block-14786a\"><div class=\"ultp-block-wrapper\"><div class=\"ultp-search-container ultp-search-frontend\"  data-ajax=\"1\" data-gosearch=\"1\" data-enablenewtab=\"\" data-blockid=\"14786a\"\n                    data-image=\"1\"  data-author=\"\" data-date=\"\" data-excerpt=\"\" data-excerptlimit=\"25\" data-allresult=\"\" data-catenable=\"\"  data-postno=\"3\"  data-noresultext=\"N\u00e3o foram encontrados resultados\"   data-popupposition=\"right\" data-searchposttype=\"\"><div class=\"ultp-searchform-content ultp-searchform-input1\"><div class=\"ultp-search-inputwrap\"> <input type=\"text\" value=\"\" class=\"ultp-searchres-input\"  placeholder=\"Skriv h\u00e4r vad du letar efter\"\/> <span class=\"ultp-search-clear\" data-blockid=\"14786a\"><svg xmlns=\"http:\/\/www.w3.org\/2000\/svg\" fill=\"none\" viewbox=\"0 0 24 24\">\n  <path stroke=\"currentColor\" stroke-linecap=\"round\" stroke-width=\"1.5\" d=\"m6 6 6 6m0 0 6 6m-6-6 6-6m-6 6-6 6\"\/>\n<\/svg>\n<\/span> <\/div><div class=\"ultp-search-button\"><svg xmlns=\"http:\/\/www.w3.org\/2000\/svg\" fill=\"none\" viewbox=\"0 0 24 24\">\n  <path stroke=\"currentColor\" stroke-linecap=\"round\" stroke-linejoin=\"round\" stroke-width=\"1.5\" d=\"M11 19a8 8 0 1 0 0-16 8 8 0 0 0 0 16Zm10 2-4.35-4.35\"\/>\n<\/svg>\n<span class=\"ultp-search-button__text\"> S\u00f6k p\u00e5 <\/span><\/div><\/div><\/div><\/div><\/div><\/div>\n\n\n\n<div class=\"wp-block-uagb-container uagb-block-59e8365b\"><\/div>\n<\/div><\/div>\n\n\n\n<div class=\"nv-cv-d nv-cv-m wp-block-uagb-container uagb-block-bb890383 alignfull uagb-is-root-container\"><div class=\"uagb-container-inner-blocks-wrap\">\n<div class=\"wp-block-uagb-container uagb-block-07f24e17\"><\/div>\n\n\n\n<div class=\"wp-block-uagb-container uagb-block-894989ec\"><div  class=\"ultp-post-grid-block wp-block-ultimate-post-post-list-3 ultp-block-90be0d\"><div class=\"ultp-block-wrapper\" ><div class=\"ultp-loading\"><div class=\"ultp-loading-blocks\" style=\"width:100%;height:100%;\"><div style=\"left: 0;top: 0;animation-delay:0s;\"><\/div><div style=\"left: 21px;top: 0;animation-delay:0.125s;\"><\/div><div style=\"left: 42px;top: 0;animation-delay:0.25s;\"><\/div><div style=\"left: 0;top: 21px;animation-delay:0.875s;\"><\/div><div style=\"left: 42px;top: 21px;animation-delay:0.375s;\"><\/div><div style=\"left: 0;top: 42px;animation-delay:0.75s;\"><\/div><div style=\"left: 42px;top: 42px;animation-delay:0.625s;\"><\/div><div style=\"left: 21px;top: 42px;animation-delay:0.5s;\"><\/div><\/div><\/div><div class=\"ultp-heading-filter\"><div class=\"ultp-heading-filter-in\"><div class=\"ultp-filter-navigation\"><\/div><\/div><\/div><div class=\"ultp-block-items-wrap ultp-block-row ultp-block-column-1 ultp-block-content-middle ultp-layout1\"><div class=\"ultp-block-item ultp-block-media post-id-17502\"><div class=\"ultp-block-content-wrap\"><div class=\"ultp-block-image ultp-block-image-opacity\"><a href=\"https:\/\/cozinhadave.com\/sv\/o-que-e-um-liquidificador\/\"><img decoding=\"async\"  alt=\"Vad \u00e4r en mixer?\"  src=\"https:\/\/cozinhadave.com\/wp-content\/uploads\/2023\/09\/O-que-e-um-liquidificador-3-600x585.jpg\" \/><\/a><\/div><div class=\"ultp-block-content\"><div class=\"ultp-category-grid ultp-category-classic ultp-category-aboveTitle\"><div class=\"ultp-category-in\"><a class=\"ultp-cat-curiosidades\" href=\"https:\/\/cozinhadave.com\/sv\/kategori\/kuriosa\/\">CURIOSITIES<\/a><\/div><\/div><h3 class=\"ultp-block-title\"><a href=\"https:\/\/cozinhadave.com\/sv\/o-que-e-um-liquidificador\/\">Vad \u00e4r en mixer?<\/a><\/h3><div class=\"ultp-block-excerpt\"><p>Hej, mina v\u00e4nner! N\u00e4r vi h\u00f6r talas om en mixer f\u00f6rest\u00e4ller vi oss en apparat som kan mixa och mala mat snabbt och praktiskt, eller hur? Men vet vi verkligen vad en mixer \u00e4r? Vad \u00e4r...<\/p>\n<\/div><div class=\"ultp-block-readmore\"><a aria-label=\"Vad \u00e4r en mixer?\" href=\"https:\/\/cozinhadave.com\/sv\/o-que-e-um-liquidificador\/\">L\u00e4r dig mer<svg xmlns=\"http:\/\/www.w3.org\/2000\/svg\" fill=\"none\" viewbox=\"0 0 24 24\">\n  <path stroke=\"currentColor\" stroke-linecap=\"round\" stroke-linejoin=\"round\" stroke-width=\"1.5\" d=\"m12 20.5 8.5-8.5m0 0L12 3.5m8.5 8.5h-17\"\/>\n<\/svg>\n<\/a><\/div><\/div><\/div><\/div><div class=\"ultp-block-item ultp-block-media post-id-20137\"><div class=\"ultp-block-content-wrap\"><div class=\"ultp-block-image ultp-block-image-opacity\"><a href=\"https:\/\/cozinhadave.com\/sv\/vad-ar-skillnaden-mellan-lila-och-grona-druvor\/\"><img decoding=\"async\"  alt=\"Vad \u00e4r skillnaden mellan lila och gr\u00f6na druvor? L\u00e5t oss dechiffrera g\u00e5tan!\"  src=\"https:\/\/cozinhadave.com\/wp-content\/uploads\/2023\/09\/Uva-roxa-e-verde1-600x585.jpg\" \/><\/a><\/div><div class=\"ultp-block-content\"><div class=\"ultp-category-grid ultp-category-classic ultp-category-aboveTitle\"><div class=\"ultp-category-in\"><a class=\"ultp-cat-curiosidades\" href=\"https:\/\/cozinhadave.com\/sv\/kategori\/kuriosa\/\">CURIOSITIES<\/a><\/div><\/div><h3 class=\"ultp-block-title\"><a href=\"https:\/\/cozinhadave.com\/sv\/vad-ar-skillnaden-mellan-lila-och-grona-druvor\/\">Vad \u00e4r skillnaden mellan lila och gr\u00f6na druvor? L\u00e5t oss dechiffrera g\u00e5tan!<\/a><\/h3><div class=\"ultp-block-excerpt\"><p>Voc\u00ea j\u00e1 se perguntou qual \u00e9 a diferen\u00e7a entre as uvas roxas e verdes? N\u00f3s tamb\u00e9m! E \u00e9 por isso que preparamos este artigo divertido e informativo para voc\u00ea. Qual a diferen\u00e7a da uva roxa e verde? Vamos decifrar o&hellip;<\/p>\n<\/div><div class=\"ultp-block-readmore\"><a aria-label=\"Vad \u00e4r skillnaden mellan lila och gr\u00f6na druvor? L\u00e5t oss dechiffrera g\u00e5tan!\" href=\"https:\/\/cozinhadave.com\/sv\/vad-ar-skillnaden-mellan-lila-och-grona-druvor\/\">L\u00e4r dig mer<svg xmlns=\"http:\/\/www.w3.org\/2000\/svg\" fill=\"none\" viewbox=\"0 0 24 24\">\n  <path stroke=\"currentColor\" stroke-linecap=\"round\" stroke-linejoin=\"round\" stroke-width=\"1.5\" d=\"m12 20.5 8.5-8.5m0 0L12 3.5m8.5 8.5h-17\"\/>\n<\/svg>\n<\/a><\/div><\/div><\/div><\/div><div class=\"ultp-block-item ultp-block-media post-id-18634\"><div class=\"ultp-block-content-wrap\"><div class=\"ultp-block-image ultp-block-image-opacity\"><a href=\"https:\/\/cozinhadave.com\/sv\/historia-e-curiosidades-sobre-a-origem-do-sushi\/\"><img decoding=\"async\"  alt=\"Historia och kuriosa om sushins ursprung\"  src=\"https:\/\/cozinhadave.com\/wp-content\/uploads\/2023\/08\/Historia-e-curiosidades-sobre-a-origem-do-sushi-600x600.jpg\" \/><\/a><\/div><div class=\"ultp-block-content\"><div class=\"ultp-category-grid ultp-category-classic ultp-category-aboveTitle\"><div class=\"ultp-category-in\"><a class=\"ultp-cat-curiosidades\" href=\"https:\/\/cozinhadave.com\/sv\/kategori\/kuriosa\/\">CURIOSITIES<\/a><\/div><\/div><h3 class=\"ultp-block-title\"><a href=\"https:\/\/cozinhadave.com\/sv\/historia-e-curiosidades-sobre-a-origem-do-sushi\/\">Historia och kuriosa om sushins ursprung<\/a><\/h3><div class=\"ultp-block-excerpt\"><p>Visste du att den orientaliska delikatessen som m\u00e5nga \u00e4lskar, sushi, har en intressant historia och kuriosa om sitt ursprung? Vi, som \u00e4lskar god mat, kunde inte l\u00e5ta bli att dela denna information med dig! Historia och kuriosa om...<\/p>\n<\/div><div class=\"ultp-block-readmore\"><a aria-label=\"Historia och kuriosa om sushins ursprung\" href=\"https:\/\/cozinhadave.com\/sv\/historia-e-curiosidades-sobre-a-origem-do-sushi\/\">L\u00e4r dig mer<svg xmlns=\"http:\/\/www.w3.org\/2000\/svg\" fill=\"none\" viewbox=\"0 0 24 24\">\n  <path stroke=\"currentColor\" stroke-linecap=\"round\" stroke-linejoin=\"round\" stroke-width=\"1.5\" d=\"m12 20.5 8.5-8.5m0 0L12 3.5m8.5 8.5h-17\"\/>\n<\/svg>\n<\/a><\/div><\/div><\/div><\/div><div class=\"ultp-block-item ultp-block-media post-id-16077\"><div class=\"ultp-block-content-wrap\"><div class=\"ultp-block-image ultp-block-image-opacity\"><a href=\"https:\/\/cozinhadave.com\/sv\/como-ferver-agua-no-microondas-para-fazer-cafe\/\"><img decoding=\"async\"  alt=\"Hur man kokar vatten i mikrov\u00e5gsugnen f\u00f6r att g\u00f6ra kaffe\"  src=\"https:\/\/cozinhadave.com\/wp-content\/uploads\/2023\/08\/Como-ferver-agua-no-microondas-para-fazer-cafe-600x600.jpg\" \/><\/a><\/div><div class=\"ultp-block-content\"><div class=\"ultp-category-grid ultp-category-classic ultp-category-aboveTitle\"><div class=\"ultp-category-in\"><a class=\"ultp-cat-curiosidades\" href=\"https:\/\/cozinhadave.com\/sv\/kategori\/kuriosa\/\">CURIOSITIES<\/a><\/div><\/div><h3 class=\"ultp-block-title\"><a href=\"https:\/\/cozinhadave.com\/sv\/como-ferver-agua-no-microondas-para-fazer-cafe\/\">Hur man kokar vatten i mikron f\u00f6r att g\u00f6ra kaffe?<\/a><\/h3><div class=\"ultp-block-excerpt\"><p>Como ferver \u00e1gua no microondas para fazer caf\u00e9? Voc\u00ea j\u00e1 ficou&nbsp;frustrado tentando ferver \u00e1gua&nbsp;no microondas para fazer caf\u00e9? Eu tamb\u00e9m! Descobri que este \u00e9 um&nbsp;problema comum, mas saiba que existe uma&nbsp;maneira simples e segura&nbsp;de fazer isso. Neste artigo, vou ensinar&hellip;<\/p>\n<\/div><div class=\"ultp-block-readmore\"><a aria-label=\"Hur man kokar vatten i mikron f\u00f6r att g\u00f6ra kaffe?\" href=\"https:\/\/cozinhadave.com\/sv\/como-ferver-agua-no-microondas-para-fazer-cafe\/\">L\u00e4r dig mer<svg xmlns=\"http:\/\/www.w3.org\/2000\/svg\" fill=\"none\" viewbox=\"0 0 24 24\">\n  <path stroke=\"currentColor\" stroke-linecap=\"round\" stroke-linejoin=\"round\" stroke-width=\"1.5\" d=\"m12 20.5 8.5-8.5m0 0L12 3.5m8.5 8.5h-17\"\/>\n<\/svg>\n<\/a><\/div><\/div><\/div><\/div><div class=\"ultp-block-item ultp-block-media post-id-16005\"><div class=\"ultp-block-content-wrap\"><div class=\"ultp-block-image ultp-block-image-opacity\"><a href=\"https:\/\/cozinhadave.com\/sv\/hur-man-kan-se-om-mikrovagsstralning-lacker-ut\/\"><img decoding=\"async\"  alt=\"hur man ser om str\u00e5lning l\u00e4cker fr\u00e5n mikrov\u00e5gsugnen\"  src=\"https:\/\/cozinhadave.com\/wp-content\/uploads\/2023\/08\/Como-saber-se-esta-vazando-radiacao-do-microondas-600x600.jpg\" \/><\/a><\/div><div class=\"ultp-block-content\"><div class=\"ultp-category-grid ultp-category-classic ultp-category-aboveTitle\"><div class=\"ultp-category-in\"><a class=\"ultp-cat-curiosidades\" href=\"https:\/\/cozinhadave.com\/sv\/kategori\/kuriosa\/\">CURIOSITIES<\/a><\/div><\/div><h3 class=\"ultp-block-title\"><a href=\"https:\/\/cozinhadave.com\/sv\/hur-man-kan-se-om-mikrovagsstralning-lacker-ut\/\">Hur man vet om mikrov\u00e5gsstr\u00e5lning l\u00e4cker<\/a><\/h3><div class=\"ultp-block-excerpt\"><p>Como saber se est\u00e1 vazando radia\u00e7\u00e3o do microondas Percebeu algo estranho no seu micro-ondas e est\u00e1 se perguntando se pode estar&nbsp;vazando radia\u00e7\u00e3o? Eu tamb\u00e9m passei por isso e descobri que isso pode ser&nbsp;mais comum do que imaginamos, j\u00e1 que&nbsp;certos estudos&hellip;<\/p>\n<\/div><div class=\"ultp-block-readmore\"><a aria-label=\"Hur man vet om mikrov\u00e5gsstr\u00e5lning l\u00e4cker\" href=\"https:\/\/cozinhadave.com\/sv\/hur-man-kan-se-om-mikrovagsstralning-lacker-ut\/\">L\u00e4r dig mer<svg xmlns=\"http:\/\/www.w3.org\/2000\/svg\" fill=\"none\" viewbox=\"0 0 24 24\">\n  <path stroke=\"currentColor\" stroke-linecap=\"round\" stroke-linejoin=\"round\" stroke-width=\"1.5\" d=\"m12 20.5 8.5-8.5m0 0L12 3.5m8.5 8.5h-17\"\/>\n<\/svg>\n<\/a><\/div><\/div><\/div><\/div><div class=\"ultp-block-item ultp-block-media post-id-20086\"><div class=\"ultp-block-content-wrap\"><div class=\"ultp-block-image ultp-block-image-opacity\"><a href=\"https:\/\/cozinhadave.com\/sv\/skillnaden-mellan-russin-och-torkade-plommon\/\"><img decoding=\"async\"  alt=\"Pass druva\"  src=\"https:\/\/cozinhadave.com\/wp-content\/uploads\/2023\/09\/Uva-passa3-600x585.jpg\" \/><\/a><\/div><div class=\"ultp-block-content\"><div class=\"ultp-category-grid ultp-category-classic ultp-category-aboveTitle\"><div class=\"ultp-category-in\"><a class=\"ultp-cat-curiosidades\" href=\"https:\/\/cozinhadave.com\/sv\/kategori\/kuriosa\/\">CURIOSITIES<\/a><\/div><\/div><h3 class=\"ultp-block-title\"><a href=\"https:\/\/cozinhadave.com\/sv\/skillnaden-mellan-russin-och-torkade-plommon\/\">Vad \u00e4r skillnaden mellan russin och torkade plommon?<\/a><\/h3><div class=\"ultp-block-excerpt\"><p>Voc\u00ea sabe a diferen\u00e7a entre uva passa e ameixa seca? Se a sua resposta \u00e9 n\u00e3o, n\u00e3o se preocupe, pois estamos aqui para te ajudar a entender melhor essas duas frutas t\u00e3o populares. Apesar de serem utilizadas em muitas receitas,&hellip;<\/p>\n<\/div><div class=\"ultp-block-readmore\"><a aria-label=\"Vad \u00e4r skillnaden mellan russin och torkade plommon?\" href=\"https:\/\/cozinhadave.com\/sv\/skillnaden-mellan-russin-och-torkade-plommon\/\">L\u00e4r dig mer<svg xmlns=\"http:\/\/www.w3.org\/2000\/svg\" fill=\"none\" viewbox=\"0 0 24 24\">\n  <path stroke=\"currentColor\" stroke-linecap=\"round\" stroke-linejoin=\"round\" stroke-width=\"1.5\" d=\"m12 20.5 8.5-8.5m0 0L12 3.5m8.5 8.5h-17\"\/>\n<\/svg>\n<\/a><\/div><\/div><\/div><\/div><div class=\"ultp-block-item ultp-block-media post-id-20024\"><div class=\"ultp-block-content-wrap\"><div class=\"ultp-block-image ultp-block-image-opacity\"><a href=\"https:\/\/cozinhadave.com\/sv\/hur-manga-russin-ar-det-i-100g\/\"><img decoding=\"async\"  alt=\"hur m\u00e5nga russin \u00e4r det i 100g\"  src=\"https:\/\/cozinhadave.com\/wp-content\/uploads\/2023\/09\/quantas-uvas-passas-tem-em-100g-600x600.jpg\" \/><\/a><\/div><div class=\"ultp-block-content\"><div class=\"ultp-category-grid ultp-category-classic ultp-category-aboveTitle\"><div class=\"ultp-category-in\"><a class=\"ultp-cat-curiosidades\" href=\"https:\/\/cozinhadave.com\/sv\/kategori\/kuriosa\/\">CURIOSITIES<\/a><\/div><\/div><h3 class=\"ultp-block-title\"><a href=\"https:\/\/cozinhadave.com\/sv\/hur-manga-russin-ar-det-i-100g\/\">Ta reda p\u00e5 hur m\u00e5nga russin det \u00e4r i 100g<\/a><\/h3><div class=\"ultp-block-excerpt\"><p>Ol\u00e1, pessoal! Hoje eu tenho uma deliciosa surpresa para voc\u00eas. Alguma vez voc\u00eas j\u00e1 se perguntaram quantas uvas passas tem em uma por\u00e7\u00e3o de 100g? Eu me fiz essa mesma pergunta e fiquei surpresa com o resultado! Descubra quantas uvas&hellip;<\/p>\n<\/div><div class=\"ultp-block-readmore\"><a aria-label=\"Ta reda p\u00e5 hur m\u00e5nga russin det \u00e4r i 100g\" href=\"https:\/\/cozinhadave.com\/sv\/hur-manga-russin-ar-det-i-100g\/\">L\u00e4r dig mer<svg xmlns=\"http:\/\/www.w3.org\/2000\/svg\" fill=\"none\" viewbox=\"0 0 24 24\">\n  <path stroke=\"currentColor\" stroke-linecap=\"round\" stroke-linejoin=\"round\" stroke-width=\"1.5\" d=\"m12 20.5 8.5-8.5m0 0L12 3.5m8.5 8.5h-17\"\/>\n<\/svg>\n<\/a><\/div><\/div><\/div><\/div><div class=\"ultp-block-item ultp-block-media post-id-16577\"><div class=\"ultp-block-content-wrap\"><div class=\"ultp-block-image ultp-block-image-opacity\"><a href=\"https:\/\/cozinhadave.com\/sv\/som-anvander-mer-energi-airfryer-eller-mikrovagsugn\/\"><img decoding=\"async\"  alt=\"Vilket anv\u00e4nder mer energi airfryer eller mikrov\u00e5gsugn\"  src=\"https:\/\/cozinhadave.com\/wp-content\/uploads\/2023\/08\/O-que-gasta-mais-energia-airfryer-ou-microondas-600x576.jpg\" \/><\/a><\/div><div class=\"ultp-block-content\"><div class=\"ultp-category-grid ultp-category-classic ultp-category-aboveTitle\"><div class=\"ultp-category-in\"><a class=\"ultp-cat-curiosidades\" href=\"https:\/\/cozinhadave.com\/sv\/kategori\/kuriosa\/\">CURIOSITIES<\/a><\/div><\/div><h3 class=\"ultp-block-title\"><a href=\"https:\/\/cozinhadave.com\/sv\/som-anvander-mer-energi-airfryer-eller-mikrovagsugn\/\">Vilket anv\u00e4nder mer energi Airfryer eller mikrov\u00e5gsugn<\/a><\/h3><div class=\"ultp-block-excerpt\"><p>Ol\u00e1, pessoal! Aqui \u00e9 O Paulo Ribeiro, amante da culin\u00e1ria , e hoje vou falar sobre um assunto que pode causar pol\u00eamica na cozinha: afinal, o que gasta mais energia, airfryer ou microondas? O que gasta mais energia Airfryer ou&hellip;<\/p>\n<\/div><div class=\"ultp-block-readmore\"><a aria-label=\"Vilket anv\u00e4nder mer energi Airfryer eller mikrov\u00e5gsugn\" href=\"https:\/\/cozinhadave.com\/sv\/som-anvander-mer-energi-airfryer-eller-mikrovagsugn\/\">L\u00e4r dig mer<svg xmlns=\"http:\/\/www.w3.org\/2000\/svg\" fill=\"none\" viewbox=\"0 0 24 24\">\n  <path stroke=\"currentColor\" stroke-linecap=\"round\" stroke-linejoin=\"round\" stroke-width=\"1.5\" d=\"m12 20.5 8.5-8.5m0 0L12 3.5m8.5 8.5h-17\"\/>\n<\/svg>\n<\/a><\/div><\/div><\/div><\/div><div class=\"ultp-block-item ultp-block-media post-id-16416\"><div class=\"ultp-block-content-wrap\"><div class=\"ultp-block-image ultp-block-image-opacity\"><a href=\"https:\/\/cozinhadave.com\/sv\/pode-esquentar-leite-no-copo-de-vidro-no-microondas\/\"><img decoding=\"async\"  alt=\"Kan-v\u00e4rma-mj\u00f6lk-i-glaset-i-mikrov\u00e5gsugnen\"  src=\"https:\/\/cozinhadave.com\/wp-content\/uploads\/2023\/08\/Pode-esquentar-leite-no-copo-de-vidro-no-microondas-600x600.jpg\" \/><\/a><\/div><div class=\"ultp-block-content\"><div class=\"ultp-category-grid ultp-category-classic ultp-category-aboveTitle\"><div class=\"ultp-category-in\"><a class=\"ultp-cat-curiosidades\" href=\"https:\/\/cozinhadave.com\/sv\/kategori\/kuriosa\/\">CURIOSITIES<\/a><\/div><\/div><h3 class=\"ultp-block-title\"><a href=\"https:\/\/cozinhadave.com\/sv\/pode-esquentar-leite-no-copo-de-vidro-no-microondas\/\">Kan man v\u00e4rma mj\u00f6lk i ett glas i mikron?<\/a><\/h3><div class=\"ultp-block-excerpt\"><p>Pode colocar leite no copo de vidro no microondas Voc\u00ea j\u00e1 se perguntou se pode&nbsp;esquentar leite no copo de vidro no microondas? Eu tamb\u00e9m j\u00e1 me fiz essa pergunta, e descobri que \u00e9 poss\u00edvel, por\u00e9m, \u00e9 prefer\u00edvel utilizar copos de&nbsp;vidro&hellip;<\/p>\n<\/div><div class=\"ultp-block-readmore\"><a aria-label=\"Kan man v\u00e4rma mj\u00f6lk i ett glas i mikron?\" href=\"https:\/\/cozinhadave.com\/sv\/pode-esquentar-leite-no-copo-de-vidro-no-microondas\/\">L\u00e4r dig mer<svg xmlns=\"http:\/\/www.w3.org\/2000\/svg\" fill=\"none\" viewbox=\"0 0 24 24\">\n  <path stroke=\"currentColor\" stroke-linecap=\"round\" stroke-linejoin=\"round\" stroke-width=\"1.5\" d=\"m12 20.5 8.5-8.5m0 0L12 3.5m8.5 8.5h-17\"\/>\n<\/svg>\n<\/a><\/div><\/div><\/div><\/div><div class=\"ultp-block-item ultp-block-media post-id-20116\"><div class=\"ultp-block-content-wrap\"><div class=\"ultp-block-image ultp-block-image-opacity\"><a href=\"https:\/\/cozinhadave.com\/sv\/como-saber-se-a-fruta-do-conde-esta-madura\/\"><img decoding=\"async\"  alt=\"Mogna b\u00e4r\"  src=\"https:\/\/cozinhadave.com\/wp-content\/uploads\/2023\/09\/Fruta-do-conde-madura5-1-600x585.jpg\" \/><\/a><\/div><div class=\"ultp-block-content\"><div class=\"ultp-category-grid ultp-category-classic ultp-category-aboveTitle\"><div class=\"ultp-category-in\"><a class=\"ultp-cat-curiosidades\" href=\"https:\/\/cozinhadave.com\/sv\/kategori\/kuriosa\/\">CURIOSITIES<\/a><\/div><\/div><h3 class=\"ultp-block-title\"><a href=\"https:\/\/cozinhadave.com\/sv\/como-saber-se-a-fruta-do-conde-esta-madura\/\">Definitiv guide: Hur vet du om din frukt \u00e4r mogen?<\/a><\/h3><div class=\"ultp-block-excerpt\"><p>Voc\u00ea sabe como identificar se a fruta do conde est\u00e1 madura? Essa \u00e9 uma pergunta comum para quem quer desfrutar do sabor incr\u00edvel e dos benef\u00edcios nutricionais da fruta. Nesta se\u00e7\u00e3o, vamos explorar todas as dicas e truques para identificar&hellip;<\/p>\n<\/div><div class=\"ultp-block-readmore\"><a aria-label=\"Definitiv guide: Hur vet du om din frukt \u00e4r mogen?\" href=\"https:\/\/cozinhadave.com\/sv\/como-saber-se-a-fruta-do-conde-esta-madura\/\">L\u00e4r dig mer<svg xmlns=\"http:\/\/www.w3.org\/2000\/svg\" fill=\"none\" viewbox=\"0 0 24 24\">\n  <path stroke=\"currentColor\" stroke-linecap=\"round\" stroke-linejoin=\"round\" stroke-width=\"1.5\" d=\"m12 20.5 8.5-8.5m0 0L12 3.5m8.5 8.5h-17\"\/>\n<\/svg>\n<\/a><\/div><\/div><\/div><\/div><\/div><div class=\"ultp-loadmore\"><span class=\"ultp-loadmore-action\" tabindex=\"0\" role=\"button\" data-pages=\"13\" data-pagenum=\"1\"  data-expost=\"\" data-blockid=\"90be0d\" data-blockname=\"ultimate-post_post-list-3\" data-postid=\"21097\" data-selfpostid=\"yes\">Se mer om <span class=\"ultp-spin\"><svg xmlns=\"http:\/\/www.w3.org\/2000\/svg\" fill=\"none\" viewbox=\"0 0 24 24\">\n  <path stroke=\"currentColor\" stroke-linecap=\"round\" stroke-linejoin=\"round\" stroke-width=\"1.5\" d=\"M21 12a9 9 0 0 1-17 4.127M3 12a9 9 0 0 1 17-4.127M20 3v5h-5M4 21v-5h5\"\/>\n<\/svg>\n<\/span><\/span><\/div><\/div><div class=\"pagination-block-html\" aria-hidden=\"true\" style=\"display: none;\"><\/div><\/div><\/div>\n\n\n\n<div class=\"wp-block-uagb-container uagb-block-179d179f\"><\/div>\n<\/div><\/div>","protected":false},"excerpt":{"rendered":"<p>CURIOSIDADES Aqui, voc\u00ea encontrar\u00e1 uma cole\u00e7\u00e3o fascinante de curiosidades intrigantes e surpreendentes relacionadas ao mundo da gastronomia. Desde fatos hist\u00f3ricos sobre pratos ic\u00f4nicos at\u00e9 segredos pouco conhecidos sobre ingredientes comuns, cada artigo \u00e9 uma viagem emocionante pelo universo da culin\u00e1ria. Prepare-se para se encantar e se inspirar com as curiosidades que revelam os bastidores e&hellip;&nbsp;<\/p>\n<div class=\"read-more-wrapper\"><a href=\"https:\/\/cozinhadave.com\/sv\/kuriosa\/\" class=\"button button-secondary\" rel=\"bookmark\">L\u00e4s mer \"<span class=\"screen-reader-text\">CURIOSITIES<\/span><\/a><\/div>","protected":false},"author":10,"featured_media":0,"parent":0,"menu_order":0,"comment_status":"closed","ping_status":"closed","template":"","meta":{"_uag_custom_page_level_css":"","wprm-recipe-roundup-name":"","wprm-recipe-roundup-description":"","neve_meta_sidebar":"","neve_meta_container":"","neve_meta_enable_content_width":"","neve_meta_content_width":0,"neve_meta_title_alignment":"","neve_meta_author_avatar":"","neve_post_elements_order":"","neve_meta_disable_header":"","neve_meta_disable_footer":"","neve_meta_disable_title":"","neve_meta_reading_time":"","footnotes":""},"class_list":["post-21097","page","type-page","status-publish","hentry"],"uagb_featured_image_src":{"full":false,"thumbnail":false,"medium":false,"medium_large":false,"large":false,"1536x1536":false,"2048x2048":false,"trp-custom-language-flag":false,"ultp_layout_landscape_large":false,"ultp_layout_landscape":false,"ultp_layout_portrait":false,"ultp_layout_square":false,"wprm-metadata-1_1":false,"wprm-metadata-4_3":false,"wprm-metadata-16_9":false,"neve-blog":false},"uagb_author_info":{"display_name":"Paulo RIbeiro","author_link":"https:\/\/cozinhadave.com\/sv\/author\/paulomiguelribeirogmail-com\/"},"uagb_comment_info":0,"uagb_excerpt":"CURIOSIDADES Aqui, voc\u00ea encontrar\u00e1 uma cole\u00e7\u00e3o fascinante de curiosidades intrigantes e surpreendentes relacionadas ao mundo da gastronomia. Desde fatos hist\u00f3ricos sobre pratos ic\u00f4nicos at\u00e9 segredos pouco conhecidos sobre ingredientes comuns, cada artigo \u00e9 uma viagem emocionante pelo universo da culin\u00e1ria. Prepare-se para se encantar e se inspirar com as curiosidades que revelam os bastidores e&hellip;&nbsp;Ler&hellip;","_links":{"self":[{"href":"https:\/\/cozinhadave.com\/sv\/wp-json\/wp\/v2\/pages\/21097","targetHints":{"allow":["GET"]}}],"collection":[{"href":"https:\/\/cozinhadave.com\/sv\/wp-json\/wp\/v2\/pages"}],"about":[{"href":"https:\/\/cozinhadave.com\/sv\/wp-json\/wp\/v2\/types\/page"}],"author":[{"embeddable":true,"href":"https:\/\/cozinhadave.com\/sv\/wp-json\/wp\/v2\/users\/10"}],"replies":[{"embeddable":true,"href":"https:\/\/cozinhadave.com\/sv\/wp-json\/wp\/v2\/comments?post=21097"}],"version-history":[{"count":0,"href":"https:\/\/cozinhadave.com\/sv\/wp-json\/wp\/v2\/pages\/21097\/revisions"}],"wp:attachment":[{"href":"https:\/\/cozinhadave.com\/sv\/wp-json\/wp\/v2\/media?parent=21097"}],"curies":[{"name":"wp","href":"https:\/\/api.w.org\/{rel}","templated":true}]}}