{"id":21097,"date":"2024-05-05T12:10:30","date_gmt":"2024-05-05T12:10:30","guid":{"rendered":"http:\/\/cozinhadave.com\/?page_id=21097"},"modified":"2024-05-05T12:32:23","modified_gmt":"2024-05-05T12:32:23","slug":"curiosites","status":"publish","type":"page","link":"https:\/\/cozinhadave.com\/fr\/curiosites\/","title":{"rendered":"CURIOSIT\u00c9S"},"content":{"rendered":"<div class=\"wp-block-uagb-advanced-heading uagb-block-ca604257\"><h2 class=\"uagb-heading-text\">CURIOSIT\u00c9S<\/h2><\/div>\n\n\n\n<div class=\"wp-block-uagb-container uagb-block-26a8be47 alignfull uagb-is-root-container\"><div class=\"uagb-container-inner-blocks-wrap\">\n<div class=\"wp-block-uagb-container uagb-block-71bdc037\"><\/div>\n\n\n\n<div class=\"wp-block-uagb-container uagb-block-46bd2a80\">\n<p class=\"wp-block-paragraph\">Vous y trouverez une collection fascinante de curiosit\u00e9s intrigantes et surprenantes li\u00e9es au monde de la gastronomie. <\/p>\n\n\n\n<p class=\"wp-block-paragraph\">Qu'il s'agisse de faits historiques sur des plats embl\u00e9matiques ou de secrets peu connus sur des ingr\u00e9dients courants, chaque article est un voyage passionnant dans l'univers culinaire. <\/p>\n\n\n\n<p class=\"wp-block-paragraph\">Pr\u00e9parez-vous \u00e0 \u00eatre enchant\u00e9s et inspir\u00e9s par les curiosit\u00e9s qui r\u00e9v\u00e8lent les coulisses et les particularit\u00e9s des saveurs que nous aimons. <\/p>\n\n\n\n<p class=\"wp-block-paragraph\">Explorez notre s\u00e9lection d'articles et plongez dans un monde de d\u00e9couvertes culinaires qui piqueront votre curiosit\u00e9 et \u00e9largiront vos horizons en cuisine.<\/p>\n\n\n<div  class=\"wp-block-ultimate-post-advanced-search ultp-block-14786a\"><div class=\"ultp-block-wrapper\"><div class=\"ultp-search-container ultp-search-frontend\"  data-ajax=\"1\" data-gosearch=\"1\" data-enablenewtab=\"\" data-blockid=\"14786a\"\n                    data-image=\"1\"  data-author=\"\" data-date=\"\" data-excerpt=\"\" data-excerptlimit=\"25\" data-allresult=\"\" data-catenable=\"\"  data-postno=\"3\"  data-noresultext=\"N\u00e3o foram encontrados resultados\"   data-popupposition=\"right\" data-searchposttype=\"\"><div class=\"ultp-searchform-content ultp-searchform-input1\"><div class=\"ultp-search-inputwrap\"> <input type=\"text\" value=\"\" class=\"ultp-searchres-input\"  placeholder=\"\u00c9crivez ici ce que vous recherchez\"\/> <span class=\"ultp-search-clear\" data-blockid=\"14786a\"><svg xmlns=\"http:\/\/www.w3.org\/2000\/svg\" fill=\"none\" viewbox=\"0 0 24 24\">\n  <path stroke=\"currentColor\" stroke-linecap=\"round\" stroke-width=\"1.5\" d=\"m6 6 6 6m0 0 6 6m-6-6 6-6m-6 6-6 6\"\/>\n<\/svg>\n<\/span> <\/div><div class=\"ultp-search-button\"><svg xmlns=\"http:\/\/www.w3.org\/2000\/svg\" fill=\"none\" viewbox=\"0 0 24 24\">\n  <path stroke=\"currentColor\" stroke-linecap=\"round\" stroke-linejoin=\"round\" stroke-width=\"1.5\" d=\"M11 19a8 8 0 1 0 0-16 8 8 0 0 0 0 16Zm10 2-4.35-4.35\"\/>\n<\/svg>\n<span class=\"ultp-search-button__text\"> Recherche <\/span><\/div><\/div><\/div><\/div><\/div><\/div>\n\n\n\n<div class=\"wp-block-uagb-container uagb-block-59e8365b\"><\/div>\n<\/div><\/div>\n\n\n\n<div class=\"nv-cv-d nv-cv-m wp-block-uagb-container uagb-block-bb890383 alignfull uagb-is-root-container\"><div class=\"uagb-container-inner-blocks-wrap\">\n<div class=\"wp-block-uagb-container uagb-block-07f24e17\"><\/div>\n\n\n\n<div class=\"wp-block-uagb-container uagb-block-894989ec\"><div  class=\"ultp-post-grid-block wp-block-ultimate-post-post-list-3 ultp-block-90be0d\"><div class=\"ultp-block-wrapper\" ><div class=\"ultp-loading\"><div class=\"ultp-loading-blocks\" style=\"width:100%;height:100%;\"><div style=\"left: 0;top: 0;animation-delay:0s;\"><\/div><div style=\"left: 21px;top: 0;animation-delay:0.125s;\"><\/div><div style=\"left: 42px;top: 0;animation-delay:0.25s;\"><\/div><div style=\"left: 0;top: 21px;animation-delay:0.875s;\"><\/div><div style=\"left: 42px;top: 21px;animation-delay:0.375s;\"><\/div><div style=\"left: 0;top: 42px;animation-delay:0.75s;\"><\/div><div style=\"left: 42px;top: 42px;animation-delay:0.625s;\"><\/div><div style=\"left: 21px;top: 42px;animation-delay:0.5s;\"><\/div><\/div><\/div><div class=\"ultp-heading-filter\"><div class=\"ultp-heading-filter-in\"><div class=\"ultp-filter-navigation\"><\/div><\/div><\/div><div class=\"ultp-block-items-wrap ultp-block-row ultp-block-column-1 ultp-block-content-middle ultp-layout1\"><div class=\"ultp-block-item ultp-block-media post-id-20063\"><div class=\"ultp-block-content-wrap\"><div class=\"ultp-block-image ultp-block-image-opacity\"><a href=\"https:\/\/cozinhadave.com\/fr\/qual-o-nome-da-uva-roxa\/\"><img decoding=\"async\"  alt=\"Raisins violets\"  src=\"https:\/\/cozinhadave.com\/wp-content\/uploads\/2023\/09\/Uva-roxa4-600x585.jpg\" \/><\/a><\/div><div class=\"ultp-block-content\"><div class=\"ultp-category-grid ultp-category-classic ultp-category-aboveTitle\"><div class=\"ultp-category-in\"><a class=\"ultp-cat-curiosidades\" href=\"https:\/\/cozinhadave.com\/fr\/categorie\/curiosites\/\">CURIOSIT\u00c9S<\/a><\/div><\/div><h3 class=\"ultp-block-title\"><a href=\"https:\/\/cozinhadave.com\/fr\/qual-o-nome-da-uva-roxa\/\">Qual o nome da uva roxa? Desvendamos esse segredo para voc\u00ea!<\/a><\/h3><div class=\"ultp-block-excerpt\"><p>Voc\u00ea j\u00e1 se perguntou qual \u00e9 o nome daquela uva roxa deliciosa que aparece em vinhos, receitas e lanches? N\u00f3s entendemos a sua curiosidade e estamos aqui para resolver esse mist\u00e9rio. Prepare-se para descobrir o nome da uva roxa e\u2026<\/p>\n<\/div><div class=\"ultp-block-readmore\"><a aria-label=\"Qual o nome da uva roxa? Desvendamos esse segredo para voc\u00ea!\" href=\"https:\/\/cozinhadave.com\/fr\/qual-o-nome-da-uva-roxa\/\">En savoir plus<svg xmlns=\"http:\/\/www.w3.org\/2000\/svg\" fill=\"none\" viewbox=\"0 0 24 24\">\n  <path stroke=\"currentColor\" stroke-linecap=\"round\" stroke-linejoin=\"round\" stroke-width=\"1.5\" d=\"m12 20.5 8.5-8.5m0 0L12 3.5m8.5 8.5h-17\"\/>\n<\/svg>\n<\/a><\/div><\/div><\/div><\/div><div class=\"ultp-block-item ultp-block-media post-id-20161\"><div class=\"ultp-block-content-wrap\"><div class=\"ultp-block-image ultp-block-image-opacity\"><a href=\"https:\/\/cozinhadave.com\/fr\/o-que-se-pode-fazer-com-fruta-pao\/\"><img decoding=\"async\"  alt=\"D\u00e9couvrez ce que vous pouvez faire avec le fruit de l&#039;arbre \u00e0 pain - surprenez-vous !\"  src=\"https:\/\/cozinhadave.com\/wp-content\/uploads\/2023\/09\/fruta-pao5-1-600x585.jpg\" \/><\/a><\/div><div class=\"ultp-block-content\"><div class=\"ultp-category-grid ultp-category-classic ultp-category-aboveTitle\"><div class=\"ultp-category-in\"><a class=\"ultp-cat-curiosidades\" href=\"https:\/\/cozinhadave.com\/fr\/categorie\/curiosites\/\">CURIOSIT\u00c9S<\/a><\/div><\/div><h3 class=\"ultp-block-title\"><a href=\"https:\/\/cozinhadave.com\/fr\/o-que-se-pode-fazer-com-fruta-pao\/\">D\u00e9couvrez ce que vous pouvez faire avec le fruit de l'arbre \u00e0 pain - surprenez-vous !<\/a><\/h3><div class=\"ultp-block-excerpt\"><p>Vous avez probablement entendu parler de l'arbre \u00e0 pain, mais savez-vous comment l'int\u00e9grer dans votre cuisine ? Dans cette section, nous allons explorer toutes les possibilit\u00e9s incroyables qu'offre ce fruit polyvalent dans la cuisine br\u00e9silienne. Pr\u00e9parez-vous \u00e0 \u00eatre surpris par les d\u00e9licieuses recettes qui...<\/p>\n<\/div><div class=\"ultp-block-readmore\"><a aria-label=\"D\u00e9couvrez ce que vous pouvez faire avec le fruit de l&#039;arbre \u00e0 pain - surprenez-vous !\" href=\"https:\/\/cozinhadave.com\/fr\/o-que-se-pode-fazer-com-fruta-pao\/\">En savoir plus<svg xmlns=\"http:\/\/www.w3.org\/2000\/svg\" fill=\"none\" viewbox=\"0 0 24 24\">\n  <path stroke=\"currentColor\" stroke-linecap=\"round\" stroke-linejoin=\"round\" stroke-width=\"1.5\" d=\"m12 20.5 8.5-8.5m0 0L12 3.5m8.5 8.5h-17\"\/>\n<\/svg>\n<\/a><\/div><\/div><\/div><\/div><div class=\"ultp-block-item ultp-block-media post-id-20073\"><div class=\"ultp-block-content-wrap\"><div class=\"ultp-block-image ultp-block-image-opacity\"><a href=\"https:\/\/cozinhadave.com\/fr\/qual-a-diferenca-da-fruta-do-conde-e-graviola\/\"><img decoding=\"async\"  alt=\"Graviola\"  src=\"https:\/\/cozinhadave.com\/wp-content\/uploads\/2023\/09\/Graviola3-1-600x585.jpg\" \/><\/a><\/div><div class=\"ultp-block-content\"><div class=\"ultp-category-grid ultp-category-classic ultp-category-aboveTitle\"><div class=\"ultp-category-in\"><a class=\"ultp-cat-curiosidades\" href=\"https:\/\/cozinhadave.com\/fr\/categorie\/curiosites\/\">CURIOSIT\u00c9S<\/a><\/div><\/div><h3 class=\"ultp-block-title\"><a href=\"https:\/\/cozinhadave.com\/fr\/qual-a-diferenca-da-fruta-do-conde-e-graviola\/\">Quelle est la diff\u00e9rence entre les fruits du comte et la graviola ? D\u00e9couvrons-le !<\/a><\/h3><div class=\"ultp-block-excerpt\"><p>Bonjour, cher lecteur ! Si vous \u00eates ici, c'est que, comme nous, vous aimez les fruits tropicaux et que vous voulez en savoir plus sur la diff\u00e9rence entre la fruta do conde et la graviola. Quelle est la diff\u00e9rence entre la fruta do conde et la graviola ? Allons-y...<\/p>\n<\/div><div class=\"ultp-block-readmore\"><a aria-label=\"Quelle est la diff\u00e9rence entre les fruits du comte et la graviola ? D\u00e9couvrons-le !\" href=\"https:\/\/cozinhadave.com\/fr\/qual-a-diferenca-da-fruta-do-conde-e-graviola\/\">En savoir plus<svg xmlns=\"http:\/\/www.w3.org\/2000\/svg\" fill=\"none\" viewbox=\"0 0 24 24\">\n  <path stroke=\"currentColor\" stroke-linecap=\"round\" stroke-linejoin=\"round\" stroke-width=\"1.5\" d=\"m12 20.5 8.5-8.5m0 0L12 3.5m8.5 8.5h-17\"\/>\n<\/svg>\n<\/a><\/div><\/div><\/div><\/div><div class=\"ultp-block-item ultp-block-media post-id-20196\"><div class=\"ultp-block-content-wrap\"><div class=\"ultp-block-image ultp-block-image-opacity\"><a href=\"https:\/\/cozinhadave.com\/fr\/quais-sao-os-tipos-de-abacaxi\/\"><img decoding=\"async\"  alt=\"Quais s\u00e3o os tipos de abacaxi? Descubra com a gente!\"  src=\"https:\/\/cozinhadave.com\/wp-content\/uploads\/2023\/09\/abacaxi-5-1-600x585.jpg\" \/><\/a><\/div><div class=\"ultp-block-content\"><div class=\"ultp-category-grid ultp-category-classic ultp-category-aboveTitle\"><div class=\"ultp-category-in\"><a class=\"ultp-cat-curiosidades\" href=\"https:\/\/cozinhadave.com\/fr\/categorie\/curiosites\/\">CURIOSIT\u00c9S<\/a><\/div><\/div><h3 class=\"ultp-block-title\"><a href=\"https:\/\/cozinhadave.com\/fr\/quais-sao-os-tipos-de-abacaxi\/\">Quais s\u00e3o os tipos de abacaxi? Descubra com a gente!<\/a><\/h3><div class=\"ultp-block-excerpt\"><p>Bem-vindos, queridos leitores! Hoje vamos falar sobre uma fruta tropical que amamos: o abacaxi. Al\u00e9m de ser uma del\u00edcia, essa fruta vers\u00e1til possui diversos tipos e variedades, cada um com suas caracter\u00edsticas \u00fanicas. Ent\u00e3o, se voc\u00ea quer saber quais s\u00e3o\u2026<\/p>\n<\/div><div class=\"ultp-block-readmore\"><a aria-label=\"Quais s\u00e3o os tipos de abacaxi? Descubra com a gente!\" href=\"https:\/\/cozinhadave.com\/fr\/quais-sao-os-tipos-de-abacaxi\/\">En savoir plus<svg xmlns=\"http:\/\/www.w3.org\/2000\/svg\" fill=\"none\" viewbox=\"0 0 24 24\">\n  <path stroke=\"currentColor\" stroke-linecap=\"round\" stroke-linejoin=\"round\" stroke-width=\"1.5\" d=\"m12 20.5 8.5-8.5m0 0L12 3.5m8.5 8.5h-17\"\/>\n<\/svg>\n<\/a><\/div><\/div><\/div><\/div><div class=\"ultp-block-item ultp-block-media post-id-16292\"><div class=\"ultp-block-content-wrap\"><div class=\"ultp-block-image ultp-block-image-opacity\"><a href=\"https:\/\/cozinhadave.com\/fr\/etre-capable-de-rechauffer-au-micro-ondes-des-aliments-contenus-dans-un-recipient-en-plastique\/\"><img decoding=\"async\"  alt=\"Peut-on r\u00e9chauffer des aliments dans un r\u00e9cipient en plastique au micro-ondes ?\"  src=\"https:\/\/cozinhadave.com\/wp-content\/uploads\/2023\/08\/Pode-esquentar-comida-em-vasilha-de-plastico-no-microondas-1-600x585.jpg\" \/><\/a><\/div><div class=\"ultp-block-content\"><div class=\"ultp-category-grid ultp-category-classic ultp-category-aboveTitle\"><div class=\"ultp-category-in\"><a class=\"ultp-cat-curiosidades\" href=\"https:\/\/cozinhadave.com\/fr\/categorie\/curiosites\/\">CURIOSIT\u00c9S<\/a><\/div><\/div><h3 class=\"ultp-block-title\"><a href=\"https:\/\/cozinhadave.com\/fr\/etre-capable-de-rechauffer-au-micro-ondes-des-aliments-contenus-dans-un-recipient-en-plastique\/\">Peut-on r\u00e9chauffer des aliments dans un r\u00e9cipient en plastique au micro-ondes ?<\/a><\/h3><div class=\"ultp-block-excerpt\"><p>Pode esquentar comida em vasilha de pl\u00e1stico no microondas? Quem nunca chegou em casa cansado e optou por colocar a&nbsp;marmita de pl\u00e1stico&nbsp;direto no micro-ondas para esquentar? Eu tamb\u00e9m j\u00e1 cometi esse erro, at\u00e9 descobrir que essa pr\u00e1tica pode ser prejudicial\u2026<\/p>\n<\/div><div class=\"ultp-block-readmore\"><a aria-label=\"Peut-on r\u00e9chauffer des aliments dans un r\u00e9cipient en plastique au micro-ondes ?\" href=\"https:\/\/cozinhadave.com\/fr\/etre-capable-de-rechauffer-au-micro-ondes-des-aliments-contenus-dans-un-recipient-en-plastique\/\">En savoir plus<svg xmlns=\"http:\/\/www.w3.org\/2000\/svg\" fill=\"none\" viewbox=\"0 0 24 24\">\n  <path stroke=\"currentColor\" stroke-linecap=\"round\" stroke-linejoin=\"round\" stroke-width=\"1.5\" d=\"m12 20.5 8.5-8.5m0 0L12 3.5m8.5 8.5h-17\"\/>\n<\/svg>\n<\/a><\/div><\/div><\/div><\/div><div class=\"ultp-block-item ultp-block-media post-id-20086\"><div class=\"ultp-block-content-wrap\"><div class=\"ultp-block-image ultp-block-image-opacity\"><a href=\"https:\/\/cozinhadave.com\/fr\/diferenca-entre-uva-passa-e-ameixa-seca\/\"><img decoding=\"async\"  alt=\"Sultanines\"  src=\"https:\/\/cozinhadave.com\/wp-content\/uploads\/2023\/09\/Uva-passa3-600x585.jpg\" \/><\/a><\/div><div class=\"ultp-block-content\"><div class=\"ultp-category-grid ultp-category-classic ultp-category-aboveTitle\"><div class=\"ultp-category-in\"><a class=\"ultp-cat-curiosidades\" href=\"https:\/\/cozinhadave.com\/fr\/categorie\/curiosites\/\">CURIOSIT\u00c9S<\/a><\/div><\/div><h3 class=\"ultp-block-title\"><a href=\"https:\/\/cozinhadave.com\/fr\/diferenca-entre-uva-passa-e-ameixa-seca\/\">Quelle est la diff\u00e9rence entre les raisins secs et les pruneaux ?<\/a><\/h3><div class=\"ultp-block-excerpt\"><p>Connaissez-vous la diff\u00e9rence entre les raisins secs et les pruneaux ? Si ce n'est pas le cas, ne vous inqui\u00e9tez pas, nous sommes l\u00e0 pour vous aider \u00e0 mieux comprendre ces deux fruits populaires. Bien qu'ils soient utilis\u00e9s dans de nombreuses recettes,...<\/p>\n<\/div><div class=\"ultp-block-readmore\"><a aria-label=\"Quelle est la diff\u00e9rence entre les raisins secs et les pruneaux ?\" href=\"https:\/\/cozinhadave.com\/fr\/diferenca-entre-uva-passa-e-ameixa-seca\/\">En savoir plus<svg xmlns=\"http:\/\/www.w3.org\/2000\/svg\" fill=\"none\" viewbox=\"0 0 24 24\">\n  <path stroke=\"currentColor\" stroke-linecap=\"round\" stroke-linejoin=\"round\" stroke-width=\"1.5\" d=\"m12 20.5 8.5-8.5m0 0L12 3.5m8.5 8.5h-17\"\/>\n<\/svg>\n<\/a><\/div><\/div><\/div><\/div><div class=\"ultp-block-item ultp-block-media post-id-18634\"><div class=\"ultp-block-content-wrap\"><div class=\"ultp-block-image ultp-block-image-opacity\"><a href=\"https:\/\/cozinhadave.com\/fr\/histoire-et-curiosites-sur-lorigine-des-sushis\/\"><img decoding=\"async\"  alt=\"Histoire et curiosit\u00e9s sur l&#039;origine du sushi\"  src=\"https:\/\/cozinhadave.com\/wp-content\/uploads\/2023\/08\/Historia-e-curiosidades-sobre-a-origem-do-sushi-600x600.jpg\" \/><\/a><\/div><div class=\"ultp-block-content\"><div class=\"ultp-category-grid ultp-category-classic ultp-category-aboveTitle\"><div class=\"ultp-category-in\"><a class=\"ultp-cat-curiosidades\" href=\"https:\/\/cozinhadave.com\/fr\/categorie\/curiosites\/\">CURIOSIT\u00c9S<\/a><\/div><\/div><h3 class=\"ultp-block-title\"><a href=\"https:\/\/cozinhadave.com\/fr\/histoire-et-curiosites-sur-lorigine-des-sushis\/\">Histoire et curiosit\u00e9s sur l'origine du sushi<\/a><\/h3><div class=\"ultp-block-excerpt\"><p>Voc\u00ea sabia que aquela iguaria oriental amada por muitos, o sushi, tem uma hist\u00f3ria e curiosidades interessantes sobre sua origem? N\u00f3s, como bons apreciadores de comida, n\u00e3o poder\u00edamos deixar de compartilhar essas informa\u00e7\u00f5es com voc\u00ea! Hist\u00f3ria e curiosidades sobre a\u2026<\/p>\n<\/div><div class=\"ultp-block-readmore\"><a aria-label=\"Histoire et curiosit\u00e9s sur l&#039;origine du sushi\" href=\"https:\/\/cozinhadave.com\/fr\/histoire-et-curiosites-sur-lorigine-des-sushis\/\">En savoir plus<svg xmlns=\"http:\/\/www.w3.org\/2000\/svg\" fill=\"none\" viewbox=\"0 0 24 24\">\n  <path stroke=\"currentColor\" stroke-linecap=\"round\" stroke-linejoin=\"round\" stroke-width=\"1.5\" d=\"m12 20.5 8.5-8.5m0 0L12 3.5m8.5 8.5h-17\"\/>\n<\/svg>\n<\/a><\/div><\/div><\/div><\/div><div class=\"ultp-block-item ultp-block-media post-id-16363\"><div class=\"ultp-block-content-wrap\"><div class=\"ultp-block-image ultp-block-image-opacity\"><a href=\"https:\/\/cozinhadave.com\/fr\/tem-como-fazer-miojo-no-microondas\/\"><img decoding=\"async\"  alt=\"comment faire des nouilles au micro-ondes\"  src=\"https:\/\/cozinhadave.com\/wp-content\/uploads\/2023\/08\/como-fazer-miojo-no-microondas-600x600.jpg\" \/><\/a><\/div><div class=\"ultp-block-content\"><div class=\"ultp-category-grid ultp-category-classic ultp-category-aboveTitle\"><div class=\"ultp-category-in\"><a class=\"ultp-cat-curiosidades\" href=\"https:\/\/cozinhadave.com\/fr\/categorie\/curiosites\/\">CURIOSIT\u00c9S<\/a><\/div><\/div><h3 class=\"ultp-block-title\"><a href=\"https:\/\/cozinhadave.com\/fr\/tem-como-fazer-miojo-no-microondas\/\">Est-il possible de faire des nouilles au micro-ondes ?<\/a><\/h3><div class=\"ultp-block-excerpt\"><p>Je ne compte plus le nombre de fois o\u00f9 l'on m'a demand\u00e9 s'il \u00e9tait possible de faire des nouilles au micro-ondes. Et la r\u00e9ponse est : oui, c'est possible ! Et le mieux, c'est que c'est super facile et rapide. Vous pouvez...<\/p>\n<\/div><div class=\"ultp-block-readmore\"><a aria-label=\"Est-il possible de faire des nouilles au micro-ondes ?\" href=\"https:\/\/cozinhadave.com\/fr\/tem-como-fazer-miojo-no-microondas\/\">En savoir plus<svg xmlns=\"http:\/\/www.w3.org\/2000\/svg\" fill=\"none\" viewbox=\"0 0 24 24\">\n  <path stroke=\"currentColor\" stroke-linecap=\"round\" stroke-linejoin=\"round\" stroke-width=\"1.5\" d=\"m12 20.5 8.5-8.5m0 0L12 3.5m8.5 8.5h-17\"\/>\n<\/svg>\n<\/a><\/div><\/div><\/div><\/div><div class=\"ultp-block-item ultp-block-media post-id-15874\"><div class=\"ultp-block-content-wrap\"><div class=\"ultp-block-image ultp-block-image-opacity\"><a href=\"https:\/\/cozinhadave.com\/fr\/comment-proteger-les-aliments-contre-le-rayonnement-des-micro-ondes\/\"><img decoding=\"async\"  alt=\"Comment prot\u00e9ger les aliments du rayonnement des micro-ondes\"  src=\"https:\/\/cozinhadave.com\/wp-content\/uploads\/2023\/07\/Como-proteger-o-alimento-da-radiacao-do-microondas-2-600x600.jpg\" \/><\/a><\/div><div class=\"ultp-block-content\"><div class=\"ultp-category-grid ultp-category-classic ultp-category-aboveTitle\"><div class=\"ultp-category-in\"><a class=\"ultp-cat-curiosidades\" href=\"https:\/\/cozinhadave.com\/fr\/categorie\/curiosites\/\">CURIOSIT\u00c9S<\/a><\/div><\/div><h3 class=\"ultp-block-title\"><a href=\"https:\/\/cozinhadave.com\/fr\/comment-proteger-les-aliments-contre-le-rayonnement-des-micro-ondes\/\">Comment prot\u00e9ger les aliments du rayonnement des micro-ondes ?<\/a><\/h3><div class=\"ultp-block-excerpt\"><p>Comment prot\u00e9ger les aliments du rayonnement des micro-ondes Vous \u00eates-vous d\u00e9j\u00e0 demand\u00e9 si vos aliments \u00e9taient \u00e0 l'abri du rayonnement des micro-ondes ? Oui, moi aussi. Bien qu'il n'y ait aucun risque de radiation lorsque l'on chauffe des aliments au micro-ondes, il est important de savoir comment les prot\u00e9ger....<\/p>\n<\/div><div class=\"ultp-block-readmore\"><a aria-label=\"Comment prot\u00e9ger les aliments du rayonnement des micro-ondes ?\" href=\"https:\/\/cozinhadave.com\/fr\/comment-proteger-les-aliments-contre-le-rayonnement-des-micro-ondes\/\">En savoir plus<svg xmlns=\"http:\/\/www.w3.org\/2000\/svg\" fill=\"none\" viewbox=\"0 0 24 24\">\n  <path stroke=\"currentColor\" stroke-linecap=\"round\" stroke-linejoin=\"round\" stroke-width=\"1.5\" d=\"m12 20.5 8.5-8.5m0 0L12 3.5m8.5 8.5h-17\"\/>\n<\/svg>\n<\/a><\/div><\/div><\/div><\/div><div class=\"ultp-block-item ultp-block-media post-id-16600\"><div class=\"ultp-block-content-wrap\"><div class=\"ultp-block-image ultp-block-image-opacity\"><a href=\"https:\/\/cozinhadave.com\/fr\/como-esquentar-a-comida-na-airfryer\/\"><img decoding=\"async\"  alt=\"Comment r\u00e9chauffer des aliments dans le s\u00e8che-cheveux ?\"  src=\"https:\/\/cozinhadave.com\/wp-content\/uploads\/2023\/08\/Como-esquentar-a-comida-na-airfryer-600x576.jpg\" \/><\/a><\/div><div class=\"ultp-block-content\"><div class=\"ultp-category-grid ultp-category-classic ultp-category-aboveTitle\"><div class=\"ultp-category-in\"><a class=\"ultp-cat-curiosidades\" href=\"https:\/\/cozinhadave.com\/fr\/categorie\/curiosites\/\">CURIOSIT\u00c9S<\/a><\/div><\/div><h3 class=\"ultp-block-title\"><a href=\"https:\/\/cozinhadave.com\/fr\/como-esquentar-a-comida-na-airfryer\/\">Comment r\u00e9chauffer des aliments dans l&#039;airfryer : des astuces infaillibles au quotidien<\/a><\/h3><div class=\"ultp-block-excerpt\"><p>Se voc\u00ea \u00e9 como eu, adora comida quente e crocante. Mas, \u00e0s vezes, o tempo \u00e9 curto e recorrer ao micro-ondas pode deixar a comida murcha e sem sabor. \u00c9 a\u00ed que a airfryer entra em cena. Al\u00e9m de cozinhar\u2026<\/p>\n<\/div><div class=\"ultp-block-readmore\"><a aria-label=\"Comment r\u00e9chauffer des aliments dans l&#039;airfryer : des astuces infaillibles au quotidien\" href=\"https:\/\/cozinhadave.com\/fr\/como-esquentar-a-comida-na-airfryer\/\">En savoir plus<svg xmlns=\"http:\/\/www.w3.org\/2000\/svg\" fill=\"none\" viewbox=\"0 0 24 24\">\n  <path stroke=\"currentColor\" stroke-linecap=\"round\" stroke-linejoin=\"round\" stroke-width=\"1.5\" d=\"m12 20.5 8.5-8.5m0 0L12 3.5m8.5 8.5h-17\"\/>\n<\/svg>\n<\/a><\/div><\/div><\/div><\/div><\/div><div class=\"ultp-loadmore\"><span class=\"ultp-loadmore-action\" tabindex=\"0\" role=\"button\" data-pages=\"13\" data-pagenum=\"1\"  data-expost=\"\" data-blockid=\"90be0d\" data-blockname=\"ultimate-post_post-list-3\" data-postid=\"21097\" data-selfpostid=\"yes\">Voir plus d'informations <span class=\"ultp-spin\"><svg xmlns=\"http:\/\/www.w3.org\/2000\/svg\" fill=\"none\" viewbox=\"0 0 24 24\">\n  <path stroke=\"currentColor\" stroke-linecap=\"round\" stroke-linejoin=\"round\" stroke-width=\"1.5\" d=\"M21 12a9 9 0 0 1-17 4.127M3 12a9 9 0 0 1 17-4.127M20 3v5h-5M4 21v-5h5\"\/>\n<\/svg>\n<\/span><\/span><\/div><\/div><div class=\"pagination-block-html\" aria-hidden=\"true\" style=\"display: none;\"><\/div><\/div><\/div>\n\n\n\n<div class=\"wp-block-uagb-container uagb-block-179d179f\"><\/div>\n<\/div><\/div>","protected":false},"excerpt":{"rendered":"<p>CURIOSIDADES Aqui, voc\u00ea encontrar\u00e1 uma cole\u00e7\u00e3o fascinante de curiosidades intrigantes e surpreendentes relacionadas ao mundo da gastronomia. Desde fatos hist\u00f3ricos sobre pratos ic\u00f4nicos at\u00e9 segredos pouco conhecidos sobre ingredientes comuns, cada artigo \u00e9 uma viagem emocionante pelo universo da culin\u00e1ria. Prepare-se para se encantar e se inspirar com as curiosidades que revelam os bastidores e&hellip;&nbsp;<\/p>\n<div class=\"read-more-wrapper\"><a href=\"https:\/\/cozinhadave.com\/fr\/curiosites\/\" class=\"button button-secondary\" rel=\"bookmark\">Lire la suite \"<span class=\"screen-reader-text\">CURIOSIT\u00c9S<\/span><\/a><\/div>","protected":false},"author":10,"featured_media":0,"parent":0,"menu_order":0,"comment_status":"closed","ping_status":"closed","template":"","meta":{"_uag_custom_page_level_css":"","wprm-recipe-roundup-name":"","wprm-recipe-roundup-description":"","neve_meta_sidebar":"","neve_meta_container":"","neve_meta_enable_content_width":"","neve_meta_content_width":0,"neve_meta_title_alignment":"","neve_meta_author_avatar":"","neve_post_elements_order":"","neve_meta_disable_header":"","neve_meta_disable_footer":"","neve_meta_disable_title":"","neve_meta_reading_time":"","footnotes":""},"class_list":["post-21097","page","type-page","status-publish","hentry"],"uagb_featured_image_src":{"full":false,"thumbnail":false,"medium":false,"medium_large":false,"large":false,"1536x1536":false,"2048x2048":false,"trp-custom-language-flag":false,"ultp_layout_landscape_large":false,"ultp_layout_landscape":false,"ultp_layout_portrait":false,"ultp_layout_square":false,"wprm-metadata-1_1":false,"wprm-metadata-4_3":false,"wprm-metadata-16_9":false,"neve-blog":false},"uagb_author_info":{"display_name":"Paulo RIbeiro","author_link":"https:\/\/cozinhadave.com\/fr\/author\/paulomiguelribeirogmail-com\/"},"uagb_comment_info":0,"uagb_excerpt":"CURIOSIDADES Aqui, voc\u00ea encontrar\u00e1 uma cole\u00e7\u00e3o fascinante de curiosidades intrigantes e surpreendentes relacionadas ao mundo da gastronomia. Desde fatos hist\u00f3ricos sobre pratos ic\u00f4nicos at\u00e9 segredos pouco conhecidos sobre ingredientes comuns, cada artigo \u00e9 uma viagem emocionante pelo universo da culin\u00e1ria. Prepare-se para se encantar e se inspirar com as curiosidades que revelam os bastidores e&hellip;&nbsp;Ler\u2026","_links":{"self":[{"href":"https:\/\/cozinhadave.com\/fr\/wp-json\/wp\/v2\/pages\/21097","targetHints":{"allow":["GET"]}}],"collection":[{"href":"https:\/\/cozinhadave.com\/fr\/wp-json\/wp\/v2\/pages"}],"about":[{"href":"https:\/\/cozinhadave.com\/fr\/wp-json\/wp\/v2\/types\/page"}],"author":[{"embeddable":true,"href":"https:\/\/cozinhadave.com\/fr\/wp-json\/wp\/v2\/users\/10"}],"replies":[{"embeddable":true,"href":"https:\/\/cozinhadave.com\/fr\/wp-json\/wp\/v2\/comments?post=21097"}],"version-history":[{"count":0,"href":"https:\/\/cozinhadave.com\/fr\/wp-json\/wp\/v2\/pages\/21097\/revisions"}],"wp:attachment":[{"href":"https:\/\/cozinhadave.com\/fr\/wp-json\/wp\/v2\/media?parent=21097"}],"curies":[{"name":"wp","href":"https:\/\/api.w.org\/{rel}","templated":true}]}}