{"id":21097,"date":"2024-05-05T12:10:30","date_gmt":"2024-05-05T12:10:30","guid":{"rendered":"http:\/\/cozinhadave.com\/?page_id=21097"},"modified":"2024-05-05T12:32:23","modified_gmt":"2024-05-05T12:32:23","slug":"kuriositaten","status":"publish","type":"page","link":"https:\/\/cozinhadave.com\/de\/kuriositaten\/","title":{"rendered":"KURIOSIT\u00c4TEN"},"content":{"rendered":"<div class=\"wp-block-uagb-advanced-heading uagb-block-ca604257\"><h2 class=\"uagb-heading-text\">KURIOSIT\u00c4TEN<\/h2><\/div>\n\n\n\n<div class=\"wp-block-uagb-container uagb-block-26a8be47 alignfull uagb-is-root-container\"><div class=\"uagb-container-inner-blocks-wrap\">\n<div class=\"wp-block-uagb-container uagb-block-71bdc037\"><\/div>\n\n\n\n<div class=\"wp-block-uagb-container uagb-block-46bd2a80\">\n<p>Hier finden Sie eine faszinierende Sammlung verbl\u00fcffender und \u00fcberraschender Kuriosit\u00e4ten aus der Welt der Gastronomie. <\/p>\n\n\n\n<p>Von historischen Fakten \u00fcber kultige Gerichte bis hin zu wenig bekannten Geheimnissen \u00fcber g\u00e4ngige Zutaten ist jeder Artikel eine spannende Reise durch das kulinarische Universum. <\/p>\n\n\n\n<p>Lassen Sie sich verzaubern und inspirieren von den Kuriosit\u00e4ten, die den Blick hinter die Kulissen und die Besonderheiten der von uns geliebten Geschmacksrichtungen freigeben. <\/p>\n\n\n\n<p>Entdecken Sie unsere Auswahl an Artikeln und tauchen Sie ein in eine Welt kulinarischer Entdeckungen, die Ihre Neugierde wecken und Ihren Horizont in der K\u00fcche erweitern werden.<\/p>\n\n\n<div  class=\"wp-block-ultimate-post-advanced-search ultp-block-14786a\"><div class=\"ultp-block-wrapper\"><div class=\"ultp-search-container ultp-search-frontend\"  data-ajax=\"1\" data-gosearch=\"1\" data-enablenewtab=\"\" data-blockid=\"14786a\" \n                    data-image=\"1\"  data-author= \"data-date=\"\"\" data-excerpt=\"\" data-excerptlimit=\"25\" data-allresult=\"\" data-catenable=\"\"  data-postno=\"3\"  data-noresultext=\"N\u00e3o foram encontrados resultados\"   data-popupposition=\"right\" data-searchposttype=\"\"><div class=\"ultp-searchform-content ultp-searchform-input1\"><div class=\"ultp-search-inputwrap\"> <input type=\"text\" value=\"\" class=\"ultp-searchres-input\"  placeholder=\"Schreiben Sie hier, wonach Sie suchen\"\/> <span class=\"ultp-search-clear\" data-blockid=\"14786a\"><svg xmlns=\"http:\/\/www.w3.org\/2000\/svg\" fill=\"none\" viewbox=\"0 0 24 24\">\n  <path stroke=\"currentColor\" stroke-linecap=\"round\" stroke-width=\"1.5\" d=\"m6 6 6 6m0 0 6 6m-6-6 6-6m-6 6-6 6\"\/>\n<\/svg>\n<\/span> <\/div><div class=\"ultp-search-button\"><svg xmlns=\"http:\/\/www.w3.org\/2000\/svg\" fill=\"none\" viewbox=\"0 0 24 24\">\n  <path stroke=\"currentColor\" stroke-linecap=\"round\" stroke-linejoin=\"round\" stroke-width=\"1.5\" d=\"M11 19a8 8 0 1 0 0-16 8 8 0 0 0 0 16Zm10 2-4.35-4.35\"\/>\n<\/svg>\n<span class=\"ultp-search-button__text\"> Suche <\/span><\/div><\/div><\/div><\/div><\/div><\/div>\n\n\n\n<div class=\"wp-block-uagb-container uagb-block-59e8365b\"><\/div>\n<\/div><\/div>\n\n\n\n<div class=\"nv-cv-d nv-cv-m wp-block-uagb-container uagb-block-bb890383 alignfull uagb-is-root-container\"><div class=\"uagb-container-inner-blocks-wrap\">\n<div class=\"wp-block-uagb-container uagb-block-07f24e17\"><\/div>\n\n\n\n<div class=\"wp-block-uagb-container uagb-block-894989ec\"><div  class=\"ultp-post-grid-block wp-block-ultimate-post-post-list-3 ultp-block-90be0d\"><div class=\"ultp-block-wrapper\"><div class=\"ultp-loading\"><div class=\"ultp-loading-blocks\" style=\"width:100%;height:100%;\"><div style=\"left: 0;top: 0;animation-delay:0s;\"><\/div><div style=\"left: 21px;top: 0;animation-delay:0.125s;\"><\/div><div style=\"left: 42px;top: 0;animation-delay:0.25s;\"><\/div><div style=\"left: 0;top: 21px;animation-delay:0.875s;\"><\/div><div style=\"left: 42px;top: 21px;animation-delay:0.375s;\"><\/div><div style=\"left: 0;top: 42px;animation-delay:0.75s;\"><\/div><div style=\"left: 42px;top: 42px;animation-delay:0.625s;\"><\/div><div style=\"left: 21px;top: 42px;animation-delay:0.5s;\"><\/div><\/div><\/div><div class=\"ultp-heading-filter\"><div class=\"ultp-heading-filter-in\"><div class=\"ultp-filter-navigation\"><\/div><\/div><\/div><div class=\"ultp-block-items-wrap ultp-block-row ultp-block-column-1 ultp-block-content-middle ultp-layout1\"><div class=\"ultp-block-item ultp-block-media post-id-19999\"><div class=\"ultp-block-content-wrap\"><div class=\"ultp-block-image ultp-block-image-opacity\"><a href=\"https:\/\/cozinhadave.com\/de\/was-ist-die-suseste-lila-traube\/\"><img decoding=\"async\"  alt=\"Was ist die s\u00fc\u00dfeste lila Traube?\"  src=\"https:\/\/cozinhadave.com\/wp-content\/uploads\/2023\/09\/qual-a-uva-roxa-mais-doce-600x600.jpg\" \/><\/a><\/div><div class=\"ultp-block-content\"><div class=\"ultp-category-grid ultp-category-classic ultp-category-aboveTitle\"><div class=\"ultp-category-in\"><a class=\"ultp-cat-curiosidades\" href=\"https:\/\/cozinhadave.com\/de\/kategorie\/kuriositaten\/\">KURIOSIT\u00c4TEN<\/a><\/div><\/div><h3 class=\"ultp-block-title\"><a href=\"https:\/\/cozinhadave.com\/de\/was-ist-die-suseste-lila-traube\/\">Entdecken Sie die s\u00fc\u00dfeste lila Traube, die Ihnen den Tag vers\u00fc\u00dft<\/a><\/h3><div class=\"ultp-block-excerpt\"><p>Ol\u00e1, amigos! Quem n\u00e3o gosta de uma fruta doce e suculenta para alegrar o dia, n\u00e3o \u00e9 mesmo? E quando se trata de uvas roxas, h\u00e1 uma grande variedade de op\u00e7\u00f5es dispon\u00edveis, cada uma com suas caracter\u00edsticas \u00fanicas de sabor&hellip;<\/p>\n<\/div><div class=\"ultp-block-readmore\"><a aria-label=\"Entdecken Sie die s\u00fc\u00dfeste lila Traube, die Ihnen den Tag vers\u00fc\u00dft\" href=\"https:\/\/cozinhadave.com\/de\/was-ist-die-suseste-lila-traube\/\">Mehr erfahren<svg xmlns=\"http:\/\/www.w3.org\/2000\/svg\" fill=\"none\" viewbox=\"0 0 24 24\">\n  <path stroke=\"currentColor\" stroke-linecap=\"round\" stroke-linejoin=\"round\" stroke-width=\"1.5\" d=\"m12 20.5 8.5-8.5m0 0L12 3.5m8.5 8.5h-17\"\/>\n<\/svg>\n<\/a><\/div><\/div><\/div><\/div><div class=\"ultp-block-item ultp-block-media post-id-20024\"><div class=\"ultp-block-content-wrap\"><div class=\"ultp-block-image ultp-block-image-opacity\"><a href=\"https:\/\/cozinhadave.com\/de\/wie-viele-sultaninen-sind-in-100-g\/\"><img decoding=\"async\"  alt=\"wie viele Sultaninen sind in 100 g\"  src=\"https:\/\/cozinhadave.com\/wp-content\/uploads\/2023\/09\/quantas-uvas-passas-tem-em-100g-600x600.jpg\" \/><\/a><\/div><div class=\"ultp-block-content\"><div class=\"ultp-category-grid ultp-category-classic ultp-category-aboveTitle\"><div class=\"ultp-category-in\"><a class=\"ultp-cat-curiosidades\" href=\"https:\/\/cozinhadave.com\/de\/kategorie\/kuriositaten\/\">KURIOSIT\u00c4TEN<\/a><\/div><\/div><h3 class=\"ultp-block-title\"><a href=\"https:\/\/cozinhadave.com\/de\/wie-viele-sultaninen-sind-in-100-g\/\">Finde heraus, wie viele Sultaninen in 100 g enthalten sind.<\/a><\/h3><div class=\"ultp-block-excerpt\"><p>Ol\u00e1, pessoal! Hoje eu tenho uma deliciosa surpresa para voc\u00eas. Alguma vez voc\u00eas j\u00e1 se perguntaram quantas uvas passas tem em uma por\u00e7\u00e3o de 100g? Eu me fiz essa mesma pergunta e fiquei surpresa com o resultado! Descubra quantas uvas&hellip;<\/p>\n<\/div><div class=\"ultp-block-readmore\"><a aria-label=\"Finde heraus, wie viele Sultaninen in 100 g enthalten sind.\" href=\"https:\/\/cozinhadave.com\/de\/wie-viele-sultaninen-sind-in-100-g\/\">Mehr erfahren<svg xmlns=\"http:\/\/www.w3.org\/2000\/svg\" fill=\"none\" viewbox=\"0 0 24 24\">\n  <path stroke=\"currentColor\" stroke-linecap=\"round\" stroke-linejoin=\"round\" stroke-width=\"1.5\" d=\"m12 20.5 8.5-8.5m0 0L12 3.5m8.5 8.5h-17\"\/>\n<\/svg>\n<\/a><\/div><\/div><\/div><\/div><div class=\"ultp-block-item ultp-block-media post-id-20591\"><div class=\"ultp-block-content-wrap\"><div class=\"ultp-block-image ultp-block-image-opacity\"><a href=\"https:\/\/cozinhadave.com\/de\/como-descongelar-feijao\/\"><img decoding=\"async\"  alt=\"Bohnen auftauen\"  src=\"https:\/\/cozinhadave.com\/wp-content\/uploads\/2023\/09\/como-descongelar-feijao-600x600.jpg\" \/><\/a><\/div><div class=\"ultp-block-content\"><div class=\"ultp-category-grid ultp-category-classic ultp-category-aboveTitle\"><div class=\"ultp-category-in\"><a class=\"ultp-cat-curiosidades\" href=\"https:\/\/cozinhadave.com\/de\/kategorie\/kuriositaten\/\">KURIOSIT\u00c4TEN<\/a><\/div><\/div><h3 class=\"ultp-block-title\"><a href=\"https:\/\/cozinhadave.com\/de\/como-descongelar-feijao\/\">So tauen Sie Bohnen auf: Eine praktische und unterhaltsame Anleitung<\/a><\/h3><div class=\"ultp-block-excerpt\"><p>A praticidade do congelamento de feij\u00e3o Ol\u00e1 amigos! Eu sou uma entusiasta do congelamento de alimentos e hoje vou compartilhar com voc\u00eas sobre a praticidade de congelar feij\u00e3o. Afinal, quem n\u00e3o ama ter um prato delicioso de feij\u00e3o fresquinho para&hellip;<\/p>\n<\/div><div class=\"ultp-block-readmore\"><a aria-label=\"So tauen Sie Bohnen auf: Eine praktische und unterhaltsame Anleitung\" href=\"https:\/\/cozinhadave.com\/de\/como-descongelar-feijao\/\">Mehr erfahren<svg xmlns=\"http:\/\/www.w3.org\/2000\/svg\" fill=\"none\" viewbox=\"0 0 24 24\">\n  <path stroke=\"currentColor\" stroke-linecap=\"round\" stroke-linejoin=\"round\" stroke-width=\"1.5\" d=\"m12 20.5 8.5-8.5m0 0L12 3.5m8.5 8.5h-17\"\/>\n<\/svg>\n<\/a><\/div><\/div><\/div><\/div><div class=\"ultp-block-item ultp-block-media post-id-16045\"><div class=\"ultp-block-content-wrap\"><div class=\"ultp-block-image ultp-block-image-opacity\"><a href=\"https:\/\/cozinhadave.com\/de\/e-saudavel-usar-micro-ondas\/\"><img decoding=\"async\"  alt=\"Ist es gesund, Mikrowellen zu benutzen?\"  src=\"https:\/\/cozinhadave.com\/wp-content\/uploads\/2023\/08\/E-saudavel-usar-micro-ondas-1-600x600.jpg\" \/><\/a><\/div><div class=\"ultp-block-content\"><div class=\"ultp-category-grid ultp-category-classic ultp-category-aboveTitle\"><div class=\"ultp-category-in\"><a class=\"ultp-cat-curiosidades\" href=\"https:\/\/cozinhadave.com\/de\/kategorie\/kuriositaten\/\">KURIOSIT\u00c4TEN<\/a><\/div><\/div><h3 class=\"ultp-block-title\"><a href=\"https:\/\/cozinhadave.com\/de\/e-saudavel-usar-micro-ondas\/\">Ist es gesund, eine Mikrowelle zu benutzen?<\/a><\/h3><div class=\"ultp-block-excerpt\"><p>\u00c9 saud\u00e1vel usar micro-ondas? O&nbsp;uso do micro-ondas&nbsp;\u00e9 uma pr\u00e1tica comum que gera d\u00favidas: esse eletrodom\u00e9stico \u00e9 realmente seguro e saud\u00e1vel para aquecer alimentos? As&nbsp;ondas eletromagn\u00e9ticas&nbsp;produzidas pelo micro-ondas t\u00eam a fun\u00e7\u00e3o de&nbsp;agitar as mol\u00e9culas de \u00e1gua&nbsp;dos alimentos,&nbsp;gerando calor&nbsp;que os esquenta. Neste&hellip;<\/p>\n<\/div><div class=\"ultp-block-readmore\"><a aria-label=\"Ist es gesund, eine Mikrowelle zu benutzen?\" href=\"https:\/\/cozinhadave.com\/de\/e-saudavel-usar-micro-ondas\/\">Mehr erfahren<svg xmlns=\"http:\/\/www.w3.org\/2000\/svg\" fill=\"none\" viewbox=\"0 0 24 24\">\n  <path stroke=\"currentColor\" stroke-linecap=\"round\" stroke-linejoin=\"round\" stroke-width=\"1.5\" d=\"m12 20.5 8.5-8.5m0 0L12 3.5m8.5 8.5h-17\"\/>\n<\/svg>\n<\/a><\/div><\/div><\/div><\/div><div class=\"ultp-block-item ultp-block-media post-id-18757\"><div class=\"ultp-block-content-wrap\"><div class=\"ultp-block-image ultp-block-image-opacity\"><a href=\"https:\/\/cozinhadave.com\/de\/evolucao-do-chocolate-ao-longo-dos-seculos\/\"><img decoding=\"async\"  alt=\"Erstaunliche Fakten \u00fcber die Entwicklung der Schokolade im Laufe der Jahrhunderte\"  src=\"https:\/\/cozinhadave.com\/wp-content\/uploads\/2023\/08\/Curiosidades-surpreendentes-sobre-a-evolucao-do-chocolate-ao-longo-dos-seculos-600x600.jpg\" \/><\/a><\/div><div class=\"ultp-block-content\"><div class=\"ultp-category-grid ultp-category-classic ultp-category-aboveTitle\"><div class=\"ultp-category-in\"><a class=\"ultp-cat-curiosidades\" href=\"https:\/\/cozinhadave.com\/de\/kategorie\/kuriositaten\/\">KURIOSIT\u00c4TEN<\/a><\/div><\/div><h3 class=\"ultp-block-title\"><a href=\"https:\/\/cozinhadave.com\/de\/evolucao-do-chocolate-ao-longo-dos-seculos\/\">Erstaunliche Fakten \u00fcber die Entwicklung der Schokolade im Laufe der Jahrhunderte<\/a><\/h3><div class=\"ultp-block-excerpt\"><p>Ah, o chocolate! Querido por muitos, este doce indulgente tem uma hist\u00f3ria rica e fascinante que remonta \u00e0s antigas civiliza\u00e7\u00f5es da Am\u00e9rica Central. Nesta se\u00e7\u00e3o, vamos mergulhar nas curiosidades surpreendentes sobre a evolu\u00e7\u00e3o do chocolate ao longo dos s\u00e9culos, desde&hellip;<\/p>\n<\/div><div class=\"ultp-block-readmore\"><a aria-label=\"Erstaunliche Fakten \u00fcber die Entwicklung der Schokolade im Laufe der Jahrhunderte\" href=\"https:\/\/cozinhadave.com\/de\/evolucao-do-chocolate-ao-longo-dos-seculos\/\">Mehr erfahren<svg xmlns=\"http:\/\/www.w3.org\/2000\/svg\" fill=\"none\" viewbox=\"0 0 24 24\">\n  <path stroke=\"currentColor\" stroke-linecap=\"round\" stroke-linejoin=\"round\" stroke-width=\"1.5\" d=\"m12 20.5 8.5-8.5m0 0L12 3.5m8.5 8.5h-17\"\/>\n<\/svg>\n<\/a><\/div><\/div><\/div><\/div><div class=\"ultp-block-item ultp-block-media post-id-16577\"><div class=\"ultp-block-content-wrap\"><div class=\"ultp-block-image ultp-block-image-opacity\"><a href=\"https:\/\/cozinhadave.com\/de\/o-que-gasta-mais-energia-airfryer-ou-microondas\/\"><img decoding=\"async\"  alt=\"Was verbraucht mehr Energie: Hei\u00dfluftf\u00f6n oder Mikrowelle?\"  src=\"https:\/\/cozinhadave.com\/wp-content\/uploads\/2023\/08\/O-que-gasta-mais-energia-airfryer-ou-microondas-600x576.jpg\" \/><\/a><\/div><div class=\"ultp-block-content\"><div class=\"ultp-category-grid ultp-category-classic ultp-category-aboveTitle\"><div class=\"ultp-category-in\"><a class=\"ultp-cat-curiosidades\" href=\"https:\/\/cozinhadave.com\/de\/kategorie\/kuriositaten\/\">KURIOSIT\u00c4TEN<\/a><\/div><\/div><h3 class=\"ultp-block-title\"><a href=\"https:\/\/cozinhadave.com\/de\/o-que-gasta-mais-energia-airfryer-ou-microondas\/\">Was verbraucht mehr Energie: Airfryer oder Mikrowelle?<\/a><\/h3><div class=\"ultp-block-excerpt\"><p>Ol\u00e1, pessoal! Aqui \u00e9 O Paulo Ribeiro, amante da culin\u00e1ria , e hoje vou falar sobre um assunto que pode causar pol\u00eamica na cozinha: afinal, o que gasta mais energia, airfryer ou microondas? O que gasta mais energia Airfryer ou&hellip;<\/p>\n<\/div><div class=\"ultp-block-readmore\"><a aria-label=\"Was verbraucht mehr Energie: Airfryer oder Mikrowelle?\" href=\"https:\/\/cozinhadave.com\/de\/o-que-gasta-mais-energia-airfryer-ou-microondas\/\">Mehr erfahren<svg xmlns=\"http:\/\/www.w3.org\/2000\/svg\" fill=\"none\" viewbox=\"0 0 24 24\">\n  <path stroke=\"currentColor\" stroke-linecap=\"round\" stroke-linejoin=\"round\" stroke-width=\"1.5\" d=\"m12 20.5 8.5-8.5m0 0L12 3.5m8.5 8.5h-17\"\/>\n<\/svg>\n<\/a><\/div><\/div><\/div><\/div><div class=\"ultp-block-item ultp-block-media post-id-20418\"><div class=\"ultp-block-content-wrap\"><div class=\"ultp-block-image ultp-block-image-opacity\"><a href=\"https:\/\/cozinhadave.com\/de\/quando-a-fruta-pao-esta-madura\/\"><img decoding=\"async\"  alt=\"Wenn die Brotfrucht reif ist\"  src=\"https:\/\/cozinhadave.com\/wp-content\/uploads\/2023\/09\/quando-a-fruta-pao-esta-madura-600x600.jpg\" \/><\/a><\/div><div class=\"ultp-block-content\"><div class=\"ultp-category-grid ultp-category-classic ultp-category-aboveTitle\"><div class=\"ultp-category-in\"><a class=\"ultp-cat-curiosidades\" href=\"https:\/\/cozinhadave.com\/de\/kategorie\/kuriositaten\/\">KURIOSIT\u00c4TEN<\/a><\/div><\/div><h3 class=\"ultp-block-title\"><a href=\"https:\/\/cozinhadave.com\/de\/quando-a-fruta-pao-esta-madura\/\">Finden Sie heraus, wann Brotfr\u00fcchte reif sind, ein unglaublicher Leitfaden!<\/a><\/h3><div class=\"ultp-block-excerpt\"><p>Ol\u00e1, caros leitores! Se voc\u00ea \u00e9 como eu, ama experimentar novas frutas tropicais. E uma delas \u00e9 a fruta p\u00e3o, que tem um sabor \u00fanico e textura deliciosa quando est\u00e1 madura. Mas como saber quando a fruta p\u00e3o est\u00e1 no&hellip;<\/p>\n<\/div><div class=\"ultp-block-readmore\"><a aria-label=\"Finden Sie heraus, wann Brotfr\u00fcchte reif sind, ein unglaublicher Leitfaden!\" href=\"https:\/\/cozinhadave.com\/de\/quando-a-fruta-pao-esta-madura\/\">Mehr erfahren<svg xmlns=\"http:\/\/www.w3.org\/2000\/svg\" fill=\"none\" viewbox=\"0 0 24 24\">\n  <path stroke=\"currentColor\" stroke-linecap=\"round\" stroke-linejoin=\"round\" stroke-width=\"1.5\" d=\"m12 20.5 8.5-8.5m0 0L12 3.5m8.5 8.5h-17\"\/>\n<\/svg>\n<\/a><\/div><\/div><\/div><\/div><div class=\"ultp-block-item ultp-block-media post-id-20430\"><div class=\"ultp-block-content-wrap\"><div class=\"ultp-block-image ultp-block-image-opacity\"><a href=\"https:\/\/cozinhadave.com\/de\/schwarze-pflaume-ist-gut-fur-eingeklemmte-darme\/\"><img decoding=\"async\"  alt=\"nat\u00fcrliches Heilmittel gegen Verstopfung\"  src=\"https:\/\/cozinhadave.com\/wp-content\/uploads\/2023\/09\/remedio-natural-para-intestino-preso-600x600.jpg\" \/><\/a><\/div><div class=\"ultp-block-content\"><div class=\"ultp-category-grid ultp-category-classic ultp-category-aboveTitle\"><div class=\"ultp-category-in\"><a class=\"ultp-cat-curiosidades\" href=\"https:\/\/cozinhadave.com\/de\/kategorie\/kuriositaten\/\">KURIOSIT\u00c4TEN<\/a><\/div><\/div><h3 class=\"ultp-block-title\"><a href=\"https:\/\/cozinhadave.com\/de\/schwarze-pflaume-ist-gut-fur-eingeklemmte-darme\/\">Ist schwarze Pflaume gut gegen Verstopfung? Entdecken Sie hier!<\/a><\/h3><div class=\"ultp-block-excerpt\"><p>Ol\u00e1, querido leitor! Voc\u00ea j\u00e1 se perguntou se a ameixa preta \u00e9 boa para o intestino preso? Bom, eu tamb\u00e9m j\u00e1 me fiz essa pergunta e decidi investigar um pouco mais sobre o assunto. Ameixa Preta \u00c9 Bom Para Intestino&hellip;<\/p>\n<\/div><div class=\"ultp-block-readmore\"><a aria-label=\"Ist schwarze Pflaume gut gegen Verstopfung? Entdecken Sie hier!\" href=\"https:\/\/cozinhadave.com\/de\/schwarze-pflaume-ist-gut-fur-eingeklemmte-darme\/\">Mehr erfahren<svg xmlns=\"http:\/\/www.w3.org\/2000\/svg\" fill=\"none\" viewbox=\"0 0 24 24\">\n  <path stroke=\"currentColor\" stroke-linecap=\"round\" stroke-linejoin=\"round\" stroke-width=\"1.5\" d=\"m12 20.5 8.5-8.5m0 0L12 3.5m8.5 8.5h-17\"\/>\n<\/svg>\n<\/a><\/div><\/div><\/div><\/div><div class=\"ultp-block-item ultp-block-media post-id-20407\"><div class=\"ultp-block-content-wrap\"><div class=\"ultp-block-image ultp-block-image-opacity\"><a href=\"https:\/\/cozinhadave.com\/de\/schwarze-pflaume-und-kaloriengehalt\/\"><img decoding=\"async\"  alt=\"schwarze Pflaume ist kalorienreich\"  src=\"https:\/\/cozinhadave.com\/wp-content\/uploads\/2023\/09\/ameixa-preta-e-calorica-600x600.jpg\" \/><\/a><\/div><div class=\"ultp-block-content\"><div class=\"ultp-category-grid ultp-category-classic ultp-category-aboveTitle\"><div class=\"ultp-category-in\"><a class=\"ultp-cat-curiosidades\" href=\"https:\/\/cozinhadave.com\/de\/kategorie\/kuriositaten\/\">KURIOSIT\u00c4TEN<\/a><\/div><\/div><h3 class=\"ultp-block-title\"><a href=\"https:\/\/cozinhadave.com\/de\/schwarze-pflaume-und-kaloriengehalt\/\">Sind schwarze Pflaumen kalorienreich? L\u00fcften Sie dieses kulinarische Geheimnis!<\/a><\/h3><div class=\"ultp-block-excerpt\"><p>Quando se trata de frutas, a ameixa preta \u00e9 uma das mais populares do mundo. \u00c9 doce, suculenta e repleta de nutrientes essenciais para o corpo. Mas muitas pessoas se perguntam se a ameixa preta \u00e9 cal\u00f3rica, e se pode&hellip;<\/p>\n<\/div><div class=\"ultp-block-readmore\"><a aria-label=\"Sind schwarze Pflaumen kalorienreich? L\u00fcften Sie dieses kulinarische Geheimnis!\" href=\"https:\/\/cozinhadave.com\/de\/schwarze-pflaume-und-kaloriengehalt\/\">Mehr erfahren<svg xmlns=\"http:\/\/www.w3.org\/2000\/svg\" fill=\"none\" viewbox=\"0 0 24 24\">\n  <path stroke=\"currentColor\" stroke-linecap=\"round\" stroke-linejoin=\"round\" stroke-width=\"1.5\" d=\"m12 20.5 8.5-8.5m0 0L12 3.5m8.5 8.5h-17\"\/>\n<\/svg>\n<\/a><\/div><\/div><\/div><\/div><div class=\"ultp-block-item ultp-block-media post-id-20464\"><div class=\"ultp-block-content-wrap\"><div class=\"ultp-block-image ultp-block-image-opacity\"><a href=\"https:\/\/cozinhadave.com\/de\/darf-man-die-schale-der-grafenfrucht-essen\/\"><img decoding=\"async\"  alt=\"Kann man die Schale der Conde-Frucht essen?\"  src=\"https:\/\/cozinhadave.com\/wp-content\/uploads\/2023\/09\/pode-comer-a-casca-da-fruta-do-conde-600x600.jpg\" \/><\/a><\/div><div class=\"ultp-block-content\"><div class=\"ultp-category-grid ultp-category-classic ultp-category-aboveTitle\"><div class=\"ultp-category-in\"><a class=\"ultp-cat-curiosidades\" href=\"https:\/\/cozinhadave.com\/de\/kategorie\/kuriositaten\/\">KURIOSIT\u00c4TEN<\/a><\/div><\/div><h3 class=\"ultp-block-title\"><a href=\"https:\/\/cozinhadave.com\/de\/darf-man-die-schale-der-grafenfrucht-essen\/\">Kann man die Schale der Conde-Frucht essen? Lass es uns herausfinden!<\/a><\/h3><div class=\"ultp-block-excerpt\"><p>Hallo, alle zusammen! Wenn Sie wie ich sind, lieben Sie es, neue Dinge in der K\u00fcche auszuprobieren. Und wenn es um exotische Fr\u00fcchte geht, ist die Kondenswurzel einer meiner Favoriten. Aber kann man die Schale dieser leckeren Frucht essen? Das wollen wir herausfinden! Man kann sie essen...<\/p>\n<\/div><div class=\"ultp-block-readmore\"><a aria-label=\"Kann man die Schale der Conde-Frucht essen? Lass es uns herausfinden!\" href=\"https:\/\/cozinhadave.com\/de\/darf-man-die-schale-der-grafenfrucht-essen\/\">Mehr erfahren<svg xmlns=\"http:\/\/www.w3.org\/2000\/svg\" fill=\"none\" viewbox=\"0 0 24 24\">\n  <path stroke=\"currentColor\" stroke-linecap=\"round\" stroke-linejoin=\"round\" stroke-width=\"1.5\" d=\"m12 20.5 8.5-8.5m0 0L12 3.5m8.5 8.5h-17\"\/>\n<\/svg>\n<\/a><\/div><\/div><\/div><\/div><\/div><div class=\"ultp-loadmore\"><span class=\"ultp-loadmore-action\" tabindex=\"0\" role=\"button\" data-pages=\"13\" data-pagenum=\"1\"  data-expost=\"\" data-blockid=\"90be0d\" data-blockname=\"ultimate-post_post-list-3\" data-postid=\"21097\" data-selfpostid=\"yes\">Mehr sehen <span class=\"ultp-spin\"><svg xmlns=\"http:\/\/www.w3.org\/2000\/svg\" fill=\"none\" viewbox=\"0 0 24 24\">\n  <path stroke=\"currentColor\" stroke-linecap=\"round\" stroke-linejoin=\"round\" stroke-width=\"1.5\" d=\"M21 12a9 9 0 0 1-17 4.127M3 12a9 9 0 0 1 17-4.127M20 3v5h-5M4 21v-5h5\"\/>\n<\/svg>\n<\/span><\/span><\/div><\/div><div class=\"pagination-block-html\" aria-hidden=\"true\" style=\"display: none;\"><\/div><\/div><\/div>\n\n\n\n<div class=\"wp-block-uagb-container uagb-block-179d179f\"><\/div>\n<\/div><\/div>","protected":false},"excerpt":{"rendered":"<p>CURIOSIDADES Aqui, voc\u00ea encontrar\u00e1 uma cole\u00e7\u00e3o fascinante de curiosidades intrigantes e surpreendentes relacionadas ao mundo da gastronomia. Desde fatos hist\u00f3ricos sobre pratos ic\u00f4nicos at\u00e9 segredos pouco conhecidos sobre ingredientes comuns, cada artigo \u00e9 uma viagem emocionante pelo universo da culin\u00e1ria. Prepare-se para se encantar e se inspirar com as curiosidades que revelam os bastidores e&hellip;&nbsp;<\/p>\n<div class=\"read-more-wrapper\"><a href=\"https:\/\/cozinhadave.com\/de\/kuriositaten\/\" class=\"button button-secondary\" rel=\"bookmark\">Mehr lesen \"<span class=\"screen-reader-text\">KURIOSIT\u00c4TEN<\/span><\/a><\/div>","protected":false},"author":10,"featured_media":0,"parent":0,"menu_order":0,"comment_status":"closed","ping_status":"closed","template":"","meta":{"_uag_custom_page_level_css":"","wprm-recipe-roundup-name":"","wprm-recipe-roundup-description":"","neve_meta_sidebar":"","neve_meta_container":"","neve_meta_enable_content_width":"","neve_meta_content_width":0,"neve_meta_title_alignment":"","neve_meta_author_avatar":"","neve_post_elements_order":"","neve_meta_disable_header":"","neve_meta_disable_footer":"","neve_meta_disable_title":"","neve_meta_reading_time":"","footnotes":""},"class_list":["post-21097","page","type-page","status-publish","hentry"],"uagb_featured_image_src":{"full":false,"thumbnail":false,"medium":false,"medium_large":false,"large":false,"1536x1536":false,"2048x2048":false,"trp-custom-language-flag":false,"ultp_layout_landscape_large":false,"ultp_layout_landscape":false,"ultp_layout_portrait":false,"ultp_layout_square":false,"wprm-metadata-1_1":false,"wprm-metadata-4_3":false,"wprm-metadata-16_9":false,"neve-blog":false},"uagb_author_info":{"display_name":"Paulo RIbeiro","author_link":"https:\/\/cozinhadave.com\/de\/author\/paulomiguelribeirogmail-com\/"},"uagb_comment_info":0,"uagb_excerpt":"CURIOSIDADES Aqui, voc\u00ea encontrar\u00e1 uma cole\u00e7\u00e3o fascinante de curiosidades intrigantes e surpreendentes relacionadas ao mundo da gastronomia. Desde fatos hist\u00f3ricos sobre pratos ic\u00f4nicos at\u00e9 segredos pouco conhecidos sobre ingredientes comuns, cada artigo \u00e9 uma viagem emocionante pelo universo da culin\u00e1ria. Prepare-se para se encantar e se inspirar com as curiosidades que revelam os bastidores e&hellip;&nbsp;Ler&hellip;","_links":{"self":[{"href":"https:\/\/cozinhadave.com\/de\/wp-json\/wp\/v2\/pages\/21097","targetHints":{"allow":["GET"]}}],"collection":[{"href":"https:\/\/cozinhadave.com\/de\/wp-json\/wp\/v2\/pages"}],"about":[{"href":"https:\/\/cozinhadave.com\/de\/wp-json\/wp\/v2\/types\/page"}],"author":[{"embeddable":true,"href":"https:\/\/cozinhadave.com\/de\/wp-json\/wp\/v2\/users\/10"}],"replies":[{"embeddable":true,"href":"https:\/\/cozinhadave.com\/de\/wp-json\/wp\/v2\/comments?post=21097"}],"version-history":[{"count":0,"href":"https:\/\/cozinhadave.com\/de\/wp-json\/wp\/v2\/pages\/21097\/revisions"}],"wp:attachment":[{"href":"https:\/\/cozinhadave.com\/de\/wp-json\/wp\/v2\/media?parent=21097"}],"curies":[{"name":"wp","href":"https:\/\/api.w.org\/{rel}","templated":true}]}}