{"id":20961,"date":"2024-05-03T10:47:55","date_gmt":"2024-05-03T10:47:55","guid":{"rendered":"http:\/\/cozinhadave.com\/?page_id=20961"},"modified":"2024-05-05T12:35:07","modified_gmt":"2024-05-05T12:35:07","slug":"home","status":"publish","type":"page","link":"https:\/\/cozinhadave.com\/de\/","title":{"rendered":"home"},"content":{"rendered":"<div class=\"wp-block-uagb-advanced-heading uagb-block-3f2ff4df\"><h2 class=\"uagb-heading-text\">Empfohlene Rezepte<\/h2><p class=\"uagb-desc-text\">Sehen Sie sich die Rezepte der Stunde an...<\/p><\/div>\n\n\n\n<div class=\"wp-block-uagb-container uagb-block-2f959201 alignfull uagb-is-root-container\"><div class=\"uagb-container-inner-blocks-wrap\">\n<div class=\"wp-block-uagb-container uagb-block-0b80f6f1\"><\/div>\n\n\n\n<div class=\"wp-block-uagb-container uagb-block-bfd60a5b\"><div  class=\"ultp-post-grid-block wp-block-ultimate-post-post-grid-5 ultp-block-d71e69\"><div class=\"ultp-block-wrapper\"><div class=\"ultp-loading\"><div class=\"ultp-loading-blocks\" style=\"width:100%;height:100%;\"><div style=\"left: 0;top: 0;animation-delay:0s;\"><\/div><div style=\"left: 21px;top: 0;animation-delay:0.125s;\"><\/div><div style=\"left: 42px;top: 0;animation-delay:0.25s;\"><\/div><div style=\"left: 0;top: 21px;animation-delay:0.875s;\"><\/div><div style=\"left: 42px;top: 21px;animation-delay:0.375s;\"><\/div><div style=\"left: 0;top: 42px;animation-delay:0.75s;\"><\/div><div style=\"left: 42px;top: 42px;animation-delay:0.625s;\"><\/div><div style=\"left: 21px;top: 42px;animation-delay:0.5s;\"><\/div><\/div><\/div><div class=\"ultp-block-items-wrap ultp-block-row ultp-layout3 ultp-block-content-false\"><div class=\"ultp-block-item post-id-5051\"><div class=\"ultp-block-content-wrap ultp-block-content-overlay\"><div class=\"ultp-block-image ultp-block-image-zoomIn ultp-block-image-overlay ultp-block-image-simgleGradient\"><a href=\"https:\/\/cozinhadave.com\/de\/eisgekuhlter-ananas-dessert\/\"><img decoding=\"async\"   alt=\"Das beste gefrorene Ananas-Dessert \u2013 Ananas Semifrio\" src=\"https:\/\/cozinhadave.com\/wp-content\/uploads\/2021\/01\/semifrio-de-abacaxi.jpg\" \/><\/a><\/div><div class=\"ultp-block-content ultp-block-content-bottomPosition\"><div class=\"ultp-block-content-inner\"><h3 class=\"ultp-block-title\"><a href=\"https:\/\/cozinhadave.com\/de\/eisgekuhlter-ananas-dessert\/\">Das beste gefrorene Ananas-Dessert \u2013 Ananas Semifrio<\/a><\/h3><\/div><\/div><\/div><\/div><div class=\"ultp-block-item post-id-14471\"><div class=\"ultp-block-content-wrap ultp-block-content-overlay\"><div class=\"ultp-block-image ultp-block-image-zoomIn ultp-block-image-overlay ultp-block-image-simgleGradient\"><a href=\"https:\/\/cozinhadave.com\/de\/kohlenhydratarme-spinatsuppe\/\"><img decoding=\"async\"   alt=\"low carb spinatsuppe\" src=\"https:\/\/cozinhadave.com\/wp-content\/uploads\/2022\/11\/sopa-de-espinafre-low-carb-600x600.jpg\" \/><\/a><\/div><div class=\"ultp-block-content ultp-block-content-bottomPosition\"><div class=\"ultp-block-content-inner\"><h3 class=\"ultp-block-title\"><a href=\"https:\/\/cozinhadave.com\/de\/kohlenhydratarme-spinatsuppe\/\">low carb spinatsuppe<\/a><\/h3><\/div><\/div><\/div><\/div><div class=\"ultp-block-item post-id-11643\"><div class=\"ultp-block-content-wrap ultp-block-content-overlay\"><div class=\"ultp-block-image ultp-block-image-zoomIn ultp-block-image-overlay ultp-block-image-simgleGradient\"><a href=\"https:\/\/cozinhadave.com\/de\/carioca-bohnen-salat\/\"><img decoding=\"async\"   alt=\"Bohnensalat\" src=\"https:\/\/cozinhadave.com\/wp-content\/uploads\/2022\/05\/Salada-de-feija\u0303o-carioca-blog.webp\" \/><\/a><\/div><div class=\"ultp-block-content ultp-block-content-bottomPosition\"><div class=\"ultp-block-content-inner\"><h3 class=\"ultp-block-title\"><a href=\"https:\/\/cozinhadave.com\/de\/carioca-bohnen-salat\/\">Bohnensalat<\/a><\/h3><\/div><\/div><\/div><\/div><div class=\"ultp-block-item post-id-14515\"><div class=\"ultp-block-content-wrap ultp-block-content-overlay\"><div class=\"ultp-block-image ultp-block-image-zoomIn ultp-block-image-overlay ultp-block-image-simgleGradient\"><a href=\"https:\/\/cozinhadave.com\/de\/bruhe-grun-mit-maismehl-und-paprika\/\"><img decoding=\"async\"   alt=\"Caldo Verde mit Maismehl und Peperoni\" src=\"https:\/\/cozinhadave.com\/wp-content\/uploads\/2022\/11\/caldo-verde-com-fuba-e-calabresa-600x600.jpg\" \/><\/a><\/div><div class=\"ultp-block-content ultp-block-content-bottomPosition\"><div class=\"ultp-block-content-inner\"><h3 class=\"ultp-block-title\"><a href=\"https:\/\/cozinhadave.com\/de\/bruhe-grun-mit-maismehl-und-paprika\/\">Caldo Verde mit Maismehl und Peperoni<\/a><\/h3><\/div><\/div><\/div><\/div><\/div><\/div><div class=\"pagination-block-html\" aria-hidden=\"true\" style=\"display: none;\"><\/div><\/div><\/div>\n\n\n\n<div class=\"wp-block-uagb-container uagb-block-0a9d91e5\"><\/div>\n<\/div><\/div>\n\n\n\n<div class=\"wp-block-uagb-advanced-heading uagb-block-1df0fcd2\"><h2 class=\"uagb-heading-text\">NEUESTE REZEPTE<\/h2><\/div>\n\n\n\n<div class=\"nv-cv-m wp-block-uagb-container uagb-layout-flex uagb-block-0878f030 alignfull uagb-is-root-container\"><div class=\"uagb-container-inner-blocks-wrap\">\n<div class=\"wp-block-uagb-container uagb-block-60f5348d\"><\/div>\n\n\n\n<div class=\"wp-block-uagb-container uagb-block-607f21dc\"><div  class=\"ultp-post-grid-block wp-block-ultimate-post-post-list-3 ultp-block-f68201\"><div class=\"ultp-block-wrapper\" ><div class=\"ultp-loading\"><div class=\"ultp-loading-blocks\" style=\"width:100%;height:100%;\"><div style=\"left: 0;top: 0;animation-delay:0s;\"><\/div><div style=\"left: 21px;top: 0;animation-delay:0.125s;\"><\/div><div style=\"left: 42px;top: 0;animation-delay:0.25s;\"><\/div><div style=\"left: 0;top: 21px;animation-delay:0.875s;\"><\/div><div style=\"left: 42px;top: 21px;animation-delay:0.375s;\"><\/div><div style=\"left: 0;top: 42px;animation-delay:0.75s;\"><\/div><div style=\"left: 42px;top: 42px;animation-delay:0.625s;\"><\/div><div style=\"left: 21px;top: 42px;animation-delay:0.5s;\"><\/div><\/div><\/div><div class=\"ultp-block-items-wrap ultp-block-row ultp-block-column-1 ultp-block-content-middle ultp-layout1\"><div class=\"ultp-block-item ultp-block-media post-id-21117\"><div class=\"ultp-block-content-wrap\"><div class=\"ultp-block-image ultp-block-image-opacity\"><a href=\"https:\/\/cozinhadave.com\/de\/gebackene-suskartoffel-aus-der-fritteuse\/\"><img decoding=\"async\"  alt=\"Rezept f\u00fcr gebackene S\u00fc\u00dfkartoffeln aus der Fritteuse\"  src=\"https:\/\/cozinhadave.com\/wp-content\/uploads\/2024\/05\/Receita-de-batata-doce-assada-na-air-fryer-600x585.jpg\" \/><\/a><\/div><div class=\"ultp-block-content\"><h3 class=\"ultp-block-title\"><a href=\"https:\/\/cozinhadave.com\/de\/gebackene-suskartoffel-aus-der-fritteuse\/\">Gebackene S\u00fc\u00dfkartoffel in der Hei\u00dfluftfritteuse<\/a><\/h3><div class=\"ultp-block-excerpt\"><p>Oi, meus queridos! Voc\u00eas estavam pedindo uma receita pr\u00e1tica e saud\u00e1vel, n\u00e3o \u00e9 mesmo? Ent\u00e3o hoje eu trouxe para voc\u00eas uma op\u00e7\u00e3o incr\u00edvel: Batata Doce Assada na Air Fryer! Essa receita \u00e9 super f\u00e1cil de fazer e o resultado \u00e9&hellip;<\/p>\n<\/div><\/div><\/div><\/div><div class=\"ultp-block-item ultp-block-media post-id-20839\"><div class=\"ultp-block-content-wrap\"><div class=\"ultp-block-image ultp-block-image-opacity\"><a href=\"https:\/\/cozinhadave.com\/de\/wie-man-couscous-in-der-mikrowelle-zubereitet\/\"><img decoding=\"async\"  alt=\"Wie man Couscous in der Mikrowelle zubereitet\"  src=\"https:\/\/cozinhadave.com\/wp-content\/uploads\/2023\/11\/como-cozinhar-cuscuz-no-microondas-600x585.jpg\" \/><\/a><\/div><div class=\"ultp-block-content\"><h3 class=\"ultp-block-title\"><a href=\"https:\/\/cozinhadave.com\/de\/wie-man-couscous-in-der-mikrowelle-zubereitet\/\">So bereiten Sie Couscous in der Mikrowelle in nur 3 Minuten zu!<\/a><\/h3><div class=\"ultp-block-excerpt\"><p>Ol\u00e1, pessoal! Hoje vou compartilhar com voc\u00eas uma receita pr\u00e1tica e saborosa, como fazer cuscuz no microondas. Al\u00e9m da receita tradicional, vou mostrar como fazer cuscuz de milho, cuscuz de tapioca e cuscuz de arroz usando apenas o microondas. \u00c9&hellip;<\/p>\n<\/div><\/div><\/div><\/div><div class=\"ultp-block-item ultp-block-media post-id-16793\"><div class=\"ultp-block-content-wrap\"><div class=\"ultp-block-image ultp-block-image-opacity\"><a href=\"https:\/\/cozinhadave.com\/de\/schweinebohnen\/\"><img decoding=\"async\"  alt=\"Schweinebohnen\"  src=\"https:\/\/cozinhadave.com\/wp-content\/uploads\/2023\/08\/feijao-de-porco-2-600x600.jpg\" \/><\/a><\/div><div class=\"ultp-block-content\"><h3 class=\"ultp-block-title\"><a href=\"https:\/\/cozinhadave.com\/de\/schweinebohnen\/\">Die k\u00f6stlichen Schweinebohnen: mein Geschmackserlebnis<\/a><\/h3><div class=\"ultp-block-excerpt\"><p>Saboreando o delicioso Feij\u00e3o de porco: minha experi\u00eancia saborosa Ah, o Feij\u00e3o de porco&#8230; Uma das minhas comidas favoritas desde a inf\u00e2ncia. Lembro-me dos almo\u00e7os de domingo com a fam\u00edlia, onde sempre havia uma panela fumegante de Feij\u00e3o de porco&hellip;<\/p>\n<\/div><\/div><\/div><\/div><div class=\"ultp-block-item ultp-block-media post-id-17940\"><div class=\"ultp-block-content-wrap\"><div class=\"ultp-block-image ultp-block-image-opacity\"><a href=\"https:\/\/cozinhadave.com\/de\/wie-man-kartoffeln-in-der-fritteuse-frittiert\/\"><img decoding=\"async\"  alt=\"Wie man Kartoffeln in der Fritteuse frittiert\"  src=\"https:\/\/cozinhadave.com\/wp-content\/uploads\/2023\/08\/Como-fritar-batata-na-airfryer-600x576.jpg\" \/><\/a><\/div><div class=\"ultp-block-content\"><h3 class=\"ultp-block-title\"><a href=\"https:\/\/cozinhadave.com\/de\/wie-man-kartoffeln-in-der-fritteuse-frittiert\/\">Wie man Kartoffeln in der Fritteuse frittiert: Tipps und praktische Schritte!<\/a><\/h3><div class=\"ultp-block-excerpt\"><p>Ol\u00e1, leitor(a)! Se voc\u00ea \u00e9 f\u00e3 de batata frita, mas n\u00e3o quer abrir m\u00e3o de uma alimenta\u00e7\u00e3o saud\u00e1vel, a Airfryer pode ser a solu\u00e7\u00e3o! Neste artigo, eu, amante de batatas fritas, compartilho com voc\u00ea dicas e um passo a passo&hellip;<\/p>\n<\/div><\/div><\/div><\/div><div class=\"ultp-block-item ultp-block-media post-id-14809\"><div class=\"ultp-block-content-wrap\"><div class=\"ultp-block-image ultp-block-image-opacity\"><a href=\"https:\/\/cozinhadave.com\/de\/quinoa-salat-mit-gemuse\/\"><img decoding=\"async\"  alt=\"Quinoa-Salat mit Gem\u00fcse featured image\"  src=\"https:\/\/cozinhadave.com\/wp-content\/uploads\/2023\/01\/salada-de-quinoa-com-legumes-featured-image-e1690200615534-600x600.webp\" \/><\/a><\/div><div class=\"ultp-block-content\"><h3 class=\"ultp-block-title\"><a href=\"https:\/\/cozinhadave.com\/de\/quinoa-salat-mit-gemuse\/\">Quinoa-Salat mit Gem\u00fcse<\/a><\/h3><div class=\"ultp-block-excerpt\"><p>Voc\u00ea precisa testar essa receita de salada de quinoa com legumes. E sabe por qu\u00ea? Trata-se de um prato super leve, com alto valor nutricional e que n\u00e3o deixa nada a desejar em termos de sabor. Trata-se de uma excelente&hellip;<\/p>\n<\/div><\/div><\/div><\/div><\/div><\/div><div class=\"pagination-block-html\" aria-hidden=\"true\" style=\"display: none;\"><\/div><\/div><\/div>\n\n\n\n<div class=\"wp-block-uagb-container uagb-block-af24cf7a\"><\/div>\n<\/div><\/div>\n\n\n\n<div class=\"nv-cv-m wp-block-ultimate-post-button-group ultp-block-30b3b1\"><div class=\"ultp-button-wrapper ultp-button-frontend ultp-anim-none\">\n<a class=\"wp-block-ultimate-post-button ultp-block-0f1de1 ultp-button-layout2\" href=\"http:\/\/cozinhadave.com\/de\/rezepte\/\" target=\"_self\" rel=\"noopener\"><div class=\"ultp-button-text\">Sehen Sie sich alle REZEPTE an<\/div><\/a>\n<\/div><\/div>\n\n\n\n<div class=\"wp-block-uagb-separator uagb-block-45794d3a wp-block-uagb-separator--text\"><div class=\"wp-block-uagb-separator__inner\" style=\"--my-background-image:\"><div class=\"wp-block-uagb-separator-element\"><h4 class=\"uagb-html-tag\">ZUTATEN<\/h4><\/div><\/div><\/div>\n\n\n\n<div class=\"nv-cv-d nv-cv-m wp-block-uagb-container uagb-layout-flex uagb-block-a924ed51 alignfull uagb-is-root-container\"><div class=\"uagb-container-inner-blocks-wrap\">\n<div class=\"wp-block-uagb-container uagb-block-7a16b2fd\"><\/div>\n\n\n\n<div class=\"wp-block-uagb-container uagb-block-e00d23e5\"><div  class=\"ultp-post-grid-block wp-block-ultimate-post-post-list-3 ultp-block-1b3833\"><div class=\"ultp-block-wrapper\" ><div class=\"ultp-loading\"><div class=\"ultp-loading-blocks\" style=\"width:100%;height:100%;\"><div style=\"left: 0;top: 0;animation-delay:0s;\"><\/div><div style=\"left: 21px;top: 0;animation-delay:0.125s;\"><\/div><div style=\"left: 42px;top: 0;animation-delay:0.25s;\"><\/div><div style=\"left: 0;top: 21px;animation-delay:0.875s;\"><\/div><div style=\"left: 42px;top: 21px;animation-delay:0.375s;\"><\/div><div style=\"left: 0;top: 42px;animation-delay:0.75s;\"><\/div><div style=\"left: 42px;top: 42px;animation-delay:0.625s;\"><\/div><div style=\"left: 21px;top: 42px;animation-delay:0.5s;\"><\/div><\/div><\/div><div class=\"ultp-block-items-wrap ultp-block-row ultp-block-column-1 ultp-block-content-middle ultp-layout1\"><div class=\"ultp-block-item ultp-block-media post-id-16343\"><div class=\"ultp-block-content-wrap\"><div class=\"ultp-block-image ultp-block-image-opacity\"><a href=\"https:\/\/cozinhadave.com\/de\/cebola-branca-descubra-todos-os-seus-segredos\/\"><img decoding=\"async\"  alt=\"cebola branca\"  src=\"https:\/\/cozinhadave.com\/wp-content\/uploads\/2023\/08\/cebola-branca-600x576.jpg\" \/><\/a><\/div><div class=\"ultp-block-content\"><h3 class=\"ultp-block-title\"><a href=\"https:\/\/cozinhadave.com\/de\/cebola-branca-descubra-todos-os-seus-segredos\/\">Cebola Branca: Descubra todos os seus segredos<\/a><\/h3><div class=\"ultp-block-excerpt\"><p>Eu sempre ouvi que a cebola \u00e9 uma das hortali\u00e7as mais importantes na nossa culin\u00e1ria. Ela \u00e9 usada em quase todas as receitas salgadas, trazendo sabor e aroma para os pratos. Mas, o que eu n\u00e3o sabia \u00e9 que a&hellip;<\/p>\n<\/div><\/div><\/div><\/div><div class=\"ultp-block-item ultp-block-media post-id-17927\"><div class=\"ultp-block-content-wrap\"><div class=\"ultp-block-image ultp-block-image-opacity\"><a href=\"https:\/\/cozinhadave.com\/de\/fruta-pao\/\"><img decoding=\"async\"  alt=\"Brotfrucht\"  src=\"https:\/\/cozinhadave.com\/wp-content\/uploads\/2023\/08\/fruta-pao-600x585.jpg\" \/><\/a><\/div><div class=\"ultp-block-content\"><h3 class=\"ultp-block-title\"><a href=\"https:\/\/cozinhadave.com\/de\/fruta-pao\/\">Fruta p\u00e3o: Erkundung meiner kulinarischen Abenteuer in Brasilien<\/a><\/h3><div class=\"ultp-block-excerpt\"><p>Se voc\u00ea acha que j\u00e1 experimentou todas as frutas poss\u00edveis no Brasil, deixe-me apresentar a voc\u00ea a fruta p\u00e3o. Eu, como entusiasta da culin\u00e1ria, fui apresentado a essa fruta pelos meus amigos nordestinos e me apaixonei pelo sabor \u00fanico e&hellip;<\/p>\n<\/div><\/div><\/div><\/div><div class=\"ultp-block-item ultp-block-media post-id-17802\"><div class=\"ultp-block-content-wrap\"><div class=\"ultp-block-image ultp-block-image-opacity\"><a href=\"https:\/\/cozinhadave.com\/de\/feijao-manteiga\/\"><img decoding=\"async\"  alt=\"Butterbohne\"  src=\"https:\/\/cozinhadave.com\/wp-content\/uploads\/2023\/08\/Feijao-manteiga-600x576.jpg\" \/><\/a><\/div><div class=\"ultp-block-content\"><h3 class=\"ultp-block-title\"><a href=\"https:\/\/cozinhadave.com\/de\/feijao-manteiga\/\">Butterbohnen: Der Genuss, der mit meinen Rezepten Brasilien eroberte<\/a><\/h3><div class=\"ultp-block-excerpt\"><p>Ol\u00e1, pessoal! Sou uma jornalista e cozinheira apaixonada por Feij\u00e3o Manteiga. Esse feij\u00e3o \u00e9 um verdadeiro tesouro nacional, e eu tive a sorte de experiment\u00e1-lo em diversas ocasi\u00f5es e prepar\u00e1-lo de diversas formas. Feij\u00e3o Manteiga: A Del\u00edcia que Conquistei o&hellip;<\/p>\n<\/div><\/div><\/div><\/div><div class=\"ultp-block-item ultp-block-media post-id-17221\"><div class=\"ultp-block-content-wrap\"><div class=\"ultp-block-image ultp-block-image-opacity\"><a href=\"https:\/\/cozinhadave.com\/de\/acafrao-das-indias\/\"><img decoding=\"async\"  alt=\"Indischer Safran\"  src=\"https:\/\/cozinhadave.com\/wp-content\/uploads\/2023\/08\/Acafrao-das-indias-600x576.jpg\" \/><\/a><\/div><div class=\"ultp-block-content\"><h3 class=\"ultp-block-title\"><a href=\"https:\/\/cozinhadave.com\/de\/acafrao-das-indias\/\">Indischer Safran: die magische Zutat, die Brasilien erobert hat!<\/a><\/h3><div class=\"ultp-block-excerpt\"><p>Ol\u00e1 leitores! Estou animado para compartilhar com voc\u00eas tudo o que h\u00e1 para saber sobre o A\u00e7afr\u00e3o das \u00edndias &#8211; o ingrediente mais quente e m\u00e1gico que conquistou o Brasil. Se voc\u00ea ainda n\u00e3o experimentou este tempero vers\u00e1til, prepare-se para&hellip;<\/p>\n<\/div><\/div><\/div><\/div><div class=\"ultp-block-item ultp-block-media post-id-12500\"><div class=\"ultp-block-content-wrap\"><div class=\"ultp-block-image ultp-block-image-opacity\"><a href=\"https:\/\/cozinhadave.com\/de\/was-ist-gouda-kase\/\"><img decoding=\"async\"  alt=\"Was ist gouda k\u00e4se\u00a0\"  src=\"https:\/\/cozinhadave.com\/wp-content\/uploads\/2022\/07\/O-que-e-queijo-gouda-1-600x600.jpg\" \/><\/a><\/div><div class=\"ultp-block-content\"><h3 class=\"ultp-block-title\"><a href=\"https:\/\/cozinhadave.com\/de\/was-ist-gouda-kase\/\">Was ist gouda k\u00e4se\u00a0<\/a><\/h3><div class=\"ultp-block-excerpt\"><p>De origem datada em meados do s\u00e9culo XVI, o queijo Gouda leva esse nome em refer\u00eancia \u00e0 cidade de Gouda, na Holanda. O queijo Gouda acabou por receber esse nome por ser um queijo de fort\u00edssima presen\u00e7a no com\u00e9rcio local&hellip;<\/p>\n<\/div><\/div><\/div><\/div><\/div><\/div><div class=\"pagination-block-html\" aria-hidden=\"true\" style=\"display: none;\"><\/div><\/div><\/div>\n\n\n\n<div class=\"wp-block-uagb-container uagb-block-48b67b2d\"><\/div>\n<\/div><\/div>\n\n\n\n<div class=\"nv-cv-d nv-cv-m wp-block-ultimate-post-button-group ultp-block-ec181e\"><div class=\"ultp-button-wrapper ultp-button-frontend ultp-anim-none\">\n<a class=\"wp-block-ultimate-post-button ultp-block-bbca5f ultp-button-layout2\" href=\"http:\/\/cozinhadave.com\/de\/zutaten\/\" target=\"_self\" rel=\"noopener\"><div class=\"ultp-button-text\">Sehen Sie sich alle ZUTATEN an<\/div><\/a>\n<\/div><\/div>\n\n\n\n<div class=\"wp-block-uagb-separator uagb-block-60e59de7 wp-block-uagb-separator--text\"><div class=\"wp-block-uagb-separator__inner\" style=\"--my-background-image:\"><div class=\"wp-block-uagb-separator-element\"><h4 class=\"uagb-html-tag\">TIPPS &amp; TRICKS<\/h4><\/div><\/div><\/div>\n\n\n\n<div class=\"nv-cv-d nv-cv-m wp-block-uagb-container uagb-layout-flex uagb-block-f9ca8a0b alignfull uagb-is-root-container\"><div class=\"uagb-container-inner-blocks-wrap\">\n<div class=\"wp-block-uagb-container uagb-block-29064524\"><\/div>\n\n\n\n<div class=\"wp-block-uagb-container uagb-block-6f7cfda4\"><div  class=\"ultp-post-grid-block wp-block-ultimate-post-post-list-3 ultp-block-338ff9\"><div class=\"ultp-block-wrapper\" ><div class=\"ultp-loading\"><div class=\"ultp-loading-blocks\" style=\"width:100%;height:100%;\"><div style=\"left: 0;top: 0;animation-delay:0s;\"><\/div><div style=\"left: 21px;top: 0;animation-delay:0.125s;\"><\/div><div style=\"left: 42px;top: 0;animation-delay:0.25s;\"><\/div><div style=\"left: 0;top: 21px;animation-delay:0.875s;\"><\/div><div style=\"left: 42px;top: 21px;animation-delay:0.375s;\"><\/div><div style=\"left: 0;top: 42px;animation-delay:0.75s;\"><\/div><div style=\"left: 42px;top: 42px;animation-delay:0.625s;\"><\/div><div style=\"left: 21px;top: 42px;animation-delay:0.5s;\"><\/div><\/div><\/div><div class=\"ultp-block-items-wrap ultp-block-row ultp-block-column-1 ultp-block-content-middle ultp-layout1\"><div class=\"ultp-block-item ultp-block-media post-id-15291\"><div class=\"ultp-block-content-wrap\"><div class=\"ultp-block-image ultp-block-image-opacity\"><a href=\"https:\/\/cozinhadave.com\/de\/wie-man-mikrowellenpopcorn-macht\/\"><img decoding=\"async\"  alt=\"So machen Sie Mikrowellen-Popcorn in nur 3 Minuten!\"  src=\"https:\/\/cozinhadave.com\/wp-content\/uploads\/2023\/02\/pipoca-no-microondas-3-600x600.jpg\" \/><\/a><\/div><div class=\"ultp-block-content\"><h3 class=\"ultp-block-title\"><a href=\"https:\/\/cozinhadave.com\/de\/wie-man-mikrowellenpopcorn-macht\/\">So machen Sie Mikrowellen-Popcorn in nur 3 Minuten!<\/a><\/h3><div class=\"ultp-block-excerpt\"><p>Bem-vindo ao delicioso mundo da pipoca de microondas! Pipoca \u00e9 um lanche cl\u00e1ssico que pode ser preparado rapidamente e facilmente em casa. E agora, com a ajuda de seu microondas, voc\u00ea pode ter sua pipoca pronta em poucos minutos.&nbsp; Neste&hellip;<\/p>\n<\/div><\/div><\/div><\/div><div class=\"ultp-block-item ultp-block-media post-id-20839\"><div class=\"ultp-block-content-wrap\"><div class=\"ultp-block-image ultp-block-image-opacity\"><a href=\"https:\/\/cozinhadave.com\/de\/wie-man-couscous-in-der-mikrowelle-zubereitet\/\"><img decoding=\"async\"  alt=\"Wie man Couscous in der Mikrowelle zubereitet\"  src=\"https:\/\/cozinhadave.com\/wp-content\/uploads\/2023\/11\/como-cozinhar-cuscuz-no-microondas-600x585.jpg\" \/><\/a><\/div><div class=\"ultp-block-content\"><h3 class=\"ultp-block-title\"><a href=\"https:\/\/cozinhadave.com\/de\/wie-man-couscous-in-der-mikrowelle-zubereitet\/\">So bereiten Sie Couscous in der Mikrowelle in nur 3 Minuten zu!<\/a><\/h3><div class=\"ultp-block-excerpt\"><p>Ol\u00e1, pessoal! Hoje vou compartilhar com voc\u00eas uma receita pr\u00e1tica e saborosa, como fazer cuscuz no microondas. Al\u00e9m da receita tradicional, vou mostrar como fazer cuscuz de milho, cuscuz de tapioca e cuscuz de arroz usando apenas o microondas. \u00c9&hellip;<\/p>\n<\/div><\/div><\/div><\/div><div class=\"ultp-block-item ultp-block-media post-id-11607\"><div class=\"ultp-block-content-wrap\"><div class=\"ultp-block-image ultp-block-image-opacity\"><a href=\"https:\/\/cozinhadave.com\/de\/wie-man-ei-in-der-mikrowelle-kocht\/\"><img decoding=\"async\"  alt=\"wie man eier in der mikrowelle kocht\"  src=\"https:\/\/cozinhadave.com\/wp-content\/uploads\/2022\/04\/como-cozinhar-ovo-no-micro-ondas.jpg\" \/><\/a><\/div><div class=\"ultp-block-content\"><h3 class=\"ultp-block-title\"><a href=\"https:\/\/cozinhadave.com\/de\/wie-man-ei-in-der-mikrowelle-kocht\/\">Wie man Eier in der Mikrowelle kocht<\/a><\/h3><div class=\"ultp-block-excerpt\"><p>Procura uma forma r\u00e1pida e saud\u00e1vel de cozinhar ovo no micro-ondas? Bem, veio ao s\u00edtio certo! Neste artigo, vamos partilhar com os nossos leitores duas dicas exclusivas sobre como cozinhar ovo no micro-ondas! Como cozinhar ovo no micro-ondas No artigo&hellip;<\/p>\n<\/div><\/div><\/div><\/div><div class=\"ultp-block-item ultp-block-media post-id-13401\"><div class=\"ultp-block-content-wrap\"><div class=\"ultp-block-image ultp-block-image-opacity\"><a href=\"https:\/\/cozinhadave.com\/de\/wie-man-brokkoli-in-der-mikrowelle-zubereitet\/\"><img decoding=\"async\"  alt=\"Wie man Brokkoli in der Mikrowelle kocht\"  src=\"https:\/\/cozinhadave.com\/wp-content\/uploads\/2022\/08\/Como-fazer-brocolis-no-microondas-2-600x600.webp\" \/><\/a><\/div><div class=\"ultp-block-content\"><h3 class=\"ultp-block-title\"><a href=\"https:\/\/cozinhadave.com\/de\/wie-man-brokkoli-in-der-mikrowelle-zubereitet\/\">Wie man Brokkoli in nur 2 Minuten in der Mikrowelle zubereitet<\/a><\/h3><div class=\"ultp-block-excerpt\"><p>Quem n\u00e3o gosta de br\u00f3colis? Eu acho esse vegetal uma del\u00edcia, e o melhor de tudo \u00e9 que ele \u00e9 super f\u00e1cil e r\u00e1pido de ser preparado no microondas. Se voc\u00ea nunca preparou br\u00f3colis no microondas, confira essa receita simples&hellip;<\/p>\n<\/div><\/div><\/div><\/div><div class=\"ultp-block-item ultp-block-media post-id-17940\"><div class=\"ultp-block-content-wrap\"><div class=\"ultp-block-image ultp-block-image-opacity\"><a href=\"https:\/\/cozinhadave.com\/de\/wie-man-kartoffeln-in-der-fritteuse-frittiert\/\"><img decoding=\"async\"  alt=\"Wie man Kartoffeln in der Fritteuse frittiert\"  src=\"https:\/\/cozinhadave.com\/wp-content\/uploads\/2023\/08\/Como-fritar-batata-na-airfryer-600x576.jpg\" \/><\/a><\/div><div class=\"ultp-block-content\"><h3 class=\"ultp-block-title\"><a href=\"https:\/\/cozinhadave.com\/de\/wie-man-kartoffeln-in-der-fritteuse-frittiert\/\">Wie man Kartoffeln in der Fritteuse frittiert: Tipps und praktische Schritte!<\/a><\/h3><div class=\"ultp-block-excerpt\"><p>Ol\u00e1, leitor(a)! Se voc\u00ea \u00e9 f\u00e3 de batata frita, mas n\u00e3o quer abrir m\u00e3o de uma alimenta\u00e7\u00e3o saud\u00e1vel, a Airfryer pode ser a solu\u00e7\u00e3o! Neste artigo, eu, amante de batatas fritas, compartilho com voc\u00ea dicas e um passo a passo&hellip;<\/p>\n<\/div><\/div><\/div><\/div><\/div><\/div><div class=\"pagination-block-html\" aria-hidden=\"true\" style=\"display: none;\"><\/div><\/div><\/div>\n\n\n\n<div class=\"wp-block-uagb-container uagb-block-af1b40b5\"><\/div>\n<\/div><\/div>\n\n\n\n<div class=\"nv-cv-d nv-cv-m wp-block-ultimate-post-button-group ultp-block-bbfecc\"><div class=\"ultp-button-wrapper ultp-button-frontend ultp-anim-none\">\n<a class=\"wp-block-ultimate-post-button ultp-block-9c6d81 ultp-button-layout2\" href=\"http:\/\/cozinhadave.com\/de\/tricks-tipps\/\" target=\"_self\" rel=\"noopener\"><div class=\"ultp-button-text\">Entdecken Sie alle TRICKS &amp; TIPS<\/div><\/a>\n<\/div><\/div>\n\n\n\n<div class=\"wp-block-uagb-separator uagb-block-455cf9f0 wp-block-uagb-separator--text\"><div class=\"wp-block-uagb-separator__inner\" style=\"--my-background-image:\"><div class=\"wp-block-uagb-separator-element\"><h4 class=\"uagb-html-tag\">KURIOSIT\u00c4TEN<\/h4><\/div><\/div><\/div>\n\n\n\n<div class=\"nv-cv-d nv-cv-m wp-block-uagb-container uagb-layout-flex uagb-block-616b4c25 alignfull uagb-is-root-container\"><div class=\"uagb-container-inner-blocks-wrap\">\n<div class=\"wp-block-uagb-container uagb-block-b9becc98\"><\/div>\n\n\n\n<div class=\"wp-block-uagb-container uagb-block-98b6dc2c\"><div  class=\"ultp-post-grid-block wp-block-ultimate-post-post-list-3 ultp-block-8f83d3\"><div class=\"ultp-block-wrapper\" ><div class=\"ultp-loading\"><div class=\"ultp-loading-blocks\" style=\"width:100%;height:100%;\"><div style=\"left: 0;top: 0;animation-delay:0s;\"><\/div><div style=\"left: 21px;top: 0;animation-delay:0.125s;\"><\/div><div style=\"left: 42px;top: 0;animation-delay:0.25s;\"><\/div><div style=\"left: 0;top: 21px;animation-delay:0.875s;\"><\/div><div style=\"left: 42px;top: 21px;animation-delay:0.375s;\"><\/div><div style=\"left: 0;top: 42px;animation-delay:0.75s;\"><\/div><div style=\"left: 42px;top: 42px;animation-delay:0.625s;\"><\/div><div style=\"left: 21px;top: 42px;animation-delay:0.5s;\"><\/div><\/div><\/div><div class=\"ultp-block-items-wrap ultp-block-row ultp-block-column-1 ultp-block-content-middle ultp-layout1\"><div class=\"ultp-block-item ultp-block-media post-id-17380\"><div class=\"ultp-block-content-wrap\"><div class=\"ultp-block-image ultp-block-image-opacity\"><a href=\"https:\/\/cozinhadave.com\/de\/silikon-airfryer-schutz\/\"><img decoding=\"async\"  alt=\"Silikon-Airfryer-Schutz\"  src=\"https:\/\/cozinhadave.com\/wp-content\/uploads\/2023\/09\/protetor-de-silicone-para-airfryer-5-600x585.jpg\" \/><\/a><\/div><div class=\"ultp-block-content\"><h3 class=\"ultp-block-title\"><a href=\"https:\/\/cozinhadave.com\/de\/silikon-airfryer-schutz\/\">Wozu der airfryer-Silikonschutz dient: Finden Sie es jetzt heraus!<\/a><\/h3><div class=\"ultp-block-excerpt\"><p>Ol\u00e1 pessoal! Eu sou uma jornalista especialista em copywriting e hoje vou falar sobre um acess\u00f3rio indispens\u00e1vel para quem quer usar a airfryer com mais praticidade e seguran\u00e7a: o protetor de silicone. Para que serve o protetor de silicone para&hellip;<\/p>\n<\/div><\/div><\/div><\/div><div class=\"ultp-block-item ultp-block-media post-id-17525\"><div class=\"ultp-block-content-wrap\"><div class=\"ultp-block-image ultp-block-image-opacity\"><a href=\"https:\/\/cozinhadave.com\/de\/que-tipo-de-vasilha-pode-por-dentro-da-airfryer\/\"><img decoding=\"async\"  alt=\"Welche Art von Beh\u00e4lter kann man in den Airfryer stellen?\"  src=\"https:\/\/cozinhadave.com\/wp-content\/uploads\/2023\/08\/Que-tipo-de-vasilha-pode-por-dentro-da-airfryer-600x576.jpg\" \/><\/a><\/div><div class=\"ultp-block-content\"><h3 class=\"ultp-block-title\"><a href=\"https:\/\/cozinhadave.com\/de\/que-tipo-de-vasilha-pode-por-dentro-da-airfryer\/\">Welche Art von Beh\u00e4lter Sie in die Hei\u00dfluftfritteuse stellen k\u00f6nnen: Intelligente Tipps<\/a><\/h3><div class=\"ultp-block-excerpt\"><p>Se voc\u00ea \u00e9 como eu e adora uma comidinha pr\u00e1tica, saud\u00e1vel e deliciosa, com certeza j\u00e1 conhece a airfryer. Mas, assim como eu, tamb\u00e9m deve ter se perguntado: que tipo de vasilha \u00e9 seguro usar dentro da airfryer? Que tipo&hellip;<\/p>\n<\/div><\/div><\/div><\/div><div class=\"ultp-block-item ultp-block-media post-id-20173\"><div class=\"ultp-block-content-wrap\"><div class=\"ultp-block-image ultp-block-image-opacity\"><a href=\"https:\/\/cozinhadave.com\/de\/was-sind-die-vorteile-von-gelben-pflaumen\/\"><img decoding=\"async\"  alt=\"Pflaume\"  src=\"https:\/\/cozinhadave.com\/wp-content\/uploads\/2023\/09\/ameixa5-600x585.jpg\" \/><\/a><\/div><div class=\"ultp-block-content\"><h3 class=\"ultp-block-title\"><a href=\"https:\/\/cozinhadave.com\/de\/was-sind-die-vorteile-von-gelben-pflaumen\/\">Entdecken Sie die Vorteile gelber Pflaumen<\/a><\/h3><div class=\"ultp-block-excerpt\"><p>Bem-vindos, leitores! Nesta se\u00e7\u00e3o, vamos falar sobre uma fruta deliciosa e nutritiva que pode trazer diversos benef\u00edcios para a sa\u00fade: a ameixa amarela. Al\u00e9m de seu sabor incr\u00edvel, a ameixa amarela \u00e9 repleta de nutrientes importantes que podem melhorar a&hellip;<\/p>\n<\/div><\/div><\/div><\/div><div class=\"ultp-block-item ultp-block-media post-id-17421\"><div class=\"ultp-block-content-wrap\"><div class=\"ultp-block-image ultp-block-image-opacity\"><a href=\"https:\/\/cozinhadave.com\/de\/que-tipo-de-pote-pode-ir-na-airfryer\/\"><img decoding=\"async\"  alt=\"Welche Art von Topf kann in den Airfryer?\"  src=\"https:\/\/cozinhadave.com\/wp-content\/uploads\/2023\/09\/Que-tipo-de-pote-pode-ir-na-airfryer-1-600x585.jpg\" \/><\/a><\/div><div class=\"ultp-block-content\"><h3 class=\"ultp-block-title\"><a href=\"https:\/\/cozinhadave.com\/de\/que-tipo-de-pote-pode-ir-na-airfryer\/\">Welcher Topf passt in den Airfryer: Finden Sie es heraus und kochen Sie los<\/a><\/h3><div class=\"ultp-block-excerpt\"><p>Ol\u00e1, pessoal! Eu sou uma jornalista culin\u00e1ria e hoje vamos falar sobre um assunto muito importante para quem adora cozinhar na airfryer: que tipo de pote \u00e9 seguro e eficiente para utilizar nela. Que tipo de pote pode ir na&hellip;<\/p>\n<\/div><\/div><\/div><\/div><div class=\"ultp-block-item ultp-block-media post-id-20464\"><div class=\"ultp-block-content-wrap\"><div class=\"ultp-block-image ultp-block-image-opacity\"><a href=\"https:\/\/cozinhadave.com\/de\/darf-man-die-schale-der-grafenfrucht-essen\/\"><img decoding=\"async\"  alt=\"Kann man die Schale der Conde-Frucht essen?\"  src=\"https:\/\/cozinhadave.com\/wp-content\/uploads\/2023\/09\/pode-comer-a-casca-da-fruta-do-conde-600x600.jpg\" \/><\/a><\/div><div class=\"ultp-block-content\"><h3 class=\"ultp-block-title\"><a href=\"https:\/\/cozinhadave.com\/de\/darf-man-die-schale-der-grafenfrucht-essen\/\">Kann man die Schale der Conde-Frucht essen? Lass es uns herausfinden!<\/a><\/h3><div class=\"ultp-block-excerpt\"><p>Hallo, alle zusammen! Wenn Sie wie ich sind, lieben Sie es, neue Dinge in der K\u00fcche auszuprobieren. Und wenn es um exotische Fr\u00fcchte geht, ist die Kondenswurzel einer meiner Favoriten. Aber kann man die Schale dieser leckeren Frucht essen? Das wollen wir herausfinden! Man kann sie essen...<\/p>\n<\/div><\/div><\/div><\/div><\/div><\/div><div class=\"pagination-block-html\" aria-hidden=\"true\" style=\"display: none;\"><\/div><\/div><\/div>\n\n\n\n<div class=\"wp-block-uagb-container uagb-block-d069034a\"><\/div>\n<\/div><\/div>\n\n\n\n<div class=\"nv-cv-d nv-cv-m wp-block-ultimate-post-button-group ultp-block-c4c94a\"><div class=\"ultp-button-wrapper ultp-button-frontend ultp-anim-none\">\n<a class=\"wp-block-ultimate-post-button ultp-block-5fdd75 ultp-button-layout2\" href=\"http:\/\/cozinhadave.com\/de\/kuriositaten\/\" target=\"_self\" rel=\"noopener\"><div class=\"ultp-button-text\">Entdecken Sie alle CURIOSITIES<\/div><\/a>\n<\/div><\/div>","protected":false},"excerpt":{"rendered":"<p>Receitas Sugeridas Confira as receitas do momento&#8230; \u00daLTIMAS RECEITAS<\/p>","protected":false},"author":10,"featured_media":0,"parent":0,"menu_order":0,"comment_status":"closed","ping_status":"closed","template":"","meta":{"_uag_custom_page_level_css":"","wprm-recipe-roundup-name":"","wprm-recipe-roundup-description":"","neve_meta_sidebar":"","neve_meta_container":"","neve_meta_enable_content_width":"","neve_meta_content_width":0,"neve_meta_title_alignment":"","neve_meta_author_avatar":"","neve_post_elements_order":"","neve_meta_disable_header":"","neve_meta_disable_footer":"","neve_meta_disable_title":"","neve_meta_reading_time":"","footnotes":""},"class_list":["post-20961","page","type-page","status-publish","hentry"],"uagb_featured_image_src":{"full":false,"thumbnail":false,"medium":false,"medium_large":false,"large":false,"1536x1536":false,"2048x2048":false,"trp-custom-language-flag":false,"ultp_layout_landscape_large":false,"ultp_layout_landscape":false,"ultp_layout_portrait":false,"ultp_layout_square":false,"wprm-metadata-1_1":false,"wprm-metadata-4_3":false,"wprm-metadata-16_9":false,"neve-blog":false},"uagb_author_info":{"display_name":"Paulo RIbeiro","author_link":"https:\/\/cozinhadave.com\/de\/author\/paulomiguelribeirogmail-com\/"},"uagb_comment_info":0,"uagb_excerpt":"Receitas Sugeridas Confira as receitas do momento&#8230; \u00daLTIMAS RECEITAS","_links":{"self":[{"href":"https:\/\/cozinhadave.com\/de\/wp-json\/wp\/v2\/pages\/20961","targetHints":{"allow":["GET"]}}],"collection":[{"href":"https:\/\/cozinhadave.com\/de\/wp-json\/wp\/v2\/pages"}],"about":[{"href":"https:\/\/cozinhadave.com\/de\/wp-json\/wp\/v2\/types\/page"}],"author":[{"embeddable":true,"href":"https:\/\/cozinhadave.com\/de\/wp-json\/wp\/v2\/users\/10"}],"replies":[{"embeddable":true,"href":"https:\/\/cozinhadave.com\/de\/wp-json\/wp\/v2\/comments?post=20961"}],"version-history":[{"count":0,"href":"https:\/\/cozinhadave.com\/de\/wp-json\/wp\/v2\/pages\/20961\/revisions"}],"wp:attachment":[{"href":"https:\/\/cozinhadave.com\/de\/wp-json\/wp\/v2\/media?parent=20961"}],"curies":[{"name":"wp","href":"https:\/\/api.w.org\/{rel}","templated":true}]}}