{"id":21097,"date":"2024-05-05T12:10:30","date_gmt":"2024-05-05T12:10:30","guid":{"rendered":"http:\/\/cozinhadave.com\/?page_id=21097"},"modified":"2024-05-05T12:32:23","modified_gmt":"2024-05-05T12:32:23","slug":"kuriositeter","status":"publish","type":"page","link":"https:\/\/cozinhadave.com\/da\/kuriositeter\/","title":{"rendered":"KURIOSITETER"},"content":{"rendered":"<div class=\"wp-block-uagb-advanced-heading uagb-block-ca604257\"><h2 class=\"uagb-heading-text\">KURIOSITETER<\/h2><\/div>\n\n\n\n<div class=\"wp-block-uagb-container uagb-block-26a8be47 alignfull uagb-is-root-container\"><div class=\"uagb-container-inner-blocks-wrap\">\n<div class=\"wp-block-uagb-container uagb-block-71bdc037\"><\/div>\n\n\n\n<div class=\"wp-block-uagb-container uagb-block-46bd2a80\">\n<p class=\"wp-block-paragraph\">Her finder du en fascinerende samling af sp\u00e6ndende og overraskende kuriositeter med relation til gastronomiens verden. <\/p>\n\n\n\n<p class=\"wp-block-paragraph\">Fra historiske fakta om ikoniske retter til mindre kendte hemmeligheder om almindelige ingredienser - hver artikel er en sp\u00e6ndende rejse gennem det kulinariske univers. <\/p>\n\n\n\n<p class=\"wp-block-paragraph\">G\u00f8r dig klar til at blive fortryllet og inspireret af de kuriositeter, der afsl\u00f8rer backstage og de s\u00e6regenheder, der ligger bag de smage, vi elsker. <\/p>\n\n\n\n<p class=\"wp-block-paragraph\">G\u00e5 p\u00e5 opdagelse i vores udvalg af artikler, og fordyb dig i en verden af kulinariske opdagelser, der vil pirre din nysgerrighed og udvide din horisont i k\u00f8kkenet.<\/p>\n\n\n<div  class=\"wp-block-ultimate-post-advanced-search ultp-block-14786a\"><div class=\"ultp-block-wrapper\"><div class=\"ultp-search-container ultp-search-frontend\"  data-ajax=\"1\" data-gosearch=\"1\" data-enablenewtab=\"\" data-blockid=\"14786a\"\n                    data-image=\"1\"  data-author=\"\" data-date=\"\" data-excerpt=\"\" data-excerptlimit=\"25\" data-allresult=\"\" data-catenable=\"\"  data-postno=\"3\"  data-noresultext=\"N\u00e3o foram encontrados resultados\"   data-popupposition=\"right\" data-searchposttype=\"\"><div class=\"ultp-searchform-content ultp-searchform-input1\"><div class=\"ultp-search-inputwrap\"> <input type=\"text\" value=\"\" class=\"ultp-searchres-input\"  placeholder=\"Skriv her, hvad du leder efter\"\/> <span class=\"ultp-search-clear\" data-blockid=\"14786a\"><svg xmlns=\"http:\/\/www.w3.org\/2000\/svg\" fill=\"none\" viewbox=\"0 0 24 24\">\n  <path stroke=\"currentColor\" stroke-linecap=\"round\" stroke-width=\"1.5\" d=\"m6 6 6 6m0 0 6 6m-6-6 6-6m-6 6-6 6\"\/>\n<\/svg>\n<\/span> <\/div><div class=\"ultp-search-button\"><svg xmlns=\"http:\/\/www.w3.org\/2000\/svg\" fill=\"none\" viewbox=\"0 0 24 24\">\n  <path stroke=\"currentColor\" stroke-linecap=\"round\" stroke-linejoin=\"round\" stroke-width=\"1.5\" d=\"M11 19a8 8 0 1 0 0-16 8 8 0 0 0 0 16Zm10 2-4.35-4.35\"\/>\n<\/svg>\n<span class=\"ultp-search-button__text\"> S\u00f8g p\u00e5 <\/span><\/div><\/div><\/div><\/div><\/div><\/div>\n\n\n\n<div class=\"wp-block-uagb-container uagb-block-59e8365b\"><\/div>\n<\/div><\/div>\n\n\n\n<div class=\"nv-cv-d nv-cv-m wp-block-uagb-container uagb-block-bb890383 alignfull uagb-is-root-container\"><div class=\"uagb-container-inner-blocks-wrap\">\n<div class=\"wp-block-uagb-container uagb-block-07f24e17\"><\/div>\n\n\n\n<div class=\"wp-block-uagb-container uagb-block-894989ec\"><div  class=\"ultp-post-grid-block wp-block-ultimate-post-post-list-3 ultp-block-90be0d\"><div class=\"ultp-block-wrapper\" ><div class=\"ultp-loading\"><div class=\"ultp-loading-blocks\" style=\"width:100%;height:100%;\"><div style=\"left: 0;top: 0;animation-delay:0s;\"><\/div><div style=\"left: 21px;top: 0;animation-delay:0.125s;\"><\/div><div style=\"left: 42px;top: 0;animation-delay:0.25s;\"><\/div><div style=\"left: 0;top: 21px;animation-delay:0.875s;\"><\/div><div style=\"left: 42px;top: 21px;animation-delay:0.375s;\"><\/div><div style=\"left: 0;top: 42px;animation-delay:0.75s;\"><\/div><div style=\"left: 42px;top: 42px;animation-delay:0.625s;\"><\/div><div style=\"left: 21px;top: 42px;animation-delay:0.5s;\"><\/div><\/div><\/div><div class=\"ultp-heading-filter\"><div class=\"ultp-heading-filter-in\"><div class=\"ultp-filter-navigation\"><\/div><\/div><\/div><div class=\"ultp-block-items-wrap ultp-block-row ultp-block-column-1 ultp-block-content-middle ultp-layout1\"><div class=\"ultp-block-item ultp-block-media post-id-16068\"><div class=\"ultp-block-content-wrap\"><div class=\"ultp-block-image ultp-block-image-opacity\"><a href=\"https:\/\/cozinhadave.com\/da\/como-fazer-para-cozinhar-a-vapor-no-micro-ondas\/\"><img decoding=\"async\"  alt=\"S\u00e5dan damptilberedes i mikrob\u00f8lgeovnen\"  src=\"https:\/\/cozinhadave.com\/wp-content\/uploads\/2023\/08\/Como-fazer-para-cozinhar-a-vapor-no-micro-ondas-600x600.jpg\" \/><\/a><\/div><div class=\"ultp-block-content\"><div class=\"ultp-category-grid ultp-category-classic ultp-category-aboveTitle\"><div class=\"ultp-category-in\"><a class=\"ultp-cat-curiosidades\" href=\"https:\/\/cozinhadave.com\/da\/kategori\/kuriositeter\/\">KURIOSITETER<\/a><\/div><\/div><h3 class=\"ultp-block-title\"><a href=\"https:\/\/cozinhadave.com\/da\/como-fazer-para-cozinhar-a-vapor-no-micro-ondas\/\">Hvordan dampkoger man i mikrob\u00f8lgeovnen?<\/a><\/h3><div class=\"ultp-block-excerpt\"><p>como fazer para cozinhar a vapor no micro-ondas? Precisa cozinhar&nbsp;legumes, mas est\u00e1 sem tempo para usar o fog\u00e3o? Eu sei como voc\u00ea se sente, tamb\u00e9m j\u00e1 me encontrei nessa situa\u00e7\u00e3o v\u00e1rias vezes. Felizmente, descobri que \u00e9 poss\u00edvel&nbsp;cozinhar a vapor&nbsp;no&nbsp;micro-ondas&nbsp;de maneira&hellip;<\/p>\n<\/div><div class=\"ultp-block-readmore\"><a aria-label=\"Hvordan dampkoger man i mikrob\u00f8lgeovnen?\" href=\"https:\/\/cozinhadave.com\/da\/como-fazer-para-cozinhar-a-vapor-no-micro-ondas\/\">F\u00e5 mere at vide<svg xmlns=\"http:\/\/www.w3.org\/2000\/svg\" fill=\"none\" viewbox=\"0 0 24 24\">\n  <path stroke=\"currentColor\" stroke-linecap=\"round\" stroke-linejoin=\"round\" stroke-width=\"1.5\" d=\"m12 20.5 8.5-8.5m0 0L12 3.5m8.5 8.5h-17\"\/>\n<\/svg>\n<\/a><\/div><\/div><\/div><\/div><div class=\"ultp-block-item ultp-block-media post-id-18766\"><div class=\"ultp-block-content-wrap\"><div class=\"ultp-block-image ultp-block-image-opacity\"><a href=\"https:\/\/cozinhadave.com\/da\/segredos-da-historia-do-chocolate\/\"><img decoding=\"async\"  alt=\"Opdag chokoladehistoriens hemmeligheder: fakta og afsl\u00f8ringer\"  src=\"https:\/\/cozinhadave.com\/wp-content\/uploads\/2023\/08\/Descobrindo-os-segredos-da-historia-do-chocolate-fatos-e-revelacoes-600x600.jpg\" \/><\/a><\/div><div class=\"ultp-block-content\"><div class=\"ultp-category-grid ultp-category-classic ultp-category-aboveTitle\"><div class=\"ultp-category-in\"><a class=\"ultp-cat-curiosidades\" href=\"https:\/\/cozinhadave.com\/da\/kategori\/kuriositeter\/\">KURIOSITETER<\/a><\/div><\/div><h3 class=\"ultp-block-title\"><a href=\"https:\/\/cozinhadave.com\/da\/segredos-da-historia-do-chocolate\/\">Opdag chokoladehistoriens hemmeligheder: fakta og afsl\u00f8ringer<\/a><\/h3><div class=\"ultp-block-excerpt\"><p>Vi elsker chokolade, g\u00f8r vi ikke? Men har du nogensinde undret dig over historien og hemmelighederne bag denne l\u00e6kre s\u00f8de sag? Tag med p\u00e5 denne rejse, som vil f\u00f8re dig fra kakaoens oprindelse til udviklingen af...<\/p>\n<\/div><div class=\"ultp-block-readmore\"><a aria-label=\"Opdag chokoladehistoriens hemmeligheder: fakta og afsl\u00f8ringer\" href=\"https:\/\/cozinhadave.com\/da\/segredos-da-historia-do-chocolate\/\">F\u00e5 mere at vide<svg xmlns=\"http:\/\/www.w3.org\/2000\/svg\" fill=\"none\" viewbox=\"0 0 24 24\">\n  <path stroke=\"currentColor\" stroke-linecap=\"round\" stroke-linejoin=\"round\" stroke-width=\"1.5\" d=\"m12 20.5 8.5-8.5m0 0L12 3.5m8.5 8.5h-17\"\/>\n<\/svg>\n<\/a><\/div><\/div><\/div><\/div><div class=\"ultp-block-item ultp-block-media post-id-16057\"><div class=\"ultp-block-content-wrap\"><div class=\"ultp-block-image ultp-block-image-opacity\"><a href=\"https:\/\/cozinhadave.com\/da\/como-nao-explodir-ovo-no-microondas\/\"><img decoding=\"async\"  alt=\"S\u00e5dan eksploderer \u00e6g ikke i mikrob\u00f8lgeovnen\"  src=\"https:\/\/cozinhadave.com\/wp-content\/uploads\/2023\/08\/Como-nao-explodir-ovo-no-microondas-600x600.jpg\" \/><\/a><\/div><div class=\"ultp-block-content\"><div class=\"ultp-category-grid ultp-category-classic ultp-category-aboveTitle\"><div class=\"ultp-category-in\"><a class=\"ultp-cat-curiosidades\" href=\"https:\/\/cozinhadave.com\/da\/kategori\/kuriositeter\/\">KURIOSITETER<\/a><\/div><\/div><h3 class=\"ultp-block-title\"><a href=\"https:\/\/cozinhadave.com\/da\/como-nao-explodir-ovo-no-microondas\/\">Hvordan man ikke eksploderer \u00e6g i mikrob\u00f8lgeovnen?<\/a><\/h3><div class=\"ultp-block-excerpt\"><p>Como n\u00e3o explodir ovo no microondas? Cozinhar ovos no microondas&nbsp;pode ser uma tarefa desafiadora &#8211; um movimento errado e o&nbsp;ovo explode, deixando um enorme&nbsp;desastre para limpar. Como algu\u00e9m que j\u00e1 enfrentou esse dilema, eu entendo a frustra\u00e7\u00e3o. Atrav\u00e9s de minha&hellip;<\/p>\n<\/div><div class=\"ultp-block-readmore\"><a aria-label=\"Hvordan man ikke eksploderer \u00e6g i mikrob\u00f8lgeovnen?\" href=\"https:\/\/cozinhadave.com\/da\/como-nao-explodir-ovo-no-microondas\/\">F\u00e5 mere at vide<svg xmlns=\"http:\/\/www.w3.org\/2000\/svg\" fill=\"none\" viewbox=\"0 0 24 24\">\n  <path stroke=\"currentColor\" stroke-linecap=\"round\" stroke-linejoin=\"round\" stroke-width=\"1.5\" d=\"m12 20.5 8.5-8.5m0 0L12 3.5m8.5 8.5h-17\"\/>\n<\/svg>\n<\/a><\/div><\/div><\/div><\/div><div class=\"ultp-block-item ultp-block-media post-id-19878\"><div class=\"ultp-block-content-wrap\"><div class=\"ultp-block-image ultp-block-image-opacity\"><a href=\"https:\/\/cozinhadave.com\/da\/quais-sao-os-beneficios-da-ameixa-seca\/\"><img decoding=\"async\"  alt=\"Opdag fordelene ved svesker\"  src=\"https:\/\/cozinhadave.com\/wp-content\/uploads\/2023\/09\/Descubra-quais-sao-os-beneficios-da-ameixa-seca-1-600x585.jpg\" \/><\/a><\/div><div class=\"ultp-block-content\"><div class=\"ultp-category-grid ultp-category-classic ultp-category-aboveTitle\"><div class=\"ultp-category-in\"><a class=\"ultp-cat-curiosidades\" href=\"https:\/\/cozinhadave.com\/da\/kategori\/kuriositeter\/\">KURIOSITETER<\/a><\/div><\/div><h3 class=\"ultp-block-title\"><a href=\"https:\/\/cozinhadave.com\/da\/quais-sao-os-beneficios-da-ameixa-seca\/\">Opdag fordelene ved svesker<\/a><\/h3><div class=\"ultp-block-excerpt\"><p>A ameixa seca \u00e9 um alimento muito nutritivo e repleto de benef\u00edcios para a sa\u00fade. Al\u00e9m de ser deliciosa e vers\u00e1til, ela pode trazer in\u00fameras vantagens para o nosso organismo. Descubra quais s\u00e3o os benef\u00edcios da ameixa seca Neste artigo&hellip;<\/p>\n<\/div><div class=\"ultp-block-readmore\"><a aria-label=\"Opdag fordelene ved svesker\" href=\"https:\/\/cozinhadave.com\/da\/quais-sao-os-beneficios-da-ameixa-seca\/\">F\u00e5 mere at vide<svg xmlns=\"http:\/\/www.w3.org\/2000\/svg\" fill=\"none\" viewbox=\"0 0 24 24\">\n  <path stroke=\"currentColor\" stroke-linecap=\"round\" stroke-linejoin=\"round\" stroke-width=\"1.5\" d=\"m12 20.5 8.5-8.5m0 0L12 3.5m8.5 8.5h-17\"\/>\n<\/svg>\n<\/a><\/div><\/div><\/div><\/div><div class=\"ultp-block-item ultp-block-media post-id-20443\"><div class=\"ultp-block-content-wrap\"><div class=\"ultp-block-image ultp-block-image-opacity\"><a href=\"https:\/\/cozinhadave.com\/da\/forskellen-mellem-sorte-og-rode-blommer\/\"><img decoding=\"async\"  alt=\"Forskel p\u00e5 sorte og r\u00f8de blommer\"  src=\"https:\/\/cozinhadave.com\/wp-content\/uploads\/2023\/09\/diferenca-entre-ameixa-preta-e-ameixa-vermelha-600x600.jpg\" \/><\/a><\/div><div class=\"ultp-block-content\"><div class=\"ultp-category-grid ultp-category-classic ultp-category-aboveTitle\"><div class=\"ultp-category-in\"><a class=\"ultp-cat-curiosidades\" href=\"https:\/\/cozinhadave.com\/da\/kategori\/kuriositeter\/\">KURIOSITETER<\/a><\/div><\/div><h3 class=\"ultp-block-title\"><a href=\"https:\/\/cozinhadave.com\/da\/forskellen-mellem-sorte-og-rode-blommer\/\">Forskellen mellem sort og r\u00f8d blomme: Find ud af det nu!<\/a><\/h3><div class=\"ultp-block-excerpt\"><p>Voc\u00ea j\u00e1 se perguntou qual \u00e9 a diferen\u00e7a entre a ameixa preta e a ameixa vermelha? Eu tamb\u00e9m! \u00c9 por isso que fiz uma pesquisa completa para descobrir quais s\u00e3o as caracter\u00edsticas distintas de cada uma e o que as&hellip;<\/p>\n<\/div><div class=\"ultp-block-readmore\"><a aria-label=\"Forskellen mellem sort og r\u00f8d blomme: Find ud af det nu!\" href=\"https:\/\/cozinhadave.com\/da\/forskellen-mellem-sorte-og-rode-blommer\/\">F\u00e5 mere at vide<svg xmlns=\"http:\/\/www.w3.org\/2000\/svg\" fill=\"none\" viewbox=\"0 0 24 24\">\n  <path stroke=\"currentColor\" stroke-linecap=\"round\" stroke-linejoin=\"round\" stroke-width=\"1.5\" d=\"m12 20.5 8.5-8.5m0 0L12 3.5m8.5 8.5h-17\"\/>\n<\/svg>\n<\/a><\/div><\/div><\/div><\/div><div class=\"ultp-block-item ultp-block-media post-id-16045\"><div class=\"ultp-block-content-wrap\"><div class=\"ultp-block-image ultp-block-image-opacity\"><a href=\"https:\/\/cozinhadave.com\/da\/e-saudavel-usar-micro-ondas\/\"><img decoding=\"async\"  alt=\"Er det sundt at bruge mikrob\u00f8lger?\"  src=\"https:\/\/cozinhadave.com\/wp-content\/uploads\/2023\/08\/E-saudavel-usar-micro-ondas-1-600x600.jpg\" \/><\/a><\/div><div class=\"ultp-block-content\"><div class=\"ultp-category-grid ultp-category-classic ultp-category-aboveTitle\"><div class=\"ultp-category-in\"><a class=\"ultp-cat-curiosidades\" href=\"https:\/\/cozinhadave.com\/da\/kategori\/kuriositeter\/\">KURIOSITETER<\/a><\/div><\/div><h3 class=\"ultp-block-title\"><a href=\"https:\/\/cozinhadave.com\/da\/e-saudavel-usar-micro-ondas\/\">Er det sundt at bruge en mikrob\u00f8lgeovn?<\/a><\/h3><div class=\"ultp-block-excerpt\"><p>\u00c9 saud\u00e1vel usar micro-ondas? O&nbsp;uso do micro-ondas&nbsp;\u00e9 uma pr\u00e1tica comum que gera d\u00favidas: esse eletrodom\u00e9stico \u00e9 realmente seguro e saud\u00e1vel para aquecer alimentos? As&nbsp;ondas eletromagn\u00e9ticas&nbsp;produzidas pelo micro-ondas t\u00eam a fun\u00e7\u00e3o de&nbsp;agitar as mol\u00e9culas de \u00e1gua&nbsp;dos alimentos,&nbsp;gerando calor&nbsp;que os esquenta. Neste&hellip;<\/p>\n<\/div><div class=\"ultp-block-readmore\"><a aria-label=\"Er det sundt at bruge en mikrob\u00f8lgeovn?\" href=\"https:\/\/cozinhadave.com\/da\/e-saudavel-usar-micro-ondas\/\">F\u00e5 mere at vide<svg xmlns=\"http:\/\/www.w3.org\/2000\/svg\" fill=\"none\" viewbox=\"0 0 24 24\">\n  <path stroke=\"currentColor\" stroke-linecap=\"round\" stroke-linejoin=\"round\" stroke-width=\"1.5\" d=\"m12 20.5 8.5-8.5m0 0L12 3.5m8.5 8.5h-17\"\/>\n<\/svg>\n<\/a><\/div><\/div><\/div><\/div><div class=\"ultp-block-item ultp-block-media post-id-20011\"><div class=\"ultp-block-content-wrap\"><div class=\"ultp-block-image ultp-block-image-opacity\"><a href=\"https:\/\/cozinhadave.com\/da\/qual-o-nome-da-uva-roxa-com-caroco\/\"><img decoding=\"async\"  alt=\"Hvad er navnet p\u00e5 den lilla drue?\"  src=\"https:\/\/cozinhadave.com\/wp-content\/uploads\/2023\/09\/qual-o-nome-da-uva-roxa-com-caroco-600x600.jpg\" \/><\/a><\/div><div class=\"ultp-block-content\"><div class=\"ultp-category-grid ultp-category-classic ultp-category-aboveTitle\"><div class=\"ultp-category-in\"><a class=\"ultp-cat-curiosidades\" href=\"https:\/\/cozinhadave.com\/da\/kategori\/kuriositeter\/\">KURIOSITETER<\/a><\/div><\/div><h3 class=\"ultp-block-title\"><a href=\"https:\/\/cozinhadave.com\/da\/qual-o-nome-da-uva-roxa-com-caroco\/\">Hvad er navnet p\u00e5 den lilla drue? Find ud af det nu!<\/a><\/h3><div class=\"ultp-block-excerpt\"><p>Ol\u00e1, leitores! Voc\u00eas j\u00e1 devem ter se deparado com uvas roxas com caro\u00e7o em supermercados, feiras e at\u00e9 mesmo na mesa de algum conhecido. \u00c9 uma uva deliciosa e diferente, mas muitos se perguntam: qual o nome da uva roxa&hellip;<\/p>\n<\/div><div class=\"ultp-block-readmore\"><a aria-label=\"Hvad er navnet p\u00e5 den lilla drue? Find ud af det nu!\" href=\"https:\/\/cozinhadave.com\/da\/qual-o-nome-da-uva-roxa-com-caroco\/\">F\u00e5 mere at vide<svg xmlns=\"http:\/\/www.w3.org\/2000\/svg\" fill=\"none\" viewbox=\"0 0 24 24\">\n  <path stroke=\"currentColor\" stroke-linecap=\"round\" stroke-linejoin=\"round\" stroke-width=\"1.5\" d=\"m12 20.5 8.5-8.5m0 0L12 3.5m8.5 8.5h-17\"\/>\n<\/svg>\n<\/a><\/div><\/div><\/div><\/div><div class=\"ultp-block-item ultp-block-media post-id-20464\"><div class=\"ultp-block-content-wrap\"><div class=\"ultp-block-image ultp-block-image-opacity\"><a href=\"https:\/\/cozinhadave.com\/da\/kan-du-spise-skindet-af-grevens-frugt\/\"><img decoding=\"async\"  alt=\"du kan spise skr\u00e6llen af conde-frugten\"  src=\"https:\/\/cozinhadave.com\/wp-content\/uploads\/2023\/09\/pode-comer-a-casca-da-fruta-do-conde-600x600.jpg\" \/><\/a><\/div><div class=\"ultp-block-content\"><div class=\"ultp-category-grid ultp-category-classic ultp-category-aboveTitle\"><div class=\"ultp-category-in\"><a class=\"ultp-cat-curiosidades\" href=\"https:\/\/cozinhadave.com\/da\/kategori\/kuriositeter\/\">KURIOSITETER<\/a><\/div><\/div><h3 class=\"ultp-block-title\"><a href=\"https:\/\/cozinhadave.com\/da\/kan-du-spise-skindet-af-grevens-frugt\/\">Kan man spise skr\u00e6llen af conde-frugten? Lad os finde ud af det!<\/a><\/h3><div class=\"ultp-block-excerpt\"><p>Hej, alle sammen! Hvis du er ligesom mig, elsker du at pr\u00f8ve nye ting i k\u00f8kkenet. Og n\u00e5r det drejer sig om eksotiske frugter, er conde-frugten en af mine favoritter. Men kan man spise skr\u00e6llen af denne velsmagende frugt? Lad os unders\u00f8ge det! Du kan spise...<\/p>\n<\/div><div class=\"ultp-block-readmore\"><a aria-label=\"Kan man spise skr\u00e6llen af conde-frugten? Lad os finde ud af det!\" href=\"https:\/\/cozinhadave.com\/da\/kan-du-spise-skindet-af-grevens-frugt\/\">F\u00e5 mere at vide<svg xmlns=\"http:\/\/www.w3.org\/2000\/svg\" fill=\"none\" viewbox=\"0 0 24 24\">\n  <path stroke=\"currentColor\" stroke-linecap=\"round\" stroke-linejoin=\"round\" stroke-width=\"1.5\" d=\"m12 20.5 8.5-8.5m0 0L12 3.5m8.5 8.5h-17\"\/>\n<\/svg>\n<\/a><\/div><\/div><\/div><\/div><div class=\"ultp-block-item ultp-block-media post-id-20127\"><div class=\"ultp-block-content-wrap\"><div class=\"ultp-block-image ultp-block-image-opacity\"><a href=\"https:\/\/cozinhadave.com\/da\/hvad-er-fordelene-ved-blommebark\/\"><img decoding=\"async\"  alt=\"Blommeskindets egenskaber\"  src=\"https:\/\/cozinhadave.com\/wp-content\/uploads\/2023\/09\/propriedades-da-casca-de-ameixa-600x600.jpg\" \/><\/a><\/div><div class=\"ultp-block-content\"><div class=\"ultp-category-grid ultp-category-classic ultp-category-aboveTitle\"><div class=\"ultp-category-in\"><a class=\"ultp-cat-curiosidades\" href=\"https:\/\/cozinhadave.com\/da\/kategori\/kuriositeter\/\">KURIOSITETER<\/a><\/div><\/div><h3 class=\"ultp-block-title\"><a href=\"https:\/\/cozinhadave.com\/da\/hvad-er-fordelene-ved-blommebark\/\">Opdag fordelene ved blommehud<\/a><\/h3><div class=\"ultp-block-excerpt\"><p>Bem-vindos a mais um artigo informativo e divertido da nossa equipe! Hoje, vamos falar sobre um ingrediente surpreendente que pode trazer muitos benef\u00edcios \u00e0 nossa sa\u00fade: a casca de ameixa. Descubra quais s\u00e3o os benef\u00edcios da casca de ameixa conosco!&hellip;<\/p>\n<\/div><div class=\"ultp-block-readmore\"><a aria-label=\"Opdag fordelene ved blommehud\" href=\"https:\/\/cozinhadave.com\/da\/hvad-er-fordelene-ved-blommebark\/\">F\u00e5 mere at vide<svg xmlns=\"http:\/\/www.w3.org\/2000\/svg\" fill=\"none\" viewbox=\"0 0 24 24\">\n  <path stroke=\"currentColor\" stroke-linecap=\"round\" stroke-linejoin=\"round\" stroke-width=\"1.5\" d=\"m12 20.5 8.5-8.5m0 0L12 3.5m8.5 8.5h-17\"\/>\n<\/svg>\n<\/a><\/div><\/div><\/div><\/div><div class=\"ultp-block-item ultp-block-media post-id-17445\"><div class=\"ultp-block-content-wrap\"><div class=\"ultp-block-image ultp-block-image-opacity\"><a href=\"https:\/\/cozinhadave.com\/da\/posso-colocar-marmita-de-aluminio-na-airfryer\/\"><img decoding=\"async\"  alt=\"Kan jeg l\u00e6gge en madpakke af aluminium i airfryeren?\"  src=\"https:\/\/cozinhadave.com\/wp-content\/uploads\/2023\/09\/posso-colocar-marmita-de-aluminio-na-airfryer-1-600x585.jpg\" \/><\/a><\/div><div class=\"ultp-block-content\"><div class=\"ultp-category-grid ultp-category-classic ultp-category-aboveTitle\"><div class=\"ultp-category-in\"><a class=\"ultp-cat-curiosidades\" href=\"https:\/\/cozinhadave.com\/da\/kategori\/kuriositeter\/\">KURIOSITETER<\/a><\/div><\/div><h3 class=\"ultp-block-title\"><a href=\"https:\/\/cozinhadave.com\/da\/posso-colocar-marmita-de-aluminio-na-airfryer\/\">Kan jeg l\u00e6gge en madpakke af aluminium i Airfryeren? Find ud af det her!<\/a><\/h3><div class=\"ultp-block-excerpt\"><p>Ah, a Airfryer! Quem tem sabe o qu\u00e3o vers\u00e1til ela pode ser na cozinha. Mas, e as marmitas de alum\u00ednio? Ser\u00e1 que \u00e9 seguro us\u00e1-las na Airfryer? Eu sei que voc\u00ea est\u00e1 curioso para saber a resposta. E eu, como&hellip;<\/p>\n<\/div><div class=\"ultp-block-readmore\"><a aria-label=\"Kan jeg l\u00e6gge en madpakke af aluminium i Airfryeren? Find ud af det her!\" href=\"https:\/\/cozinhadave.com\/da\/posso-colocar-marmita-de-aluminio-na-airfryer\/\">F\u00e5 mere at vide<svg xmlns=\"http:\/\/www.w3.org\/2000\/svg\" fill=\"none\" viewbox=\"0 0 24 24\">\n  <path stroke=\"currentColor\" stroke-linecap=\"round\" stroke-linejoin=\"round\" stroke-width=\"1.5\" d=\"m12 20.5 8.5-8.5m0 0L12 3.5m8.5 8.5h-17\"\/>\n<\/svg>\n<\/a><\/div><\/div><\/div><\/div><\/div><div class=\"ultp-loadmore\"><span class=\"ultp-loadmore-action\" tabindex=\"0\" role=\"button\" data-pages=\"13\" data-pagenum=\"1\"  data-expost=\"\" data-blockid=\"90be0d\" data-blockname=\"ultimate-post_post-list-3\" data-postid=\"21097\" data-selfpostid=\"yes\">Se mere <span class=\"ultp-spin\"><svg xmlns=\"http:\/\/www.w3.org\/2000\/svg\" fill=\"none\" viewbox=\"0 0 24 24\">\n  <path stroke=\"currentColor\" stroke-linecap=\"round\" stroke-linejoin=\"round\" stroke-width=\"1.5\" d=\"M21 12a9 9 0 0 1-17 4.127M3 12a9 9 0 0 1 17-4.127M20 3v5h-5M4 21v-5h5\"\/>\n<\/svg>\n<\/span><\/span><\/div><\/div><div class=\"pagination-block-html\" aria-hidden=\"true\" style=\"display: none;\"><\/div><\/div><\/div>\n\n\n\n<div class=\"wp-block-uagb-container uagb-block-179d179f\"><\/div>\n<\/div><\/div>","protected":false},"excerpt":{"rendered":"<p>CURIOSIDADES Aqui, voc\u00ea encontrar\u00e1 uma cole\u00e7\u00e3o fascinante de curiosidades intrigantes e surpreendentes relacionadas ao mundo da gastronomia. Desde fatos hist\u00f3ricos sobre pratos ic\u00f4nicos at\u00e9 segredos pouco conhecidos sobre ingredientes comuns, cada artigo \u00e9 uma viagem emocionante pelo universo da culin\u00e1ria. Prepare-se para se encantar e se inspirar com as curiosidades que revelam os bastidores e&hellip;&nbsp;<\/p>\n<div class=\"read-more-wrapper\"><a href=\"https:\/\/cozinhadave.com\/da\/kuriositeter\/\" class=\"button button-secondary\" rel=\"bookmark\">L\u00e6s mere &quot;<span class=\"screen-reader-text\">KURIOSITETER<\/span><\/a><\/div>","protected":false},"author":10,"featured_media":0,"parent":0,"menu_order":0,"comment_status":"closed","ping_status":"closed","template":"","meta":{"_uag_custom_page_level_css":"","wprm-recipe-roundup-name":"","wprm-recipe-roundup-description":"","neve_meta_sidebar":"","neve_meta_container":"","neve_meta_enable_content_width":"","neve_meta_content_width":0,"neve_meta_title_alignment":"","neve_meta_author_avatar":"","neve_post_elements_order":"","neve_meta_disable_header":"","neve_meta_disable_footer":"","neve_meta_disable_title":"","neve_meta_reading_time":"","footnotes":""},"class_list":["post-21097","page","type-page","status-publish","hentry"],"uagb_featured_image_src":{"full":false,"thumbnail":false,"medium":false,"medium_large":false,"large":false,"1536x1536":false,"2048x2048":false,"trp-custom-language-flag":false,"ultp_layout_landscape_large":false,"ultp_layout_landscape":false,"ultp_layout_portrait":false,"ultp_layout_square":false,"wprm-metadata-1_1":false,"wprm-metadata-4_3":false,"wprm-metadata-16_9":false,"neve-blog":false},"uagb_author_info":{"display_name":"Paulo RIbeiro","author_link":"https:\/\/cozinhadave.com\/da\/author\/paulomiguelribeirogmail-com\/"},"uagb_comment_info":0,"uagb_excerpt":"CURIOSIDADES Aqui, voc\u00ea encontrar\u00e1 uma cole\u00e7\u00e3o fascinante de curiosidades intrigantes e surpreendentes relacionadas ao mundo da gastronomia. Desde fatos hist\u00f3ricos sobre pratos ic\u00f4nicos at\u00e9 segredos pouco conhecidos sobre ingredientes comuns, cada artigo \u00e9 uma viagem emocionante pelo universo da culin\u00e1ria. Prepare-se para se encantar e se inspirar com as curiosidades que revelam os bastidores e&hellip;&nbsp;Ler&hellip;","_links":{"self":[{"href":"https:\/\/cozinhadave.com\/da\/wp-json\/wp\/v2\/pages\/21097","targetHints":{"allow":["GET"]}}],"collection":[{"href":"https:\/\/cozinhadave.com\/da\/wp-json\/wp\/v2\/pages"}],"about":[{"href":"https:\/\/cozinhadave.com\/da\/wp-json\/wp\/v2\/types\/page"}],"author":[{"embeddable":true,"href":"https:\/\/cozinhadave.com\/da\/wp-json\/wp\/v2\/users\/10"}],"replies":[{"embeddable":true,"href":"https:\/\/cozinhadave.com\/da\/wp-json\/wp\/v2\/comments?post=21097"}],"version-history":[{"count":0,"href":"https:\/\/cozinhadave.com\/da\/wp-json\/wp\/v2\/pages\/21097\/revisions"}],"wp:attachment":[{"href":"https:\/\/cozinhadave.com\/da\/wp-json\/wp\/v2\/media?parent=21097"}],"curies":[{"name":"wp","href":"https:\/\/api.w.org\/{rel}","templated":true}]}}